{"id":11265,"date":"2024-03-27T12:22:36","date_gmt":"2024-03-27T12:22:36","guid":{"rendered":"https:\/\/www.gwicgroup.com\/?page_id=11265"},"modified":"2024-12-16T11:19:42","modified_gmt":"2024-12-16T11:19:42","slug":"proyectos","status":"publish","type":"page","link":"https:\/\/www.gwicgroup.com\/es\/proyectos\/","title":{"rendered":"Proyectos"},"content":{"rendered":"\t\t<div data-elementor-type=\"wp-page\" data-elementor-id=\"11265\" class=\"elementor elementor-11265 elementor-3559\" data-elementor-post-type=\"page\">\n\t\t\t\t<div class=\"elementor-element elementor-element-73f85be1 e-con-full e-flex wpr-particle-no wpr-jarallax-no wpr-parallax-no wpr-sticky-section-no wpr-equal-height-no e-con e-parent\" data-id=\"73f85be1\" data-element_type=\"container\" data-e-type=\"container\" data-settings=\"{&quot;background_background&quot;:&quot;classic&quot;}\">\n\t\t<div class=\"elementor-element elementor-element-754287b e-flex e-con-boxed wpr-particle-no wpr-jarallax-no wpr-parallax-no wpr-sticky-section-no wpr-equal-height-no e-con e-child\" data-id=\"754287b\" data-element_type=\"container\" data-e-type=\"container\" data-settings=\"{&quot;background_background&quot;:&quot;classic&quot;}\">\n\t\t\t\t\t<div class=\"e-con-inner\">\n\t\t<div class=\"elementor-element elementor-element-5d9afdb e-con-full e-flex wpr-particle-no wpr-jarallax-no wpr-parallax-no wpr-sticky-section-no wpr-equal-height-no e-con e-child\" data-id=\"5d9afdb\" data-element_type=\"container\" data-e-type=\"container\">\n\t\t\t\t<div class=\"elementor-element elementor-element-512564f animated-fast elementor-invisible elementor-widget elementor-widget-heading\" data-id=\"512564f\" data-element_type=\"widget\" data-e-type=\"widget\" data-settings=\"{&quot;_animation&quot;:&quot;fadeInLeft&quot;,&quot;_animation_delay&quot;:300}\" data-widget_type=\"heading.default\">\n\t\t\t\t\t<h1 class=\"elementor-heading-title elementor-size-default\">Proyectos<\/h1>\t\t\t\t<\/div>\n\t\t\t\t<\/div>\n\t\t<div class=\"elementor-element elementor-element-082ff20 e-con-full e-flex wpr-particle-no wpr-jarallax-no wpr-parallax-no wpr-sticky-section-no wpr-equal-height-no e-con e-child\" data-id=\"082ff20\" data-element_type=\"container\" data-e-type=\"container\">\n\t\t\t\t<div class=\"elementor-element elementor-element-36c13cd animated-fast elementor-widget__width-initial elementor-invisible elementor-widget elementor-widget-text-editor\" data-id=\"36c13cd\" data-element_type=\"widget\" data-e-type=\"widget\" data-settings=\"{&quot;_animation&quot;:&quot;fadeIn&quot;,&quot;_animation_delay&quot;:500}\" data-widget_type=\"text-editor.default\">\n\t\t\t\t\t\t\t\t\t<p>GWIC pretende consolidar su presencia en los pa\u00edses donde est\u00e1 ubicada e invertir en expandirse a nuevos destinos, en el Sector de la Construcci\u00f3n, y ser reconocida internacionalmente como una empresa de referencia<\/p>\n\t\t\t\t\t\t\t\t<\/div>\n\t\t\t\t<\/div>\n\t\t\t\t\t<\/div>\n\t\t\t\t<\/div>\n\t\t\t\t<\/div>\n\t\t<div class=\"elementor-element elementor-element-9022ee9 e-con-full e-flex wpr-particle-no wpr-jarallax-no wpr-parallax-no wpr-sticky-section-no wpr-equal-height-no elementor-invisible e-con e-parent\" data-id=\"9022ee9\" data-element_type=\"container\" data-e-type=\"container\" data-settings=\"{&quot;animation&quot;:&quot;fadeIn&quot;}\">\n\t\t\t\t<div class=\"elementor-element elementor-element-576ac3e elementor-widget elementor-widget-taxonomy-filter\" data-id=\"576ac3e\" data-element_type=\"widget\" data-e-type=\"widget\" data-settings=\"{&quot;selected_element&quot;:&quot;5b08ae2&quot;,&quot;taxonomy&quot;:&quot;category&quot;,&quot;item_alignment_horizontal&quot;:&quot;center&quot;,&quot;horizontal_scroll&quot;:&quot;disable&quot;}\" data-widget_type=\"taxonomy-filter.default\">\n\t\t\t\t\t\t\t<search class=\"e-filter\" role=\"search\" data-base-url=\"https:\/\/www.gwicgroup.com\/es\/\" data-page-num=\"1\">\n\t\t\t\t\t\t\t<button class=\"e-filter-item\" data-filter=\"edificios-es\" aria-pressed=\"false\">Edificios<\/button>\n\t\t\t\t\t\t\t<button class=\"e-filter-item\" data-filter=\"infraestructura\" aria-pressed=\"false\">Infraestructura<\/button>\n\t\t\t\n\t\t\t\t\t\t\t\t\t<button class=\"e-filter-item\" data-filter=\"__all\" aria-pressed=\"true\">\n\t\t\t\tTodos \t\t\t<\/button>\n\t\t\t\t\t<\/search>\n\t\t\t\t\t\t<\/div>\n\t\t\t\t<div class=\"elementor-element elementor-element-a641265 elementor-widget elementor-widget-spacer\" data-id=\"a641265\" data-element_type=\"widget\" data-e-type=\"widget\" data-widget_type=\"spacer.default\">\n\t\t\t\t\t\t\t<div class=\"elementor-spacer\">\n\t\t\t<div class=\"elementor-spacer-inner\"><\/div>\n\t\t<\/div>\n\t\t\t\t\t\t<\/div>\n\t\t\t\t<div class=\"elementor-element elementor-element-1a8979b elementor-widget-mobile__width-inherit elementor-widget elementor-widget-taxonomy-filter\" data-id=\"1a8979b\" data-element_type=\"widget\" data-e-type=\"widget\" data-settings=\"{&quot;selected_element&quot;:&quot;5b08ae2&quot;,&quot;taxonomy&quot;:&quot;post_tag&quot;,&quot;item_alignment_horizontal&quot;:&quot;center&quot;,&quot;horizontal_scroll&quot;:&quot;disable&quot;}\" data-widget_type=\"taxonomy-filter.default\">\n\t\t\t\t\t\t\t<search class=\"e-filter\" role=\"search\" data-base-url=\"https:\/\/www.gwicgroup.com\/es\/\" data-page-num=\"1\">\n\t\t\t\t\t\t\t<button class=\"e-filter-item\" data-filter=\"angola-es\" aria-pressed=\"false\">Angola<\/button>\n\t\t\t\t\t\t\t<button class=\"e-filter-item\" data-filter=\"argelia-es\" aria-pressed=\"false\">Argelia<\/button>\n\t\t\t\t\t\t\t<button class=\"e-filter-item\" data-filter=\"brasil-es\" aria-pressed=\"false\">Brasil<\/button>\n\t\t\t\t\t\t\t<button class=\"e-filter-item\" data-filter=\"costa-rica-es\" aria-pressed=\"false\">Costa Rica<\/button>\n\t\t\t\t\t\t\t<button class=\"e-filter-item\" data-filter=\"ecuador-es\" aria-pressed=\"false\">Ecuador<\/button>\n\t\t\t\t\t\t\t<button class=\"e-filter-item\" data-filter=\"mozambique-es\" aria-pressed=\"false\">Mozambique<\/button>\n\t\t\t\t\t\t\t<button class=\"e-filter-item\" data-filter=\"portugal-es\" aria-pressed=\"false\">Portugal<\/button>\n\t\t\t\t\t\t\t<button class=\"e-filter-item\" data-filter=\"sao-tome-y-principe\" aria-pressed=\"false\">S\u00e3o Tom\u00e9 y Pr\u00edncipe<\/button>\n\t\t\t\n\t\t\t\t\t\t\t\t<\/search>\n\t\t\t\t\t\t<\/div>\n\t\t\t\t<div class=\"elementor-element elementor-element-5b08ae2 elementor-grid-4 elementor-grid-tablet-2 elementor-grid-mobile-1 elementor-widget elementor-widget-loop-grid\" data-id=\"5b08ae2\" data-element_type=\"widget\" data-e-type=\"widget\" data-settings=\"{&quot;template_id&quot;:8256,&quot;row_gap&quot;:{&quot;unit&quot;:&quot;px&quot;,&quot;size&quot;:10,&quot;sizes&quot;:[]},&quot;columns&quot;:4,&quot;_skin&quot;:&quot;post&quot;,&quot;columns_tablet&quot;:&quot;2&quot;,&quot;columns_mobile&quot;:&quot;1&quot;,&quot;edit_handle_selector&quot;:&quot;[data-elementor-type=\\&quot;loop-item\\&quot;]&quot;,&quot;row_gap_tablet&quot;:{&quot;unit&quot;:&quot;px&quot;,&quot;size&quot;:&quot;&quot;,&quot;sizes&quot;:[]},&quot;row_gap_mobile&quot;:{&quot;unit&quot;:&quot;px&quot;,&quot;size&quot;:&quot;&quot;,&quot;sizes&quot;:[]}}\" data-widget_type=\"loop-grid.post\">\n\t\t\t\t<div class=\"elementor-widget-container\">\n\t\t\t\t\t\t\t<div class=\"elementor-loop-container elementor-grid\" role=\"list\">\n\t\t<style id=\"loop-8256\">.elementor-8256 .elementor-element.elementor-element-95ae623{--display:flex;--flex-direction:column;--container-widget-width:100%;--container-widget-height:initial;--container-widget-flex-grow:0;--container-widget-align-self:initial;--flex-wrap-mobile:wrap;--justify-content:flex-end;--gap:0px 0px;--row-gap:0px;--column-gap:0px;--overflow:hidden;--margin-top:0px;--margin-bottom:0px;--margin-left:0px;--margin-right:0px;--padding-top:0px;--padding-bottom:0px;--padding-left:0px;--padding-right:0px;}.elementor-8256 .elementor-element.elementor-element-1e7a7dd{--display:flex;--min-height:150px;--justify-content:flex-end;--gap:5px 0px;--row-gap:5px;--column-gap:0px;--margin-top:-148px;--margin-bottom:0px;--margin-left:0px;--margin-right:0px;--padding-top:0px;--padding-bottom:20px;--padding-left:20px;--padding-right:20px;--z-index:250;}.elementor-8256 .elementor-element.elementor-element-1e7a7dd:not(.elementor-motion-effects-element-type-background), .elementor-8256 .elementor-element.elementor-element-1e7a7dd > .elementor-motion-effects-container > .elementor-motion-effects-layer{background-color:transparent;background-image:linear-gradient(180deg, #00000000 0%, #000000D4 100%);}.elementor-8256 .elementor-element.elementor-element-e4360dd .elementor-heading-title{font-size:22px;font-weight:400;color:#FFFFFF;}.elementor-8256 .elementor-element.elementor-element-71e76f7 .elementor-button-content-wrapper{flex-direction:row-reverse;}.elementor-8256 .elementor-element.elementor-element-71e76f7 .elementor-button{font-size:16px;font-weight:400;fill:#C0C0C0;color:#C0C0C0;background-color:#02010100;padding:0px 0px 0px 0px;}.elementor-8256 .elementor-element.elementor-element-71e76f7 .elementor-button:hover, .elementor-8256 .elementor-element.elementor-element-71e76f7 .elementor-button:focus{color:var( --e-global-color-primary );}.elementor-8256 .elementor-element.elementor-element-71e76f7 .elementor-button:hover svg, .elementor-8256 .elementor-element.elementor-element-71e76f7 .elementor-button:focus svg{fill:var( --e-global-color-primary );}<\/style>\t\t<div data-elementor-type=\"loop-item\" data-elementor-id=\"8256\" class=\"elementor elementor-8256 elementor-3464 elementor-3464 e-loop-item e-loop-item-10665 post-10665 projeto type-projeto status-publish has-post-thumbnail hentry category-edificios-es tag-costa-rica-es\" data-elementor-post-type=\"elementor_library\" data-custom-edit-handle=\"1\">\n\t\t\t<div class=\"elementor-element elementor-element-95ae623 e-flex e-con-boxed wpr-particle-no wpr-jarallax-no wpr-parallax-no wpr-sticky-section-no wpr-equal-height-no e-con e-parent\" data-id=\"95ae623\" data-element_type=\"container\" data-e-type=\"container\" data-settings=\"{&quot;animation&quot;:&quot;none&quot;}\">\n\t\t\t\t\t<div class=\"e-con-inner\">\n\t\t\t\t<div class=\"elementor-element elementor-element-b3675fd elementor-widget elementor-widget-image\" data-id=\"b3675fd\" data-element_type=\"widget\" data-e-type=\"widget\" data-widget_type=\"image.default\">\n\t\t\t\t\t\t\t\t\t\t\t\t\t\t\t\t<a href=\"https:\/\/www.gwicgroup.com\/es\/proyectos\/proyecto-de-vivienda-en-dominical\/\">\n\t\t\t\t\t\t\t<img decoding=\"async\" src=\"https:\/\/www.gwicgroup.com\/wp-content\/uploads\/elementor\/thumbs\/PROJETO_housing_proj_4-qx91qeghqrt07nothn2ps8cwxfhyalxg4kk9cyzxt6.jpg\" title=\"Proyecto de Vivienda en Dominical &#8211; GWIC \/ Proyectos\" alt=\"Proyecto de Vivienda en Dominical - GWIC \/ Proyectos\" class=\"elementor-animation-grow\" loading=\"lazy\" \/>\t\t\t\t\t\t\t\t<\/a>\n\t\t\t\t\t\t\t\t\t\t\t\t\t\t\t<\/div>\n\t\t<div class=\"elementor-element elementor-element-1e7a7dd e-flex e-con-boxed wpr-particle-no wpr-jarallax-no wpr-parallax-no wpr-sticky-section-no wpr-equal-height-no e-con e-child\" data-id=\"1e7a7dd\" data-element_type=\"container\" data-e-type=\"container\" data-settings=\"{&quot;background_background&quot;:&quot;gradient&quot;}\">\n\t\t\t\t\t<div class=\"e-con-inner\">\n\t\t\t\t<div class=\"elementor-element elementor-element-e4360dd elementor-widget elementor-widget-heading\" data-id=\"e4360dd\" data-element_type=\"widget\" data-e-type=\"widget\" data-widget_type=\"heading.default\">\n\t\t\t\t\t<h2 class=\"elementor-heading-title elementor-size-default\">Proyecto de Vivienda en Dominical<\/h2>\t\t\t\t<\/div>\n\t\t\t\t<div data-premium-element-link=\"{&quot;type&quot;:&quot;url&quot;,&quot;link&quot;:{&quot;url&quot;:&quot;https:\\\/\\\/www.gwicgroup.com\\\/es\\\/proyectos\\\/proyecto-de-vivienda-en-dominical\\\/&quot;,&quot;is_external&quot;:&quot;&quot;,&quot;nofollow&quot;:&quot;&quot;,&quot;custom_attributes&quot;:&quot;&quot;},&quot;href&quot;:&quot;https:\\\/\\\/www.gwicgroup.com\\\/es\\\/proyectos\\\/proyecto-de-vivienda-en-dominical\\\/&quot;}\" style=\"cursor: pointer\" class=\"elementor-element elementor-element-71e76f7 elementor-align-left premium-wrapper-link-yes elementor-widget elementor-widget-button\" data-id=\"71e76f7\" data-element_type=\"widget\" data-e-type=\"widget\" data-widget_type=\"button.default\">\n\t\t\t\t\t\t\t\t\t\t<a class=\"elementor-button elementor-button-link elementor-size-sm\" href=\"https:\/\/www.gwicgroup.com\/es\/proyectos\/proyecto-de-vivienda-en-dominical\/\">\n\t\t\t\t\t\t<span class=\"elementor-button-content-wrapper\">\n\t\t\t\t\t\t<span class=\"elementor-button-icon\">\n\t\t\t\t<i aria-hidden=\"true\" class=\"jki jki-arrow-right-solid\"><\/i>\t\t\t<\/span>\n\t\t\t\t\t\t\t\t\t<span class=\"elementor-button-text\">saber m\u00e1s<\/span>\n\t\t\t\t\t<\/span>\n\t\t\t\t\t<\/a>\n\t\t\t\t\t\t\t\t<\/div>\n\t\t\t\t\t<\/div>\n\t\t\t\t<\/div>\n\t\t\t\t\t<\/div>\n\t\t\t\t<\/div>\n\t\t\t\t<\/div>\n\t\t\t\t<div data-elementor-type=\"loop-item\" data-elementor-id=\"8256\" class=\"elementor elementor-8256 elementor-3464 elementor-3464 e-loop-item e-loop-item-8093 post-8093 projeto type-projeto status-publish has-post-thumbnail hentry category-edificios-es tag-angola-es\" data-elementor-post-type=\"elementor_library\" data-custom-edit-handle=\"1\">\n\t\t\t<div class=\"elementor-element elementor-element-95ae623 e-flex e-con-boxed wpr-particle-no wpr-jarallax-no wpr-parallax-no wpr-sticky-section-no wpr-equal-height-no e-con e-parent\" data-id=\"95ae623\" data-element_type=\"container\" data-e-type=\"container\" data-settings=\"{&quot;animation&quot;:&quot;none&quot;}\">\n\t\t\t\t\t<div class=\"e-con-inner\">\n\t\t\t\t<div class=\"elementor-element elementor-element-b3675fd elementor-widget elementor-widget-image\" data-id=\"b3675fd\" data-element_type=\"widget\" data-e-type=\"widget\" data-widget_type=\"image.default\">\n\t\t\t\t\t\t\t\t\t\t\t\t\t\t\t\t<a href=\"https:\/\/www.gwicgroup.com\/es\/proyectos\/chevron-angola\/\">\n\t\t\t\t\t\t\t<img decoding=\"async\" src=\"https:\/\/www.gwicgroup.com\/wp-content\/uploads\/elementor\/thumbs\/CHEVRON-1-qx91q0cww99pdi9aryzb8tx00nfg35dh2mrz5tkuei.jpg\" title=\"Chevron Angola &#8211; GWIC \/ Proyectos\" alt=\"Chevron Angola - GWIC \/ Proyectos\" class=\"elementor-animation-grow\" loading=\"lazy\" \/>\t\t\t\t\t\t\t\t<\/a>\n\t\t\t\t\t\t\t\t\t\t\t\t\t\t\t<\/div>\n\t\t<div class=\"elementor-element elementor-element-1e7a7dd e-flex e-con-boxed wpr-particle-no wpr-jarallax-no wpr-parallax-no wpr-sticky-section-no wpr-equal-height-no e-con e-child\" data-id=\"1e7a7dd\" data-element_type=\"container\" data-e-type=\"container\" data-settings=\"{&quot;background_background&quot;:&quot;gradient&quot;}\">\n\t\t\t\t\t<div class=\"e-con-inner\">\n\t\t\t\t<div class=\"elementor-element elementor-element-e4360dd elementor-widget elementor-widget-heading\" data-id=\"e4360dd\" data-element_type=\"widget\" data-e-type=\"widget\" data-widget_type=\"heading.default\">\n\t\t\t\t\t<h2 class=\"elementor-heading-title elementor-size-default\">Chevron Angola<\/h2>\t\t\t\t<\/div>\n\t\t\t\t<div data-premium-element-link=\"{&quot;type&quot;:&quot;url&quot;,&quot;link&quot;:{&quot;url&quot;:&quot;https:\\\/\\\/www.gwicgroup.com\\\/es\\\/proyectos\\\/chevron-angola\\\/&quot;,&quot;is_external&quot;:&quot;&quot;,&quot;nofollow&quot;:&quot;&quot;,&quot;custom_attributes&quot;:&quot;&quot;},&quot;href&quot;:&quot;https:\\\/\\\/www.gwicgroup.com\\\/es\\\/proyectos\\\/chevron-angola\\\/&quot;}\" style=\"cursor: pointer\" class=\"elementor-element elementor-element-71e76f7 elementor-align-left premium-wrapper-link-yes elementor-widget elementor-widget-button\" data-id=\"71e76f7\" data-element_type=\"widget\" data-e-type=\"widget\" data-widget_type=\"button.default\">\n\t\t\t\t\t\t\t\t\t\t<a class=\"elementor-button elementor-button-link elementor-size-sm\" href=\"https:\/\/www.gwicgroup.com\/es\/proyectos\/chevron-angola\/\">\n\t\t\t\t\t\t<span class=\"elementor-button-content-wrapper\">\n\t\t\t\t\t\t<span class=\"elementor-button-icon\">\n\t\t\t\t<i aria-hidden=\"true\" class=\"jki jki-arrow-right-solid\"><\/i>\t\t\t<\/span>\n\t\t\t\t\t\t\t\t\t<span class=\"elementor-button-text\">saber m\u00e1s<\/span>\n\t\t\t\t\t<\/span>\n\t\t\t\t\t<\/a>\n\t\t\t\t\t\t\t\t<\/div>\n\t\t\t\t\t<\/div>\n\t\t\t\t<\/div>\n\t\t\t\t\t<\/div>\n\t\t\t\t<\/div>\n\t\t\t\t<\/div>\n\t\t\t\t<div data-elementor-type=\"loop-item\" data-elementor-id=\"8256\" class=\"elementor elementor-8256 elementor-3464 elementor-3464 e-loop-item e-loop-item-8311 post-8311 projeto type-projeto status-publish has-post-thumbnail hentry category-edificios-es tag-portugal-es\" data-elementor-post-type=\"elementor_library\" data-custom-edit-handle=\"1\">\n\t\t\t<div class=\"elementor-element elementor-element-95ae623 e-flex e-con-boxed wpr-particle-no wpr-jarallax-no wpr-parallax-no wpr-sticky-section-no wpr-equal-height-no e-con e-parent\" data-id=\"95ae623\" data-element_type=\"container\" data-e-type=\"container\" data-settings=\"{&quot;animation&quot;:&quot;none&quot;}\">\n\t\t\t\t\t<div class=\"e-con-inner\">\n\t\t\t\t<div class=\"elementor-element elementor-element-b3675fd elementor-widget elementor-widget-image\" data-id=\"b3675fd\" data-element_type=\"widget\" data-e-type=\"widget\" data-widget_type=\"image.default\">\n\t\t\t\t\t\t\t\t\t\t\t\t\t\t\t\t<a href=\"https:\/\/www.gwicgroup.com\/es\/proyectos\/desarrollo-habitacional-eixo-norte-sul\/\">\n\t\t\t\t\t\t\t<img decoding=\"async\" src=\"https:\/\/www.gwicgroup.com\/wp-content\/uploads\/elementor\/thumbs\/Eixo-norte-sul-1-qx91qqoe7m9qel72iacv6n9wnftq2o9yi91klkhtka.jpg\" title=\"Desarrollo Habitacional \u201cEixo Norte\/Sul\u201d &#8211; GWIC \/ Proyectos\" alt=\"Desarrollo Habitacional \u201cEixo Norte\/Sul\u201d - GWIC \/ Proyectos\" class=\"elementor-animation-grow\" loading=\"lazy\" \/>\t\t\t\t\t\t\t\t<\/a>\n\t\t\t\t\t\t\t\t\t\t\t\t\t\t\t<\/div>\n\t\t<div class=\"elementor-element elementor-element-1e7a7dd e-flex e-con-boxed wpr-particle-no wpr-jarallax-no wpr-parallax-no wpr-sticky-section-no wpr-equal-height-no e-con e-child\" data-id=\"1e7a7dd\" data-element_type=\"container\" data-e-type=\"container\" data-settings=\"{&quot;background_background&quot;:&quot;gradient&quot;}\">\n\t\t\t\t\t<div class=\"e-con-inner\">\n\t\t\t\t<div class=\"elementor-element elementor-element-e4360dd elementor-widget elementor-widget-heading\" data-id=\"e4360dd\" data-element_type=\"widget\" data-e-type=\"widget\" data-widget_type=\"heading.default\">\n\t\t\t\t\t<h2 class=\"elementor-heading-title elementor-size-default\">Conjunto Habitacional \u201cEixo Norte\/Sul\u00bb<\/h2>\t\t\t\t<\/div>\n\t\t\t\t<div data-premium-element-link=\"{&quot;type&quot;:&quot;url&quot;,&quot;link&quot;:{&quot;url&quot;:&quot;https:\\\/\\\/www.gwicgroup.com\\\/es\\\/proyectos\\\/desarrollo-habitacional-eixo-norte-sul\\\/&quot;,&quot;is_external&quot;:&quot;&quot;,&quot;nofollow&quot;:&quot;&quot;,&quot;custom_attributes&quot;:&quot;&quot;},&quot;href&quot;:&quot;https:\\\/\\\/www.gwicgroup.com\\\/es\\\/proyectos\\\/desarrollo-habitacional-eixo-norte-sul\\\/&quot;}\" style=\"cursor: pointer\" class=\"elementor-element elementor-element-71e76f7 elementor-align-left premium-wrapper-link-yes elementor-widget elementor-widget-button\" data-id=\"71e76f7\" data-element_type=\"widget\" data-e-type=\"widget\" data-widget_type=\"button.default\">\n\t\t\t\t\t\t\t\t\t\t<a class=\"elementor-button elementor-button-link elementor-size-sm\" href=\"https:\/\/www.gwicgroup.com\/es\/proyectos\/desarrollo-habitacional-eixo-norte-sul\/\">\n\t\t\t\t\t\t<span class=\"elementor-button-content-wrapper\">\n\t\t\t\t\t\t<span class=\"elementor-button-icon\">\n\t\t\t\t<i aria-hidden=\"true\" class=\"jki jki-arrow-right-solid\"><\/i>\t\t\t<\/span>\n\t\t\t\t\t\t\t\t\t<span class=\"elementor-button-text\">saber m\u00e1s<\/span>\n\t\t\t\t\t<\/span>\n\t\t\t\t\t<\/a>\n\t\t\t\t\t\t\t\t<\/div>\n\t\t\t\t\t<\/div>\n\t\t\t\t<\/div>\n\t\t\t\t\t<\/div>\n\t\t\t\t<\/div>\n\t\t\t\t<\/div>\n\t\t\t\t<div data-elementor-type=\"loop-item\" data-elementor-id=\"8256\" class=\"elementor elementor-8256 elementor-3464 elementor-3464 e-loop-item e-loop-item-10622 post-10622 projeto type-projeto status-publish has-post-thumbnail hentry category-edificios-es tag-angola-es\" data-elementor-post-type=\"elementor_library\" data-custom-edit-handle=\"1\">\n\t\t\t<div class=\"elementor-element elementor-element-95ae623 e-flex e-con-boxed wpr-particle-no wpr-jarallax-no wpr-parallax-no wpr-sticky-section-no wpr-equal-height-no e-con e-parent\" data-id=\"95ae623\" data-element_type=\"container\" data-e-type=\"container\" data-settings=\"{&quot;animation&quot;:&quot;none&quot;}\">\n\t\t\t\t\t<div class=\"e-con-inner\">\n\t\t\t\t<div class=\"elementor-element elementor-element-b3675fd elementor-widget elementor-widget-image\" data-id=\"b3675fd\" data-element_type=\"widget\" data-e-type=\"widget\" data-widget_type=\"image.default\">\n\t\t\t\t\t\t\t\t\t\t\t\t\t\t\t\t<a href=\"https:\/\/www.gwicgroup.com\/es\/proyectos\/megapolis-villa\/\">\n\t\t\t\t\t\t\t<img decoding=\"async\" src=\"https:\/\/www.gwicgroup.com\/wp-content\/uploads\/elementor\/thumbs\/Megapolis-2-qx91qrm8egb0q75pcsrhr51d8tp3addoudp22ugfe2.jpg\" title=\"Megapolis Vila &#8211; GWIC \/ Proyectos\" alt=\"Megapolis Vila - GWIC \/ Proyectos\" class=\"elementor-animation-grow\" loading=\"lazy\" \/>\t\t\t\t\t\t\t\t<\/a>\n\t\t\t\t\t\t\t\t\t\t\t\t\t\t\t<\/div>\n\t\t<div class=\"elementor-element elementor-element-1e7a7dd e-flex e-con-boxed wpr-particle-no wpr-jarallax-no wpr-parallax-no wpr-sticky-section-no wpr-equal-height-no e-con e-child\" data-id=\"1e7a7dd\" data-element_type=\"container\" data-e-type=\"container\" data-settings=\"{&quot;background_background&quot;:&quot;gradient&quot;}\">\n\t\t\t\t\t<div class=\"e-con-inner\">\n\t\t\t\t<div class=\"elementor-element elementor-element-e4360dd elementor-widget elementor-widget-heading\" data-id=\"e4360dd\" data-element_type=\"widget\" data-e-type=\"widget\" data-widget_type=\"heading.default\">\n\t\t\t\t\t<h2 class=\"elementor-heading-title elementor-size-default\">Megapolis Villa<\/h2>\t\t\t\t<\/div>\n\t\t\t\t<div data-premium-element-link=\"{&quot;type&quot;:&quot;url&quot;,&quot;link&quot;:{&quot;url&quot;:&quot;https:\\\/\\\/www.gwicgroup.com\\\/es\\\/proyectos\\\/megapolis-villa\\\/&quot;,&quot;is_external&quot;:&quot;&quot;,&quot;nofollow&quot;:&quot;&quot;,&quot;custom_attributes&quot;:&quot;&quot;},&quot;href&quot;:&quot;https:\\\/\\\/www.gwicgroup.com\\\/es\\\/proyectos\\\/megapolis-villa\\\/&quot;}\" style=\"cursor: pointer\" class=\"elementor-element elementor-element-71e76f7 elementor-align-left premium-wrapper-link-yes elementor-widget elementor-widget-button\" data-id=\"71e76f7\" data-element_type=\"widget\" data-e-type=\"widget\" data-widget_type=\"button.default\">\n\t\t\t\t\t\t\t\t\t\t<a class=\"elementor-button elementor-button-link elementor-size-sm\" href=\"https:\/\/www.gwicgroup.com\/es\/proyectos\/megapolis-villa\/\">\n\t\t\t\t\t\t<span class=\"elementor-button-content-wrapper\">\n\t\t\t\t\t\t<span class=\"elementor-button-icon\">\n\t\t\t\t<i aria-hidden=\"true\" class=\"jki jki-arrow-right-solid\"><\/i>\t\t\t<\/span>\n\t\t\t\t\t\t\t\t\t<span class=\"elementor-button-text\">saber m\u00e1s<\/span>\n\t\t\t\t\t<\/span>\n\t\t\t\t\t<\/a>\n\t\t\t\t\t\t\t\t<\/div>\n\t\t\t\t\t<\/div>\n\t\t\t\t<\/div>\n\t\t\t\t\t<\/div>\n\t\t\t\t<\/div>\n\t\t\t\t<\/div>\n\t\t\t\t<div data-elementor-type=\"loop-item\" data-elementor-id=\"8256\" class=\"elementor elementor-8256 elementor-3464 elementor-3464 e-loop-item e-loop-item-8335 post-8335 projeto type-projeto status-publish has-post-thumbnail hentry category-edificios-es tag-angola-es\" data-elementor-post-type=\"elementor_library\" data-custom-edit-handle=\"1\">\n\t\t\t<div class=\"elementor-element elementor-element-95ae623 e-flex e-con-boxed wpr-particle-no wpr-jarallax-no wpr-parallax-no wpr-sticky-section-no wpr-equal-height-no e-con e-parent\" data-id=\"95ae623\" data-element_type=\"container\" data-e-type=\"container\" data-settings=\"{&quot;animation&quot;:&quot;none&quot;}\">\n\t\t\t\t\t<div class=\"e-con-inner\">\n\t\t\t\t<div class=\"elementor-element elementor-element-b3675fd elementor-widget elementor-widget-image\" data-id=\"b3675fd\" data-element_type=\"widget\" data-e-type=\"widget\" data-widget_type=\"image.default\">\n\t\t\t\t\t\t\t\t\t\t\t\t\t\t\t\t<a href=\"https:\/\/www.gwicgroup.com\/es\/proyectos\/edificio-vista-club\/\">\n\t\t\t\t\t\t\t<img decoding=\"async\" src=\"https:\/\/www.gwicgroup.com\/wp-content\/uploads\/elementor\/thumbs\/Total-Energies-1-qx91q28l9xca0q6kgzskdtfx7f66ijkxqw2y4di222.jpg\" title=\"Edif\u00edcio Vista Club &#8211; GWIC \/ Proyectos\" alt=\"Edif\u00edcio Vista Club - GWIC \/ Proyectos\" class=\"elementor-animation-grow\" loading=\"lazy\" \/>\t\t\t\t\t\t\t\t<\/a>\n\t\t\t\t\t\t\t\t\t\t\t\t\t\t\t<\/div>\n\t\t<div class=\"elementor-element elementor-element-1e7a7dd e-flex e-con-boxed wpr-particle-no wpr-jarallax-no wpr-parallax-no wpr-sticky-section-no wpr-equal-height-no e-con e-child\" data-id=\"1e7a7dd\" data-element_type=\"container\" data-e-type=\"container\" data-settings=\"{&quot;background_background&quot;:&quot;gradient&quot;}\">\n\t\t\t\t\t<div class=\"e-con-inner\">\n\t\t\t\t<div class=\"elementor-element elementor-element-e4360dd elementor-widget elementor-widget-heading\" data-id=\"e4360dd\" data-element_type=\"widget\" data-e-type=\"widget\" data-widget_type=\"heading.default\">\n\t\t\t\t\t<h2 class=\"elementor-heading-title elementor-size-default\">Edificio Vista Club<\/h2>\t\t\t\t<\/div>\n\t\t\t\t<div data-premium-element-link=\"{&quot;type&quot;:&quot;url&quot;,&quot;link&quot;:{&quot;url&quot;:&quot;https:\\\/\\\/www.gwicgroup.com\\\/es\\\/proyectos\\\/edificio-vista-club\\\/&quot;,&quot;is_external&quot;:&quot;&quot;,&quot;nofollow&quot;:&quot;&quot;,&quot;custom_attributes&quot;:&quot;&quot;},&quot;href&quot;:&quot;https:\\\/\\\/www.gwicgroup.com\\\/es\\\/proyectos\\\/edificio-vista-club\\\/&quot;}\" style=\"cursor: pointer\" class=\"elementor-element elementor-element-71e76f7 elementor-align-left premium-wrapper-link-yes elementor-widget elementor-widget-button\" data-id=\"71e76f7\" data-element_type=\"widget\" data-e-type=\"widget\" data-widget_type=\"button.default\">\n\t\t\t\t\t\t\t\t\t\t<a class=\"elementor-button elementor-button-link elementor-size-sm\" href=\"https:\/\/www.gwicgroup.com\/es\/proyectos\/edificio-vista-club\/\">\n\t\t\t\t\t\t<span class=\"elementor-button-content-wrapper\">\n\t\t\t\t\t\t<span class=\"elementor-button-icon\">\n\t\t\t\t<i aria-hidden=\"true\" class=\"jki jki-arrow-right-solid\"><\/i>\t\t\t<\/span>\n\t\t\t\t\t\t\t\t\t<span class=\"elementor-button-text\">saber m\u00e1s<\/span>\n\t\t\t\t\t<\/span>\n\t\t\t\t\t<\/a>\n\t\t\t\t\t\t\t\t<\/div>\n\t\t\t\t\t<\/div>\n\t\t\t\t<\/div>\n\t\t\t\t\t<\/div>\n\t\t\t\t<\/div>\n\t\t\t\t<\/div>\n\t\t\t\t<div data-elementor-type=\"loop-item\" data-elementor-id=\"8256\" class=\"elementor elementor-8256 elementor-3464 elementor-3464 e-loop-item e-loop-item-10473 post-10473 projeto type-projeto status-publish has-post-thumbnail hentry category-edificios-es tag-angola-es\" data-elementor-post-type=\"elementor_library\" data-custom-edit-handle=\"1\">\n\t\t\t<div class=\"elementor-element elementor-element-95ae623 e-flex e-con-boxed wpr-particle-no wpr-jarallax-no wpr-parallax-no wpr-sticky-section-no wpr-equal-height-no e-con e-parent\" data-id=\"95ae623\" data-element_type=\"container\" data-e-type=\"container\" data-settings=\"{&quot;animation&quot;:&quot;none&quot;}\">\n\t\t\t\t\t<div class=\"e-con-inner\">\n\t\t\t\t<div class=\"elementor-element elementor-element-b3675fd elementor-widget elementor-widget-image\" data-id=\"b3675fd\" data-element_type=\"widget\" data-e-type=\"widget\" data-widget_type=\"image.default\">\n\t\t\t\t\t\t\t\t\t\t\t\t\t\t\t\t<a href=\"https:\/\/www.gwicgroup.com\/es\/proyectos\/fabrica-de-pasta-granofino\/\">\n\t\t\t\t\t\t\t<img decoding=\"async\" src=\"https:\/\/www.gwicgroup.com\/wp-content\/uploads\/elementor\/thumbs\/GRANOFINO_1-qx91q28l9xca0q6kgzskdtfx7f66ijkxqw2y4di222.jpg\" title=\"F\u00e1brica de Pasta Granofino &#8211; GWIC \/ Proyectos\" alt=\"F\u00e1brica de Pasta Granofino - GWIC \/ Proyectos\" class=\"elementor-animation-grow\" loading=\"lazy\" \/>\t\t\t\t\t\t\t\t<\/a>\n\t\t\t\t\t\t\t\t\t\t\t\t\t\t\t<\/div>\n\t\t<div class=\"elementor-element elementor-element-1e7a7dd e-flex e-con-boxed wpr-particle-no wpr-jarallax-no wpr-parallax-no wpr-sticky-section-no wpr-equal-height-no e-con e-child\" data-id=\"1e7a7dd\" data-element_type=\"container\" data-e-type=\"container\" data-settings=\"{&quot;background_background&quot;:&quot;gradient&quot;}\">\n\t\t\t\t\t<div class=\"e-con-inner\">\n\t\t\t\t<div class=\"elementor-element elementor-element-e4360dd elementor-widget elementor-widget-heading\" data-id=\"e4360dd\" data-element_type=\"widget\" data-e-type=\"widget\" data-widget_type=\"heading.default\">\n\t\t\t\t\t<h2 class=\"elementor-heading-title elementor-size-default\">F\u00e1brica de Molienda de Trigo Granofino<\/h2>\t\t\t\t<\/div>\n\t\t\t\t<div data-premium-element-link=\"{&quot;type&quot;:&quot;url&quot;,&quot;link&quot;:{&quot;url&quot;:&quot;https:\\\/\\\/www.gwicgroup.com\\\/es\\\/proyectos\\\/fabrica-de-pasta-granofino\\\/&quot;,&quot;is_external&quot;:&quot;&quot;,&quot;nofollow&quot;:&quot;&quot;,&quot;custom_attributes&quot;:&quot;&quot;},&quot;href&quot;:&quot;https:\\\/\\\/www.gwicgroup.com\\\/es\\\/proyectos\\\/fabrica-de-pasta-granofino\\\/&quot;}\" style=\"cursor: pointer\" class=\"elementor-element elementor-element-71e76f7 elementor-align-left premium-wrapper-link-yes elementor-widget elementor-widget-button\" data-id=\"71e76f7\" data-element_type=\"widget\" data-e-type=\"widget\" data-widget_type=\"button.default\">\n\t\t\t\t\t\t\t\t\t\t<a class=\"elementor-button elementor-button-link elementor-size-sm\" href=\"https:\/\/www.gwicgroup.com\/es\/proyectos\/fabrica-de-pasta-granofino\/\">\n\t\t\t\t\t\t<span class=\"elementor-button-content-wrapper\">\n\t\t\t\t\t\t<span class=\"elementor-button-icon\">\n\t\t\t\t<i aria-hidden=\"true\" class=\"jki jki-arrow-right-solid\"><\/i>\t\t\t<\/span>\n\t\t\t\t\t\t\t\t\t<span class=\"elementor-button-text\">saber m\u00e1s<\/span>\n\t\t\t\t\t<\/span>\n\t\t\t\t\t<\/a>\n\t\t\t\t\t\t\t\t<\/div>\n\t\t\t\t\t<\/div>\n\t\t\t\t<\/div>\n\t\t\t\t\t<\/div>\n\t\t\t\t<\/div>\n\t\t\t\t<\/div>\n\t\t\t\t<div data-elementor-type=\"loop-item\" data-elementor-id=\"8256\" class=\"elementor elementor-8256 elementor-3464 elementor-3464 e-loop-item e-loop-item-10543 post-10543 projeto type-projeto status-publish has-post-thumbnail hentry category-edificios-es tag-costa-rica-es\" data-elementor-post-type=\"elementor_library\" data-custom-edit-handle=\"1\">\n\t\t\t<div class=\"elementor-element elementor-element-95ae623 e-flex e-con-boxed wpr-particle-no wpr-jarallax-no wpr-parallax-no wpr-sticky-section-no wpr-equal-height-no e-con e-parent\" data-id=\"95ae623\" data-element_type=\"container\" data-e-type=\"container\" data-settings=\"{&quot;animation&quot;:&quot;none&quot;}\">\n\t\t\t\t\t<div class=\"e-con-inner\">\n\t\t\t\t<div class=\"elementor-element elementor-element-b3675fd elementor-widget elementor-widget-image\" data-id=\"b3675fd\" data-element_type=\"widget\" data-e-type=\"widget\" data-widget_type=\"image.default\">\n\t\t\t\t\t\t\t\t\t\t\t\t\t\t\t\t<a href=\"https:\/\/www.gwicgroup.com\/es\/proyectos\/hotel-koora\/\">\n\t\t\t\t\t\t\t<img decoding=\"async\" src=\"https:\/\/www.gwicgroup.com\/wp-content\/uploads\/elementor\/thumbs\/KOORA-2-qx91q28l9xca0q6kgzskdtfx7f66ijkxqw2y4di222.jpg\" title=\"Koora Hotel &#8211; GWIC \/ Proyectos\" alt=\"Koora Hotel - GWIC \/ Proyectos\" class=\"elementor-animation-grow\" loading=\"lazy\" \/>\t\t\t\t\t\t\t\t<\/a>\n\t\t\t\t\t\t\t\t\t\t\t\t\t\t\t<\/div>\n\t\t<div class=\"elementor-element elementor-element-1e7a7dd e-flex e-con-boxed wpr-particle-no wpr-jarallax-no wpr-parallax-no wpr-sticky-section-no wpr-equal-height-no e-con e-child\" data-id=\"1e7a7dd\" data-element_type=\"container\" data-e-type=\"container\" data-settings=\"{&quot;background_background&quot;:&quot;gradient&quot;}\">\n\t\t\t\t\t<div class=\"e-con-inner\">\n\t\t\t\t<div class=\"elementor-element elementor-element-e4360dd elementor-widget elementor-widget-heading\" data-id=\"e4360dd\" data-element_type=\"widget\" data-e-type=\"widget\" data-widget_type=\"heading.default\">\n\t\t\t\t\t<h2 class=\"elementor-heading-title elementor-size-default\">Hotel Koora<\/h2>\t\t\t\t<\/div>\n\t\t\t\t<div data-premium-element-link=\"{&quot;type&quot;:&quot;url&quot;,&quot;link&quot;:{&quot;url&quot;:&quot;https:\\\/\\\/www.gwicgroup.com\\\/es\\\/proyectos\\\/hotel-koora\\\/&quot;,&quot;is_external&quot;:&quot;&quot;,&quot;nofollow&quot;:&quot;&quot;,&quot;custom_attributes&quot;:&quot;&quot;},&quot;href&quot;:&quot;https:\\\/\\\/www.gwicgroup.com\\\/es\\\/proyectos\\\/hotel-koora\\\/&quot;}\" style=\"cursor: pointer\" class=\"elementor-element elementor-element-71e76f7 elementor-align-left premium-wrapper-link-yes elementor-widget elementor-widget-button\" data-id=\"71e76f7\" data-element_type=\"widget\" data-e-type=\"widget\" data-widget_type=\"button.default\">\n\t\t\t\t\t\t\t\t\t\t<a class=\"elementor-button elementor-button-link elementor-size-sm\" href=\"https:\/\/www.gwicgroup.com\/es\/proyectos\/hotel-koora\/\">\n\t\t\t\t\t\t<span class=\"elementor-button-content-wrapper\">\n\t\t\t\t\t\t<span class=\"elementor-button-icon\">\n\t\t\t\t<i aria-hidden=\"true\" class=\"jki jki-arrow-right-solid\"><\/i>\t\t\t<\/span>\n\t\t\t\t\t\t\t\t\t<span class=\"elementor-button-text\">saber m\u00e1s<\/span>\n\t\t\t\t\t<\/span>\n\t\t\t\t\t<\/a>\n\t\t\t\t\t\t\t\t<\/div>\n\t\t\t\t\t<\/div>\n\t\t\t\t<\/div>\n\t\t\t\t\t<\/div>\n\t\t\t\t<\/div>\n\t\t\t\t<\/div>\n\t\t\t\t<div data-elementor-type=\"loop-item\" data-elementor-id=\"8256\" class=\"elementor elementor-8256 elementor-3464 elementor-3464 e-loop-item e-loop-item-7958 post-7958 projeto type-projeto status-publish has-post-thumbnail hentry category-edificios-es tag-angola-es\" data-elementor-post-type=\"elementor_library\" data-custom-edit-handle=\"1\">\n\t\t\t<div class=\"elementor-element elementor-element-95ae623 e-flex e-con-boxed wpr-particle-no wpr-jarallax-no wpr-parallax-no wpr-sticky-section-no wpr-equal-height-no e-con e-parent\" data-id=\"95ae623\" data-element_type=\"container\" data-e-type=\"container\" data-settings=\"{&quot;animation&quot;:&quot;none&quot;}\">\n\t\t\t\t\t<div class=\"e-con-inner\">\n\t\t\t\t<div class=\"elementor-element elementor-element-b3675fd elementor-widget elementor-widget-image\" data-id=\"b3675fd\" data-element_type=\"widget\" data-e-type=\"widget\" data-widget_type=\"image.default\">\n\t\t\t\t\t\t\t\t\t\t\t\t\t\t\t\t<a href=\"https:\/\/www.gwicgroup.com\/es\/proyectos\/centro-de-entrenamiento-toyota-angola\/\">\n\t\t\t\t\t\t\t<img decoding=\"async\" src=\"https:\/\/www.gwicgroup.com\/wp-content\/uploads\/elementor\/thumbs\/Toyota-angola-1-qx91q28l9xca0q6kgzskdtfx7f66ijkxqw2y4di222.jpg\" title=\"Centro de Entrenamiento Toyota Angola &#8211; GWIC \/ Proyectos\" alt=\"Centro de Entrenamiento Toyota Angola - GWIC \/ Proyectos\" class=\"elementor-animation-grow\" loading=\"lazy\" \/>\t\t\t\t\t\t\t\t<\/a>\n\t\t\t\t\t\t\t\t\t\t\t\t\t\t\t<\/div>\n\t\t<div class=\"elementor-element elementor-element-1e7a7dd e-flex e-con-boxed wpr-particle-no wpr-jarallax-no wpr-parallax-no wpr-sticky-section-no wpr-equal-height-no e-con e-child\" data-id=\"1e7a7dd\" data-element_type=\"container\" data-e-type=\"container\" data-settings=\"{&quot;background_background&quot;:&quot;gradient&quot;}\">\n\t\t\t\t\t<div class=\"e-con-inner\">\n\t\t\t\t<div class=\"elementor-element elementor-element-e4360dd elementor-widget elementor-widget-heading\" data-id=\"e4360dd\" data-element_type=\"widget\" data-e-type=\"widget\" data-widget_type=\"heading.default\">\n\t\t\t\t\t<h2 class=\"elementor-heading-title elementor-size-default\">Centro de Entrenamiento Toyota Angola<\/h2>\t\t\t\t<\/div>\n\t\t\t\t<div data-premium-element-link=\"{&quot;type&quot;:&quot;url&quot;,&quot;link&quot;:{&quot;url&quot;:&quot;https:\\\/\\\/www.gwicgroup.com\\\/es\\\/proyectos\\\/centro-de-entrenamiento-toyota-angola\\\/&quot;,&quot;is_external&quot;:&quot;&quot;,&quot;nofollow&quot;:&quot;&quot;,&quot;custom_attributes&quot;:&quot;&quot;},&quot;href&quot;:&quot;https:\\\/\\\/www.gwicgroup.com\\\/es\\\/proyectos\\\/centro-de-entrenamiento-toyota-angola\\\/&quot;}\" style=\"cursor: pointer\" class=\"elementor-element elementor-element-71e76f7 elementor-align-left premium-wrapper-link-yes elementor-widget elementor-widget-button\" data-id=\"71e76f7\" data-element_type=\"widget\" data-e-type=\"widget\" data-widget_type=\"button.default\">\n\t\t\t\t\t\t\t\t\t\t<a class=\"elementor-button elementor-button-link elementor-size-sm\" href=\"https:\/\/www.gwicgroup.com\/es\/proyectos\/centro-de-entrenamiento-toyota-angola\/\">\n\t\t\t\t\t\t<span class=\"elementor-button-content-wrapper\">\n\t\t\t\t\t\t<span class=\"elementor-button-icon\">\n\t\t\t\t<i aria-hidden=\"true\" class=\"jki jki-arrow-right-solid\"><\/i>\t\t\t<\/span>\n\t\t\t\t\t\t\t\t\t<span class=\"elementor-button-text\">saber m\u00e1s<\/span>\n\t\t\t\t\t<\/span>\n\t\t\t\t\t<\/a>\n\t\t\t\t\t\t\t\t<\/div>\n\t\t\t\t\t<\/div>\n\t\t\t\t<\/div>\n\t\t\t\t\t<\/div>\n\t\t\t\t<\/div>\n\t\t\t\t<\/div>\n\t\t\t\t<div data-elementor-type=\"loop-item\" data-elementor-id=\"8256\" class=\"elementor elementor-8256 elementor-3464 elementor-3464 e-loop-item e-loop-item-8270 post-8270 projeto type-projeto status-publish has-post-thumbnail hentry category-infraestructura tag-angola-es\" data-elementor-post-type=\"elementor_library\" data-custom-edit-handle=\"1\">\n\t\t\t<div class=\"elementor-element elementor-element-95ae623 e-flex e-con-boxed wpr-particle-no wpr-jarallax-no wpr-parallax-no wpr-sticky-section-no wpr-equal-height-no e-con e-parent\" data-id=\"95ae623\" data-element_type=\"container\" data-e-type=\"container\" data-settings=\"{&quot;animation&quot;:&quot;none&quot;}\">\n\t\t\t\t\t<div class=\"e-con-inner\">\n\t\t\t\t<div class=\"elementor-element elementor-element-b3675fd elementor-widget elementor-widget-image\" data-id=\"b3675fd\" data-element_type=\"widget\" data-e-type=\"widget\" data-widget_type=\"image.default\">\n\t\t\t\t\t\t\t\t\t\t\t\t\t\t\t\t<a href=\"https:\/\/www.gwicgroup.com\/es\/proyectos\/conexion-domestica-de-cunene-en-la-ciudad-de-ondjiva\/\">\n\t\t\t\t\t\t\t<img decoding=\"async\" src=\"https:\/\/www.gwicgroup.com\/wp-content\/uploads\/elementor\/thumbs\/PROJETOS_cunene_household_1-qx91qfebxluaj9ngc5hccq4ditdbib16gp7qu8yjmy.jpg\" title=\"Conexi\u00f3n Dom\u00e9stica de Cunene en la Ciudad de Ondjiva &#8211; GWIC \/ Proyectos\" alt=\"Conexi\u00f3n Dom\u00e9stica de Cunene en la Ciudad de Ondjiva - GWIC \/ Proyectos\" class=\"elementor-animation-grow\" loading=\"lazy\" \/>\t\t\t\t\t\t\t\t<\/a>\n\t\t\t\t\t\t\t\t\t\t\t\t\t\t\t<\/div>\n\t\t<div class=\"elementor-element elementor-element-1e7a7dd e-flex e-con-boxed wpr-particle-no wpr-jarallax-no wpr-parallax-no wpr-sticky-section-no wpr-equal-height-no e-con e-child\" data-id=\"1e7a7dd\" data-element_type=\"container\" data-e-type=\"container\" data-settings=\"{&quot;background_background&quot;:&quot;gradient&quot;}\">\n\t\t\t\t\t<div class=\"e-con-inner\">\n\t\t\t\t<div class=\"elementor-element elementor-element-e4360dd elementor-widget elementor-widget-heading\" data-id=\"e4360dd\" data-element_type=\"widget\" data-e-type=\"widget\" data-widget_type=\"heading.default\">\n\t\t\t\t\t<h2 class=\"elementor-heading-title elementor-size-default\">Conexi\u00f3n Dom\u00e9stica de Cunene en la Ciudad de Ondjiva<\/h2>\t\t\t\t<\/div>\n\t\t\t\t<div data-premium-element-link=\"{&quot;type&quot;:&quot;url&quot;,&quot;link&quot;:{&quot;url&quot;:&quot;https:\\\/\\\/www.gwicgroup.com\\\/es\\\/proyectos\\\/conexion-domestica-de-cunene-en-la-ciudad-de-ondjiva\\\/&quot;,&quot;is_external&quot;:&quot;&quot;,&quot;nofollow&quot;:&quot;&quot;,&quot;custom_attributes&quot;:&quot;&quot;},&quot;href&quot;:&quot;https:\\\/\\\/www.gwicgroup.com\\\/es\\\/proyectos\\\/conexion-domestica-de-cunene-en-la-ciudad-de-ondjiva\\\/&quot;}\" style=\"cursor: pointer\" class=\"elementor-element elementor-element-71e76f7 elementor-align-left premium-wrapper-link-yes elementor-widget elementor-widget-button\" data-id=\"71e76f7\" data-element_type=\"widget\" data-e-type=\"widget\" data-widget_type=\"button.default\">\n\t\t\t\t\t\t\t\t\t\t<a class=\"elementor-button elementor-button-link elementor-size-sm\" href=\"https:\/\/www.gwicgroup.com\/es\/proyectos\/conexion-domestica-de-cunene-en-la-ciudad-de-ondjiva\/\">\n\t\t\t\t\t\t<span class=\"elementor-button-content-wrapper\">\n\t\t\t\t\t\t<span class=\"elementor-button-icon\">\n\t\t\t\t<i aria-hidden=\"true\" class=\"jki jki-arrow-right-solid\"><\/i>\t\t\t<\/span>\n\t\t\t\t\t\t\t\t\t<span class=\"elementor-button-text\">saber m\u00e1s<\/span>\n\t\t\t\t\t<\/span>\n\t\t\t\t\t<\/a>\n\t\t\t\t\t\t\t\t<\/div>\n\t\t\t\t\t<\/div>\n\t\t\t\t<\/div>\n\t\t\t\t\t<\/div>\n\t\t\t\t<\/div>\n\t\t\t\t<\/div>\n\t\t\t\t<div data-elementor-type=\"loop-item\" data-elementor-id=\"8256\" class=\"elementor elementor-8256 elementor-3464 elementor-3464 e-loop-item e-loop-item-7871 post-7871 projeto type-projeto status-publish has-post-thumbnail hentry category-edificios-es tag-angola-es\" data-elementor-post-type=\"elementor_library\" data-custom-edit-handle=\"1\">\n\t\t\t<div class=\"elementor-element elementor-element-95ae623 e-flex e-con-boxed wpr-particle-no wpr-jarallax-no wpr-parallax-no wpr-sticky-section-no wpr-equal-height-no e-con e-parent\" data-id=\"95ae623\" data-element_type=\"container\" data-e-type=\"container\" data-settings=\"{&quot;animation&quot;:&quot;none&quot;}\">\n\t\t\t\t\t<div class=\"e-con-inner\">\n\t\t\t\t<div class=\"elementor-element elementor-element-b3675fd elementor-widget elementor-widget-image\" data-id=\"b3675fd\" data-element_type=\"widget\" data-e-type=\"widget\" data-widget_type=\"image.default\">\n\t\t\t\t\t\t\t\t\t\t\t\t\t\t\t\t<a href=\"https:\/\/www.gwicgroup.com\/es\/proyectos\/casa-villas-atlantico\/\">\n\t\t\t\t\t\t\t<img decoding=\"async\" src=\"https:\/\/www.gwicgroup.com\/wp-content\/uploads\/elementor\/thumbs\/VILLAS_DO_ATLANTICO_1-qx91qqoe7m9qel72iacv6n9wnftq2o9yi91klkhtka.jpg\" title=\"Casa Villas Atl\u00e1ntico &#8211; GWIC \/ Proyectos\" alt=\"Casa Villas Atl\u00e1ntico - GWIC \/ Proyectos\" class=\"elementor-animation-grow\" loading=\"lazy\" \/>\t\t\t\t\t\t\t\t<\/a>\n\t\t\t\t\t\t\t\t\t\t\t\t\t\t\t<\/div>\n\t\t<div class=\"elementor-element elementor-element-1e7a7dd e-flex e-con-boxed wpr-particle-no wpr-jarallax-no wpr-parallax-no wpr-sticky-section-no wpr-equal-height-no e-con e-child\" data-id=\"1e7a7dd\" data-element_type=\"container\" data-e-type=\"container\" data-settings=\"{&quot;background_background&quot;:&quot;gradient&quot;}\">\n\t\t\t\t\t<div class=\"e-con-inner\">\n\t\t\t\t<div class=\"elementor-element elementor-element-e4360dd elementor-widget elementor-widget-heading\" data-id=\"e4360dd\" data-element_type=\"widget\" data-e-type=\"widget\" data-widget_type=\"heading.default\">\n\t\t\t\t\t<h2 class=\"elementor-heading-title elementor-size-default\">Casa Villas Atl\u00e1ntico<\/h2>\t\t\t\t<\/div>\n\t\t\t\t<div data-premium-element-link=\"{&quot;type&quot;:&quot;url&quot;,&quot;link&quot;:{&quot;url&quot;:&quot;https:\\\/\\\/www.gwicgroup.com\\\/es\\\/proyectos\\\/casa-villas-atlantico\\\/&quot;,&quot;is_external&quot;:&quot;&quot;,&quot;nofollow&quot;:&quot;&quot;,&quot;custom_attributes&quot;:&quot;&quot;},&quot;href&quot;:&quot;https:\\\/\\\/www.gwicgroup.com\\\/es\\\/proyectos\\\/casa-villas-atlantico\\\/&quot;}\" style=\"cursor: pointer\" class=\"elementor-element elementor-element-71e76f7 elementor-align-left premium-wrapper-link-yes elementor-widget elementor-widget-button\" data-id=\"71e76f7\" data-element_type=\"widget\" data-e-type=\"widget\" data-widget_type=\"button.default\">\n\t\t\t\t\t\t\t\t\t\t<a class=\"elementor-button elementor-button-link elementor-size-sm\" href=\"https:\/\/www.gwicgroup.com\/es\/proyectos\/casa-villas-atlantico\/\">\n\t\t\t\t\t\t<span class=\"elementor-button-content-wrapper\">\n\t\t\t\t\t\t<span class=\"elementor-button-icon\">\n\t\t\t\t<i aria-hidden=\"true\" class=\"jki jki-arrow-right-solid\"><\/i>\t\t\t<\/span>\n\t\t\t\t\t\t\t\t\t<span class=\"elementor-button-text\">saber m\u00e1s<\/span>\n\t\t\t\t\t<\/span>\n\t\t\t\t\t<\/a>\n\t\t\t\t\t\t\t\t<\/div>\n\t\t\t\t\t<\/div>\n\t\t\t\t<\/div>\n\t\t\t\t\t<\/div>\n\t\t\t\t<\/div>\n\t\t\t\t<\/div>\n\t\t\t\t<div data-elementor-type=\"loop-item\" data-elementor-id=\"8256\" class=\"elementor elementor-8256 elementor-3464 elementor-3464 e-loop-item e-loop-item-10768 post-10768 projeto type-projeto status-publish has-post-thumbnail hentry category-edificios-es tag-costa-rica-es\" data-elementor-post-type=\"elementor_library\" data-custom-edit-handle=\"1\">\n\t\t\t<div class=\"elementor-element elementor-element-95ae623 e-flex e-con-boxed wpr-particle-no wpr-jarallax-no wpr-parallax-no wpr-sticky-section-no wpr-equal-height-no e-con e-parent\" data-id=\"95ae623\" data-element_type=\"container\" data-e-type=\"container\" data-settings=\"{&quot;animation&quot;:&quot;none&quot;}\">\n\t\t\t\t\t<div class=\"e-con-inner\">\n\t\t\t\t<div class=\"elementor-element elementor-element-b3675fd elementor-widget elementor-widget-image\" data-id=\"b3675fd\" data-element_type=\"widget\" data-e-type=\"widget\" data-widget_type=\"image.default\">\n\t\t\t\t\t\t\t\t\t\t\t\t\t\t\t\t<a href=\"https:\/\/www.gwicgroup.com\/es\/proyectos\/villa-segal\/\">\n\t\t\t\t\t\t\t<img decoding=\"async\" src=\"https:\/\/www.gwicgroup.com\/wp-content\/uploads\/elementor\/thumbs\/PROJETO_vila_segal_2-qx91qufqyyevp11lwbzdgmbr0zb6xgovurniioc8ve.jpg\" title=\"Vila Segal, Costa RIca &#8211; GWIC \/ Proyectos\" alt=\"Vila Segal, Costa RIca - GWIC \/ Proyectos\" class=\"elementor-animation-grow\" loading=\"lazy\" \/>\t\t\t\t\t\t\t\t<\/a>\n\t\t\t\t\t\t\t\t\t\t\t\t\t\t\t<\/div>\n\t\t<div class=\"elementor-element elementor-element-1e7a7dd e-flex e-con-boxed wpr-particle-no wpr-jarallax-no wpr-parallax-no wpr-sticky-section-no wpr-equal-height-no e-con e-child\" data-id=\"1e7a7dd\" data-element_type=\"container\" data-e-type=\"container\" data-settings=\"{&quot;background_background&quot;:&quot;gradient&quot;}\">\n\t\t\t\t\t<div class=\"e-con-inner\">\n\t\t\t\t<div class=\"elementor-element elementor-element-e4360dd elementor-widget elementor-widget-heading\" data-id=\"e4360dd\" data-element_type=\"widget\" data-e-type=\"widget\" data-widget_type=\"heading.default\">\n\t\t\t\t\t<h2 class=\"elementor-heading-title elementor-size-default\">Villa Segal<\/h2>\t\t\t\t<\/div>\n\t\t\t\t<div data-premium-element-link=\"{&quot;type&quot;:&quot;url&quot;,&quot;link&quot;:{&quot;url&quot;:&quot;https:\\\/\\\/www.gwicgroup.com\\\/es\\\/proyectos\\\/villa-segal\\\/&quot;,&quot;is_external&quot;:&quot;&quot;,&quot;nofollow&quot;:&quot;&quot;,&quot;custom_attributes&quot;:&quot;&quot;},&quot;href&quot;:&quot;https:\\\/\\\/www.gwicgroup.com\\\/es\\\/proyectos\\\/villa-segal\\\/&quot;}\" style=\"cursor: pointer\" class=\"elementor-element elementor-element-71e76f7 elementor-align-left premium-wrapper-link-yes elementor-widget elementor-widget-button\" data-id=\"71e76f7\" data-element_type=\"widget\" data-e-type=\"widget\" data-widget_type=\"button.default\">\n\t\t\t\t\t\t\t\t\t\t<a class=\"elementor-button elementor-button-link elementor-size-sm\" href=\"https:\/\/www.gwicgroup.com\/es\/proyectos\/villa-segal\/\">\n\t\t\t\t\t\t<span class=\"elementor-button-content-wrapper\">\n\t\t\t\t\t\t<span class=\"elementor-button-icon\">\n\t\t\t\t<i aria-hidden=\"true\" class=\"jki jki-arrow-right-solid\"><\/i>\t\t\t<\/span>\n\t\t\t\t\t\t\t\t\t<span class=\"elementor-button-text\">saber m\u00e1s<\/span>\n\t\t\t\t\t<\/span>\n\t\t\t\t\t<\/a>\n\t\t\t\t\t\t\t\t<\/div>\n\t\t\t\t\t<\/div>\n\t\t\t\t<\/div>\n\t\t\t\t\t<\/div>\n\t\t\t\t<\/div>\n\t\t\t\t<\/div>\n\t\t\t\t<div data-elementor-type=\"loop-item\" data-elementor-id=\"8256\" class=\"elementor elementor-8256 elementor-3464 elementor-3464 e-loop-item e-loop-item-10696 post-10696 projeto type-projeto status-publish has-post-thumbnail hentry category-edificios-es tag-angola-es\" data-elementor-post-type=\"elementor_library\" data-custom-edit-handle=\"1\">\n\t\t\t<div class=\"elementor-element elementor-element-95ae623 e-flex e-con-boxed wpr-particle-no wpr-jarallax-no wpr-parallax-no wpr-sticky-section-no wpr-equal-height-no e-con e-parent\" data-id=\"95ae623\" data-element_type=\"container\" data-e-type=\"container\" data-settings=\"{&quot;animation&quot;:&quot;none&quot;}\">\n\t\t\t\t\t<div class=\"e-con-inner\">\n\t\t\t\t<div class=\"elementor-element elementor-element-b3675fd elementor-widget elementor-widget-image\" data-id=\"b3675fd\" data-element_type=\"widget\" data-e-type=\"widget\" data-widget_type=\"image.default\">\n\t\t\t\t\t\t\t\t\t\t\t\t\t\t\t\t<a href=\"https:\/\/www.gwicgroup.com\/es\/proyectos\/sede-de-pwc-angola\/\">\n\t\t\t\t\t\t\t<img decoding=\"async\" src=\"https:\/\/www.gwicgroup.com\/wp-content\/uploads\/elementor\/thumbs\/PWC-1-qx91q1ar33azp47xmhdxtbogm1atauh7erfgn3jg8a.jpg\" title=\"Sede da PWC Angola &#8211; GWIC \/ Proyectos\" alt=\"Sede da PWC Angola - GWIC \/ Proyectos\" class=\"elementor-animation-grow\" loading=\"lazy\" \/>\t\t\t\t\t\t\t\t<\/a>\n\t\t\t\t\t\t\t\t\t\t\t\t\t\t\t<\/div>\n\t\t<div class=\"elementor-element elementor-element-1e7a7dd e-flex e-con-boxed wpr-particle-no wpr-jarallax-no wpr-parallax-no wpr-sticky-section-no wpr-equal-height-no e-con e-child\" data-id=\"1e7a7dd\" data-element_type=\"container\" data-e-type=\"container\" data-settings=\"{&quot;background_background&quot;:&quot;gradient&quot;}\">\n\t\t\t\t\t<div class=\"e-con-inner\">\n\t\t\t\t<div class=\"elementor-element elementor-element-e4360dd elementor-widget elementor-widget-heading\" data-id=\"e4360dd\" data-element_type=\"widget\" data-e-type=\"widget\" data-widget_type=\"heading.default\">\n\t\t\t\t\t<h2 class=\"elementor-heading-title elementor-size-default\">Sede de PWC Angola<\/h2>\t\t\t\t<\/div>\n\t\t\t\t<div data-premium-element-link=\"{&quot;type&quot;:&quot;url&quot;,&quot;link&quot;:{&quot;url&quot;:&quot;https:\\\/\\\/www.gwicgroup.com\\\/es\\\/proyectos\\\/sede-de-pwc-angola\\\/&quot;,&quot;is_external&quot;:&quot;&quot;,&quot;nofollow&quot;:&quot;&quot;,&quot;custom_attributes&quot;:&quot;&quot;},&quot;href&quot;:&quot;https:\\\/\\\/www.gwicgroup.com\\\/es\\\/proyectos\\\/sede-de-pwc-angola\\\/&quot;}\" style=\"cursor: pointer\" class=\"elementor-element elementor-element-71e76f7 elementor-align-left premium-wrapper-link-yes elementor-widget elementor-widget-button\" data-id=\"71e76f7\" data-element_type=\"widget\" data-e-type=\"widget\" data-widget_type=\"button.default\">\n\t\t\t\t\t\t\t\t\t\t<a class=\"elementor-button elementor-button-link elementor-size-sm\" href=\"https:\/\/www.gwicgroup.com\/es\/proyectos\/sede-de-pwc-angola\/\">\n\t\t\t\t\t\t<span class=\"elementor-button-content-wrapper\">\n\t\t\t\t\t\t<span class=\"elementor-button-icon\">\n\t\t\t\t<i aria-hidden=\"true\" class=\"jki jki-arrow-right-solid\"><\/i>\t\t\t<\/span>\n\t\t\t\t\t\t\t\t\t<span class=\"elementor-button-text\">saber m\u00e1s<\/span>\n\t\t\t\t\t<\/span>\n\t\t\t\t\t<\/a>\n\t\t\t\t\t\t\t\t<\/div>\n\t\t\t\t\t<\/div>\n\t\t\t\t<\/div>\n\t\t\t\t\t<\/div>\n\t\t\t\t<\/div>\n\t\t\t\t<\/div>\n\t\t\t\t<div data-elementor-type=\"loop-item\" data-elementor-id=\"8256\" class=\"elementor elementor-8256 elementor-3464 elementor-3464 e-loop-item e-loop-item-10720 post-10720 projeto type-projeto status-publish has-post-thumbnail hentry category-edificios-es tag-angola-es\" data-elementor-post-type=\"elementor_library\" data-custom-edit-handle=\"1\">\n\t\t\t<div class=\"elementor-element elementor-element-95ae623 e-flex e-con-boxed wpr-particle-no wpr-jarallax-no wpr-parallax-no wpr-sticky-section-no wpr-equal-height-no e-con e-parent\" data-id=\"95ae623\" data-element_type=\"container\" data-e-type=\"container\" data-settings=\"{&quot;animation&quot;:&quot;none&quot;}\">\n\t\t\t\t\t<div class=\"e-con-inner\">\n\t\t\t\t<div class=\"elementor-element elementor-element-b3675fd elementor-widget elementor-widget-image\" data-id=\"b3675fd\" data-element_type=\"widget\" data-e-type=\"widget\" data-widget_type=\"image.default\">\n\t\t\t\t\t\t\t\t\t\t\t\t\t\t\t\t<a href=\"https:\/\/www.gwicgroup.com\/es\/proyectos\/sede-del-banco-yetu\/\">\n\t\t\t\t\t\t\t<img decoding=\"async\" src=\"https:\/\/www.gwicgroup.com\/wp-content\/uploads\/elementor\/thumbs\/Yetu-1-qx91q1ar33azp47xmhdxtbogm1atauh7erfgn3jg8a.jpg\" title=\"Sede del Banco YETU &#8211; GWIC \/ Proyectos\" alt=\"Sede del Banco YETU - GWIC \/ Proyectos\" class=\"elementor-animation-grow\" loading=\"lazy\" \/>\t\t\t\t\t\t\t\t<\/a>\n\t\t\t\t\t\t\t\t\t\t\t\t\t\t\t<\/div>\n\t\t<div class=\"elementor-element elementor-element-1e7a7dd e-flex e-con-boxed wpr-particle-no wpr-jarallax-no wpr-parallax-no wpr-sticky-section-no wpr-equal-height-no e-con e-child\" data-id=\"1e7a7dd\" data-element_type=\"container\" data-e-type=\"container\" data-settings=\"{&quot;background_background&quot;:&quot;gradient&quot;}\">\n\t\t\t\t\t<div class=\"e-con-inner\">\n\t\t\t\t<div class=\"elementor-element elementor-element-e4360dd elementor-widget elementor-widget-heading\" data-id=\"e4360dd\" data-element_type=\"widget\" data-e-type=\"widget\" data-widget_type=\"heading.default\">\n\t\t\t\t\t<h2 class=\"elementor-heading-title elementor-size-default\">Sede del Banco YETU<\/h2>\t\t\t\t<\/div>\n\t\t\t\t<div data-premium-element-link=\"{&quot;type&quot;:&quot;url&quot;,&quot;link&quot;:{&quot;url&quot;:&quot;https:\\\/\\\/www.gwicgroup.com\\\/es\\\/proyectos\\\/sede-del-banco-yetu\\\/&quot;,&quot;is_external&quot;:&quot;&quot;,&quot;nofollow&quot;:&quot;&quot;,&quot;custom_attributes&quot;:&quot;&quot;},&quot;href&quot;:&quot;https:\\\/\\\/www.gwicgroup.com\\\/es\\\/proyectos\\\/sede-del-banco-yetu\\\/&quot;}\" style=\"cursor: pointer\" class=\"elementor-element elementor-element-71e76f7 elementor-align-left premium-wrapper-link-yes elementor-widget elementor-widget-button\" data-id=\"71e76f7\" data-element_type=\"widget\" data-e-type=\"widget\" data-widget_type=\"button.default\">\n\t\t\t\t\t\t\t\t\t\t<a class=\"elementor-button elementor-button-link elementor-size-sm\" href=\"https:\/\/www.gwicgroup.com\/es\/proyectos\/sede-del-banco-yetu\/\">\n\t\t\t\t\t\t<span class=\"elementor-button-content-wrapper\">\n\t\t\t\t\t\t<span class=\"elementor-button-icon\">\n\t\t\t\t<i aria-hidden=\"true\" class=\"jki jki-arrow-right-solid\"><\/i>\t\t\t<\/span>\n\t\t\t\t\t\t\t\t\t<span class=\"elementor-button-text\">saber m\u00e1s<\/span>\n\t\t\t\t\t<\/span>\n\t\t\t\t\t<\/a>\n\t\t\t\t\t\t\t\t<\/div>\n\t\t\t\t\t<\/div>\n\t\t\t\t<\/div>\n\t\t\t\t\t<\/div>\n\t\t\t\t<\/div>\n\t\t\t\t<\/div>\n\t\t\t\t<div data-elementor-type=\"loop-item\" data-elementor-id=\"8256\" class=\"elementor elementor-8256 elementor-3464 elementor-3464 e-loop-item e-loop-item-10710 post-10710 projeto type-projeto status-publish has-post-thumbnail hentry category-edificios-es tag-angola-es\" data-elementor-post-type=\"elementor_library\" data-custom-edit-handle=\"1\">\n\t\t\t<div class=\"elementor-element elementor-element-95ae623 e-flex e-con-boxed wpr-particle-no wpr-jarallax-no wpr-parallax-no wpr-sticky-section-no wpr-equal-height-no e-con e-parent\" data-id=\"95ae623\" data-element_type=\"container\" data-e-type=\"container\" data-settings=\"{&quot;animation&quot;:&quot;none&quot;}\">\n\t\t\t\t\t<div class=\"e-con-inner\">\n\t\t\t\t<div class=\"elementor-element elementor-element-b3675fd elementor-widget elementor-widget-image\" data-id=\"b3675fd\" data-element_type=\"widget\" data-e-type=\"widget\" data-widget_type=\"image.default\">\n\t\t\t\t\t\t\t\t\t\t\t\t\t\t\t\t<a href=\"https:\/\/www.gwicgroup.com\/es\/proyectos\/sede-de-trafigura-angola\/\">\n\t\t\t\t\t\t\t<img decoding=\"async\" src=\"https:\/\/www.gwicgroup.com\/wp-content\/uploads\/elementor\/thumbs\/Tranfigura-1-qx91q28l9xca0q6kgzskdtfx7f66ijkxqw2y4di222.jpg\" title=\"Sede Trafigura Angola &#8211; GWIC \/ Proyectos\" alt=\"Sede Trafigura Angola - GWIC \/ Proyectos\" class=\"elementor-animation-grow\" loading=\"lazy\" \/>\t\t\t\t\t\t\t\t<\/a>\n\t\t\t\t\t\t\t\t\t\t\t\t\t\t\t<\/div>\n\t\t<div class=\"elementor-element elementor-element-1e7a7dd e-flex e-con-boxed wpr-particle-no wpr-jarallax-no wpr-parallax-no wpr-sticky-section-no wpr-equal-height-no e-con e-child\" data-id=\"1e7a7dd\" data-element_type=\"container\" data-e-type=\"container\" data-settings=\"{&quot;background_background&quot;:&quot;gradient&quot;}\">\n\t\t\t\t\t<div class=\"e-con-inner\">\n\t\t\t\t<div class=\"elementor-element elementor-element-e4360dd elementor-widget elementor-widget-heading\" data-id=\"e4360dd\" data-element_type=\"widget\" data-e-type=\"widget\" data-widget_type=\"heading.default\">\n\t\t\t\t\t<h2 class=\"elementor-heading-title elementor-size-default\">Sede de Trafigura Angola<\/h2>\t\t\t\t<\/div>\n\t\t\t\t<div data-premium-element-link=\"{&quot;type&quot;:&quot;url&quot;,&quot;link&quot;:{&quot;url&quot;:&quot;https:\\\/\\\/www.gwicgroup.com\\\/es\\\/proyectos\\\/sede-de-trafigura-angola\\\/&quot;,&quot;is_external&quot;:&quot;&quot;,&quot;nofollow&quot;:&quot;&quot;,&quot;custom_attributes&quot;:&quot;&quot;},&quot;href&quot;:&quot;https:\\\/\\\/www.gwicgroup.com\\\/es\\\/proyectos\\\/sede-de-trafigura-angola\\\/&quot;}\" style=\"cursor: pointer\" class=\"elementor-element elementor-element-71e76f7 elementor-align-left premium-wrapper-link-yes elementor-widget elementor-widget-button\" data-id=\"71e76f7\" data-element_type=\"widget\" data-e-type=\"widget\" data-widget_type=\"button.default\">\n\t\t\t\t\t\t\t\t\t\t<a class=\"elementor-button elementor-button-link elementor-size-sm\" href=\"https:\/\/www.gwicgroup.com\/es\/proyectos\/sede-de-trafigura-angola\/\">\n\t\t\t\t\t\t<span class=\"elementor-button-content-wrapper\">\n\t\t\t\t\t\t<span class=\"elementor-button-icon\">\n\t\t\t\t<i aria-hidden=\"true\" class=\"jki jki-arrow-right-solid\"><\/i>\t\t\t<\/span>\n\t\t\t\t\t\t\t\t\t<span class=\"elementor-button-text\">saber m\u00e1s<\/span>\n\t\t\t\t\t<\/span>\n\t\t\t\t\t<\/a>\n\t\t\t\t\t\t\t\t<\/div>\n\t\t\t\t\t<\/div>\n\t\t\t\t<\/div>\n\t\t\t\t\t<\/div>\n\t\t\t\t<\/div>\n\t\t\t\t<\/div>\n\t\t\t\t<div data-elementor-type=\"loop-item\" data-elementor-id=\"8256\" class=\"elementor elementor-8256 elementor-3464 elementor-3464 e-loop-item e-loop-item-8306 post-8306 projeto type-projeto status-publish has-post-thumbnail hentry category-infraestructura tag-angola-es\" data-elementor-post-type=\"elementor_library\" data-custom-edit-handle=\"1\">\n\t\t\t<div class=\"elementor-element elementor-element-95ae623 e-flex e-con-boxed wpr-particle-no wpr-jarallax-no wpr-parallax-no wpr-sticky-section-no wpr-equal-height-no e-con e-parent\" data-id=\"95ae623\" data-element_type=\"container\" data-e-type=\"container\" data-settings=\"{&quot;animation&quot;:&quot;none&quot;}\">\n\t\t\t\t\t<div class=\"e-con-inner\">\n\t\t\t\t<div class=\"elementor-element elementor-element-b3675fd elementor-widget elementor-widget-image\" data-id=\"b3675fd\" data-element_type=\"widget\" data-e-type=\"widget\" data-widget_type=\"image.default\">\n\t\t\t\t\t\t\t\t\t\t\t\t\t\t\t\t<a href=\"https:\/\/www.gwicgroup.com\/es\/proyectos\/centro-de-datos-del-grupo-raxio\/\">\n\t\t\t\t\t\t\t<img decoding=\"async\" src=\"https:\/\/www.gwicgroup.com\/wp-content\/uploads\/elementor\/thumbs\/Raxio-1-qx91q28l9xca0q6kgzskdtfx7f66ijkxqw2y4di222.jpg\" title=\"Centro de Datos del Grupo Raxio &#8211; GWIC \/ Proyectos\" alt=\"Centro de Datos del Grupo Raxio - GWIC \/ Proyectos\" class=\"elementor-animation-grow\" loading=\"lazy\" \/>\t\t\t\t\t\t\t\t<\/a>\n\t\t\t\t\t\t\t\t\t\t\t\t\t\t\t<\/div>\n\t\t<div class=\"elementor-element elementor-element-1e7a7dd e-flex e-con-boxed wpr-particle-no wpr-jarallax-no wpr-parallax-no wpr-sticky-section-no wpr-equal-height-no e-con e-child\" data-id=\"1e7a7dd\" data-element_type=\"container\" data-e-type=\"container\" data-settings=\"{&quot;background_background&quot;:&quot;gradient&quot;}\">\n\t\t\t\t\t<div class=\"e-con-inner\">\n\t\t\t\t<div class=\"elementor-element elementor-element-e4360dd elementor-widget elementor-widget-heading\" data-id=\"e4360dd\" data-element_type=\"widget\" data-e-type=\"widget\" data-widget_type=\"heading.default\">\n\t\t\t\t\t<h2 class=\"elementor-heading-title elementor-size-default\">Centro de Datos del Grupo Raxio<\/h2>\t\t\t\t<\/div>\n\t\t\t\t<div data-premium-element-link=\"{&quot;type&quot;:&quot;url&quot;,&quot;link&quot;:{&quot;url&quot;:&quot;https:\\\/\\\/www.gwicgroup.com\\\/es\\\/proyectos\\\/centro-de-datos-del-grupo-raxio\\\/&quot;,&quot;is_external&quot;:&quot;&quot;,&quot;nofollow&quot;:&quot;&quot;,&quot;custom_attributes&quot;:&quot;&quot;},&quot;href&quot;:&quot;https:\\\/\\\/www.gwicgroup.com\\\/es\\\/proyectos\\\/centro-de-datos-del-grupo-raxio\\\/&quot;}\" style=\"cursor: pointer\" class=\"elementor-element elementor-element-71e76f7 elementor-align-left premium-wrapper-link-yes elementor-widget elementor-widget-button\" data-id=\"71e76f7\" data-element_type=\"widget\" data-e-type=\"widget\" data-widget_type=\"button.default\">\n\t\t\t\t\t\t\t\t\t\t<a class=\"elementor-button elementor-button-link elementor-size-sm\" href=\"https:\/\/www.gwicgroup.com\/es\/proyectos\/centro-de-datos-del-grupo-raxio\/\">\n\t\t\t\t\t\t<span class=\"elementor-button-content-wrapper\">\n\t\t\t\t\t\t<span class=\"elementor-button-icon\">\n\t\t\t\t<i aria-hidden=\"true\" class=\"jki jki-arrow-right-solid\"><\/i>\t\t\t<\/span>\n\t\t\t\t\t\t\t\t\t<span class=\"elementor-button-text\">saber m\u00e1s<\/span>\n\t\t\t\t\t<\/span>\n\t\t\t\t\t<\/a>\n\t\t\t\t\t\t\t\t<\/div>\n\t\t\t\t\t<\/div>\n\t\t\t\t<\/div>\n\t\t\t\t\t<\/div>\n\t\t\t\t<\/div>\n\t\t\t\t<\/div>\n\t\t\t\t<div data-elementor-type=\"loop-item\" data-elementor-id=\"8256\" class=\"elementor elementor-8256 elementor-3464 elementor-3464 e-loop-item e-loop-item-10635 post-10635 projeto type-projeto status-publish has-post-thumbnail hentry category-edificios-es tag-angola-es\" data-elementor-post-type=\"elementor_library\" data-custom-edit-handle=\"1\">\n\t\t\t<div class=\"elementor-element elementor-element-95ae623 e-flex e-con-boxed wpr-particle-no wpr-jarallax-no wpr-parallax-no wpr-sticky-section-no wpr-equal-height-no e-con e-parent\" data-id=\"95ae623\" data-element_type=\"container\" data-e-type=\"container\" data-settings=\"{&quot;animation&quot;:&quot;none&quot;}\">\n\t\t\t\t\t<div class=\"e-con-inner\">\n\t\t\t\t<div class=\"elementor-element elementor-element-b3675fd elementor-widget elementor-widget-image\" data-id=\"b3675fd\" data-element_type=\"widget\" data-e-type=\"widget\" data-widget_type=\"image.default\">\n\t\t\t\t\t\t\t\t\t\t\t\t\t\t\t\t<a href=\"https:\/\/www.gwicgroup.com\/es\/proyectos\/talleres-de-reparacion-de-la-base-naval-de-luanda\/\">\n\t\t\t\t\t\t\t<img decoding=\"async\" src=\"https:\/\/www.gwicgroup.com\/wp-content\/uploads\/elementor\/thumbs\/BASE-NAVAL-1-qx91q28l9xca0q6kgzskdtfx7f66ijkxqw2y4di222.jpg\" title=\"Talleres de Reparaci\u00f3n de la Base Naval de Luanda &#8211; GWIC \/ Proyectos\" alt=\"Talleres de Reparaci\u00f3n de la Base Naval de Luanda - GWIC \/ Proyectos\" class=\"elementor-animation-grow\" loading=\"lazy\" \/>\t\t\t\t\t\t\t\t<\/a>\n\t\t\t\t\t\t\t\t\t\t\t\t\t\t\t<\/div>\n\t\t<div class=\"elementor-element elementor-element-1e7a7dd e-flex e-con-boxed wpr-particle-no wpr-jarallax-no wpr-parallax-no wpr-sticky-section-no wpr-equal-height-no e-con e-child\" data-id=\"1e7a7dd\" data-element_type=\"container\" data-e-type=\"container\" data-settings=\"{&quot;background_background&quot;:&quot;gradient&quot;}\">\n\t\t\t\t\t<div class=\"e-con-inner\">\n\t\t\t\t<div class=\"elementor-element elementor-element-e4360dd elementor-widget elementor-widget-heading\" data-id=\"e4360dd\" data-element_type=\"widget\" data-e-type=\"widget\" data-widget_type=\"heading.default\">\n\t\t\t\t\t<h2 class=\"elementor-heading-title elementor-size-default\">Talleres de Reparaci\u00f3n de la Base Naval de Luanda<\/h2>\t\t\t\t<\/div>\n\t\t\t\t<div data-premium-element-link=\"{&quot;type&quot;:&quot;url&quot;,&quot;link&quot;:{&quot;url&quot;:&quot;https:\\\/\\\/www.gwicgroup.com\\\/es\\\/proyectos\\\/talleres-de-reparacion-de-la-base-naval-de-luanda\\\/&quot;,&quot;is_external&quot;:&quot;&quot;,&quot;nofollow&quot;:&quot;&quot;,&quot;custom_attributes&quot;:&quot;&quot;},&quot;href&quot;:&quot;https:\\\/\\\/www.gwicgroup.com\\\/es\\\/proyectos\\\/talleres-de-reparacion-de-la-base-naval-de-luanda\\\/&quot;}\" style=\"cursor: pointer\" class=\"elementor-element elementor-element-71e76f7 elementor-align-left premium-wrapper-link-yes elementor-widget elementor-widget-button\" data-id=\"71e76f7\" data-element_type=\"widget\" data-e-type=\"widget\" data-widget_type=\"button.default\">\n\t\t\t\t\t\t\t\t\t\t<a class=\"elementor-button elementor-button-link elementor-size-sm\" href=\"https:\/\/www.gwicgroup.com\/es\/proyectos\/talleres-de-reparacion-de-la-base-naval-de-luanda\/\">\n\t\t\t\t\t\t<span class=\"elementor-button-content-wrapper\">\n\t\t\t\t\t\t<span class=\"elementor-button-icon\">\n\t\t\t\t<i aria-hidden=\"true\" class=\"jki jki-arrow-right-solid\"><\/i>\t\t\t<\/span>\n\t\t\t\t\t\t\t\t\t<span class=\"elementor-button-text\">saber m\u00e1s<\/span>\n\t\t\t\t\t<\/span>\n\t\t\t\t\t<\/a>\n\t\t\t\t\t\t\t\t<\/div>\n\t\t\t\t\t<\/div>\n\t\t\t\t<\/div>\n\t\t\t\t\t<\/div>\n\t\t\t\t<\/div>\n\t\t\t\t<\/div>\n\t\t\t\t<div data-elementor-type=\"loop-item\" data-elementor-id=\"8256\" class=\"elementor elementor-8256 elementor-3464 elementor-3464 e-loop-item e-loop-item-8293 post-8293 projeto type-projeto status-publish has-post-thumbnail hentry category-edificios-es tag-angola-es\" data-elementor-post-type=\"elementor_library\" data-custom-edit-handle=\"1\">\n\t\t\t<div class=\"elementor-element elementor-element-95ae623 e-flex e-con-boxed wpr-particle-no wpr-jarallax-no wpr-parallax-no wpr-sticky-section-no wpr-equal-height-no e-con e-parent\" data-id=\"95ae623\" data-element_type=\"container\" data-e-type=\"container\" data-settings=\"{&quot;animation&quot;:&quot;none&quot;}\">\n\t\t\t\t\t<div class=\"e-con-inner\">\n\t\t\t\t<div class=\"elementor-element elementor-element-b3675fd elementor-widget elementor-widget-image\" data-id=\"b3675fd\" data-element_type=\"widget\" data-e-type=\"widget\" data-widget_type=\"image.default\">\n\t\t\t\t\t\t\t\t\t\t\t\t\t\t\t\t<a href=\"https:\/\/www.gwicgroup.com\/es\/proyectos\/centro-de-datos-de-huawei-angola\/\">\n\t\t\t\t\t\t\t<img decoding=\"async\" src=\"https:\/\/www.gwicgroup.com\/wp-content\/uploads\/elementor\/thumbs\/Huawei-data-Center-2-qx91q28l9xca0q6kgzskdtfx7f66ijkxqw2y4di222.jpg\" title=\"Centro de Datos de Huawei Angola &#8211; GWIC \/ Proyectos\" alt=\"Centro de Datos de Huawei Angola - GWIC \/ Proyectos\" class=\"elementor-animation-grow\" loading=\"lazy\" \/>\t\t\t\t\t\t\t\t<\/a>\n\t\t\t\t\t\t\t\t\t\t\t\t\t\t\t<\/div>\n\t\t<div class=\"elementor-element elementor-element-1e7a7dd e-flex e-con-boxed wpr-particle-no wpr-jarallax-no wpr-parallax-no wpr-sticky-section-no wpr-equal-height-no e-con e-child\" data-id=\"1e7a7dd\" data-element_type=\"container\" data-e-type=\"container\" data-settings=\"{&quot;background_background&quot;:&quot;gradient&quot;}\">\n\t\t\t\t\t<div class=\"e-con-inner\">\n\t\t\t\t<div class=\"elementor-element elementor-element-e4360dd elementor-widget elementor-widget-heading\" data-id=\"e4360dd\" data-element_type=\"widget\" data-e-type=\"widget\" data-widget_type=\"heading.default\">\n\t\t\t\t\t<h2 class=\"elementor-heading-title elementor-size-default\">Centro de Datos de Huawei Angola<\/h2>\t\t\t\t<\/div>\n\t\t\t\t<div data-premium-element-link=\"{&quot;type&quot;:&quot;url&quot;,&quot;link&quot;:{&quot;url&quot;:&quot;https:\\\/\\\/www.gwicgroup.com\\\/es\\\/proyectos\\\/centro-de-datos-de-huawei-angola\\\/&quot;,&quot;is_external&quot;:&quot;&quot;,&quot;nofollow&quot;:&quot;&quot;,&quot;custom_attributes&quot;:&quot;&quot;},&quot;href&quot;:&quot;https:\\\/\\\/www.gwicgroup.com\\\/es\\\/proyectos\\\/centro-de-datos-de-huawei-angola\\\/&quot;}\" style=\"cursor: pointer\" class=\"elementor-element elementor-element-71e76f7 elementor-align-left premium-wrapper-link-yes elementor-widget elementor-widget-button\" data-id=\"71e76f7\" data-element_type=\"widget\" data-e-type=\"widget\" data-widget_type=\"button.default\">\n\t\t\t\t\t\t\t\t\t\t<a class=\"elementor-button elementor-button-link elementor-size-sm\" href=\"https:\/\/www.gwicgroup.com\/es\/proyectos\/centro-de-datos-de-huawei-angola\/\">\n\t\t\t\t\t\t<span class=\"elementor-button-content-wrapper\">\n\t\t\t\t\t\t<span class=\"elementor-button-icon\">\n\t\t\t\t<i aria-hidden=\"true\" class=\"jki jki-arrow-right-solid\"><\/i>\t\t\t<\/span>\n\t\t\t\t\t\t\t\t\t<span class=\"elementor-button-text\">saber m\u00e1s<\/span>\n\t\t\t\t\t<\/span>\n\t\t\t\t\t<\/a>\n\t\t\t\t\t\t\t\t<\/div>\n\t\t\t\t\t<\/div>\n\t\t\t\t<\/div>\n\t\t\t\t\t<\/div>\n\t\t\t\t<\/div>\n\t\t\t\t<\/div>\n\t\t\t\t<div data-elementor-type=\"loop-item\" data-elementor-id=\"8256\" class=\"elementor elementor-8256 elementor-3464 elementor-3464 e-loop-item e-loop-item-10680 post-10680 projeto type-projeto status-publish has-post-thumbnail hentry category-edificios-es tag-sao-tome-y-principe\" data-elementor-post-type=\"elementor_library\" data-custom-edit-handle=\"1\">\n\t\t\t<div class=\"elementor-element elementor-element-95ae623 e-flex e-con-boxed wpr-particle-no wpr-jarallax-no wpr-parallax-no wpr-sticky-section-no wpr-equal-height-no e-con e-parent\" data-id=\"95ae623\" data-element_type=\"container\" data-e-type=\"container\" data-settings=\"{&quot;animation&quot;:&quot;none&quot;}\">\n\t\t\t\t\t<div class=\"e-con-inner\">\n\t\t\t\t<div class=\"elementor-element elementor-element-b3675fd elementor-widget elementor-widget-image\" data-id=\"b3675fd\" data-element_type=\"widget\" data-e-type=\"widget\" data-widget_type=\"image.default\">\n\t\t\t\t\t\t\t\t\t\t\t\t\t\t\t\t<a href=\"https:\/\/www.gwicgroup.com\/es\/proyectos\/rehabilitacion-de-escuelas-en-sao-tome-y-principe\/\">\n\t\t\t\t\t\t\t<img decoding=\"async\" src=\"https:\/\/www.gwicgroup.com\/wp-content\/uploads\/elementor\/thumbs\/STP-1-qx91q28l9xca0q6kgzskdtfx7f66ijkxqw2y4di222.jpg\" title=\"Rehabilitaci\u00f3n de Escuelas en S\u00e3o Tom\u00e9 y Pr\u00edncipe &#8211; GWIC \/ Proyectos\" alt=\"Rehabilitaci\u00f3n de Escuelas en S\u00e3o Tom\u00e9 y Pr\u00edncipe - GWIC \/ Proyectos\" class=\"elementor-animation-grow\" loading=\"lazy\" \/>\t\t\t\t\t\t\t\t<\/a>\n\t\t\t\t\t\t\t\t\t\t\t\t\t\t\t<\/div>\n\t\t<div class=\"elementor-element elementor-element-1e7a7dd e-flex e-con-boxed wpr-particle-no wpr-jarallax-no wpr-parallax-no wpr-sticky-section-no wpr-equal-height-no e-con e-child\" data-id=\"1e7a7dd\" data-element_type=\"container\" data-e-type=\"container\" data-settings=\"{&quot;background_background&quot;:&quot;gradient&quot;}\">\n\t\t\t\t\t<div class=\"e-con-inner\">\n\t\t\t\t<div class=\"elementor-element elementor-element-e4360dd elementor-widget elementor-widget-heading\" data-id=\"e4360dd\" data-element_type=\"widget\" data-e-type=\"widget\" data-widget_type=\"heading.default\">\n\t\t\t\t\t<h2 class=\"elementor-heading-title elementor-size-default\">Rehabilitaci\u00f3n de Escuelas en S\u00e3o Tom\u00e9 y Pr\u00edncipe<\/h2>\t\t\t\t<\/div>\n\t\t\t\t<div data-premium-element-link=\"{&quot;type&quot;:&quot;url&quot;,&quot;link&quot;:{&quot;url&quot;:&quot;https:\\\/\\\/www.gwicgroup.com\\\/es\\\/proyectos\\\/rehabilitacion-de-escuelas-en-sao-tome-y-principe\\\/&quot;,&quot;is_external&quot;:&quot;&quot;,&quot;nofollow&quot;:&quot;&quot;,&quot;custom_attributes&quot;:&quot;&quot;},&quot;href&quot;:&quot;https:\\\/\\\/www.gwicgroup.com\\\/es\\\/proyectos\\\/rehabilitacion-de-escuelas-en-sao-tome-y-principe\\\/&quot;}\" style=\"cursor: pointer\" class=\"elementor-element elementor-element-71e76f7 elementor-align-left premium-wrapper-link-yes elementor-widget elementor-widget-button\" data-id=\"71e76f7\" data-element_type=\"widget\" data-e-type=\"widget\" data-widget_type=\"button.default\">\n\t\t\t\t\t\t\t\t\t\t<a class=\"elementor-button elementor-button-link elementor-size-sm\" href=\"https:\/\/www.gwicgroup.com\/es\/proyectos\/rehabilitacion-de-escuelas-en-sao-tome-y-principe\/\">\n\t\t\t\t\t\t<span class=\"elementor-button-content-wrapper\">\n\t\t\t\t\t\t<span class=\"elementor-button-icon\">\n\t\t\t\t<i aria-hidden=\"true\" class=\"jki jki-arrow-right-solid\"><\/i>\t\t\t<\/span>\n\t\t\t\t\t\t\t\t\t<span class=\"elementor-button-text\">saber m\u00e1s<\/span>\n\t\t\t\t\t<\/span>\n\t\t\t\t\t<\/a>\n\t\t\t\t\t\t\t\t<\/div>\n\t\t\t\t\t<\/div>\n\t\t\t\t<\/div>\n\t\t\t\t\t<\/div>\n\t\t\t\t<\/div>\n\t\t\t\t<\/div>\n\t\t\t\t<div data-elementor-type=\"loop-item\" data-elementor-id=\"8256\" class=\"elementor elementor-8256 elementor-3464 elementor-3464 e-loop-item e-loop-item-10577 post-10577 projeto type-projeto status-publish has-post-thumbnail hentry category-edificios-es tag-angola-es\" data-elementor-post-type=\"elementor_library\" data-custom-edit-handle=\"1\">\n\t\t\t<div class=\"elementor-element elementor-element-95ae623 e-flex e-con-boxed wpr-particle-no wpr-jarallax-no wpr-parallax-no wpr-sticky-section-no wpr-equal-height-no e-con e-parent\" data-id=\"95ae623\" data-element_type=\"container\" data-e-type=\"container\" data-settings=\"{&quot;animation&quot;:&quot;none&quot;}\">\n\t\t\t\t\t<div class=\"e-con-inner\">\n\t\t\t\t<div class=\"elementor-element elementor-element-b3675fd elementor-widget elementor-widget-image\" data-id=\"b3675fd\" data-element_type=\"widget\" data-e-type=\"widget\" data-widget_type=\"image.default\">\n\t\t\t\t\t\t\t\t\t\t\t\t\t\t\t\t<a href=\"https:\/\/www.gwicgroup.com\/es\/proyectos\/instituto-angoleno-de-control-del-cancer\/\">\n\t\t\t\t\t\t\t<img decoding=\"async\" src=\"https:\/\/www.gwicgroup.com\/wp-content\/uploads\/elementor\/thumbs\/PROJETO_cancer_inst_6-qx91qufqyyevp11lwbzdgmbr0zb6xgovurniioc8ve.jpg\" title=\"Instituto Angole\u00f1o de Control del C\u00e1ncer &#8211; GWIC \/ Proyectos\" alt=\"Instituto Angole\u00f1o de Control del C\u00e1ncer - GWIC \/ Proyectos\" class=\"elementor-animation-grow\" loading=\"lazy\" \/>\t\t\t\t\t\t\t\t<\/a>\n\t\t\t\t\t\t\t\t\t\t\t\t\t\t\t<\/div>\n\t\t<div class=\"elementor-element elementor-element-1e7a7dd e-flex e-con-boxed wpr-particle-no wpr-jarallax-no wpr-parallax-no wpr-sticky-section-no wpr-equal-height-no e-con e-child\" data-id=\"1e7a7dd\" data-element_type=\"container\" data-e-type=\"container\" data-settings=\"{&quot;background_background&quot;:&quot;gradient&quot;}\">\n\t\t\t\t\t<div class=\"e-con-inner\">\n\t\t\t\t<div class=\"elementor-element elementor-element-e4360dd elementor-widget elementor-widget-heading\" data-id=\"e4360dd\" data-element_type=\"widget\" data-e-type=\"widget\" data-widget_type=\"heading.default\">\n\t\t\t\t\t<h2 class=\"elementor-heading-title elementor-size-default\">Instituto Angole\u00f1o de Control del C\u00e1ncer<\/h2>\t\t\t\t<\/div>\n\t\t\t\t<div data-premium-element-link=\"{&quot;type&quot;:&quot;url&quot;,&quot;link&quot;:{&quot;url&quot;:&quot;https:\\\/\\\/www.gwicgroup.com\\\/es\\\/proyectos\\\/instituto-angoleno-de-control-del-cancer\\\/&quot;,&quot;is_external&quot;:&quot;&quot;,&quot;nofollow&quot;:&quot;&quot;,&quot;custom_attributes&quot;:&quot;&quot;},&quot;href&quot;:&quot;https:\\\/\\\/www.gwicgroup.com\\\/es\\\/proyectos\\\/instituto-angoleno-de-control-del-cancer\\\/&quot;}\" style=\"cursor: pointer\" class=\"elementor-element elementor-element-71e76f7 elementor-align-left premium-wrapper-link-yes elementor-widget elementor-widget-button\" data-id=\"71e76f7\" data-element_type=\"widget\" data-e-type=\"widget\" data-widget_type=\"button.default\">\n\t\t\t\t\t\t\t\t\t\t<a class=\"elementor-button elementor-button-link elementor-size-sm\" href=\"https:\/\/www.gwicgroup.com\/es\/proyectos\/instituto-angoleno-de-control-del-cancer\/\">\n\t\t\t\t\t\t<span class=\"elementor-button-content-wrapper\">\n\t\t\t\t\t\t<span class=\"elementor-button-icon\">\n\t\t\t\t<i aria-hidden=\"true\" class=\"jki jki-arrow-right-solid\"><\/i>\t\t\t<\/span>\n\t\t\t\t\t\t\t\t\t<span class=\"elementor-button-text\">saber m\u00e1s<\/span>\n\t\t\t\t\t<\/span>\n\t\t\t\t\t<\/a>\n\t\t\t\t\t\t\t\t<\/div>\n\t\t\t\t\t<\/div>\n\t\t\t\t<\/div>\n\t\t\t\t\t<\/div>\n\t\t\t\t<\/div>\n\t\t\t\t<\/div>\n\t\t\t\t<div data-elementor-type=\"loop-item\" data-elementor-id=\"8256\" class=\"elementor elementor-8256 elementor-3464 elementor-3464 e-loop-item e-loop-item-10448 post-10448 projeto type-projeto status-publish has-post-thumbnail hentry category-infraestructura tag-mozambique-es\" data-elementor-post-type=\"elementor_library\" data-custom-edit-handle=\"1\">\n\t\t\t<div class=\"elementor-element elementor-element-95ae623 e-flex e-con-boxed wpr-particle-no wpr-jarallax-no wpr-parallax-no wpr-sticky-section-no wpr-equal-height-no e-con e-parent\" data-id=\"95ae623\" data-element_type=\"container\" data-e-type=\"container\" data-settings=\"{&quot;animation&quot;:&quot;none&quot;}\">\n\t\t\t\t\t<div class=\"e-con-inner\">\n\t\t\t\t<div class=\"elementor-element elementor-element-b3675fd elementor-widget elementor-widget-image\" data-id=\"b3675fd\" data-element_type=\"widget\" data-e-type=\"widget\" data-widget_type=\"image.default\">\n\t\t\t\t\t\t\t\t\t\t\t\t\t\t\t\t<a href=\"https:\/\/www.gwicgroup.com\/es\/proyectos\/planta-de-tratamiento-de-aguas-residuales-de-infulene\/\">\n\t\t\t\t\t\t\t<img decoding=\"async\" src=\"https:\/\/www.gwicgroup.com\/wp-content\/uploads\/elementor\/thumbs\/Infulene-qx91q0cww99pdi9aryzb8tx00nfg35dh2mrz5tkuei.jpg\" title=\"Planta de Tratamiento de Aguas Residuales de Infulene &#8211; GWIC \/ Proyectos\" alt=\"Planta de Tratamiento de Aguas Residuales de Infulene - GWIC \/ Proyectos\" class=\"elementor-animation-grow\" loading=\"lazy\" \/>\t\t\t\t\t\t\t\t<\/a>\n\t\t\t\t\t\t\t\t\t\t\t\t\t\t\t<\/div>\n\t\t<div class=\"elementor-element elementor-element-1e7a7dd e-flex e-con-boxed wpr-particle-no wpr-jarallax-no wpr-parallax-no wpr-sticky-section-no wpr-equal-height-no e-con e-child\" data-id=\"1e7a7dd\" data-element_type=\"container\" data-e-type=\"container\" data-settings=\"{&quot;background_background&quot;:&quot;gradient&quot;}\">\n\t\t\t\t\t<div class=\"e-con-inner\">\n\t\t\t\t<div class=\"elementor-element elementor-element-e4360dd elementor-widget elementor-widget-heading\" data-id=\"e4360dd\" data-element_type=\"widget\" data-e-type=\"widget\" data-widget_type=\"heading.default\">\n\t\t\t\t\t<h2 class=\"elementor-heading-title elementor-size-default\">Planta de Tratamiento de Aguas Residuales de Infulene<\/h2>\t\t\t\t<\/div>\n\t\t\t\t<div data-premium-element-link=\"{&quot;type&quot;:&quot;url&quot;,&quot;link&quot;:{&quot;url&quot;:&quot;https:\\\/\\\/www.gwicgroup.com\\\/es\\\/proyectos\\\/planta-de-tratamiento-de-aguas-residuales-de-infulene\\\/&quot;,&quot;is_external&quot;:&quot;&quot;,&quot;nofollow&quot;:&quot;&quot;,&quot;custom_attributes&quot;:&quot;&quot;},&quot;href&quot;:&quot;https:\\\/\\\/www.gwicgroup.com\\\/es\\\/proyectos\\\/planta-de-tratamiento-de-aguas-residuales-de-infulene\\\/&quot;}\" style=\"cursor: pointer\" class=\"elementor-element elementor-element-71e76f7 elementor-align-left premium-wrapper-link-yes elementor-widget elementor-widget-button\" data-id=\"71e76f7\" data-element_type=\"widget\" data-e-type=\"widget\" data-widget_type=\"button.default\">\n\t\t\t\t\t\t\t\t\t\t<a class=\"elementor-button elementor-button-link elementor-size-sm\" href=\"https:\/\/www.gwicgroup.com\/es\/proyectos\/planta-de-tratamiento-de-aguas-residuales-de-infulene\/\">\n\t\t\t\t\t\t<span class=\"elementor-button-content-wrapper\">\n\t\t\t\t\t\t<span class=\"elementor-button-icon\">\n\t\t\t\t<i aria-hidden=\"true\" class=\"jki jki-arrow-right-solid\"><\/i>\t\t\t<\/span>\n\t\t\t\t\t\t\t\t\t<span class=\"elementor-button-text\">saber m\u00e1s<\/span>\n\t\t\t\t\t<\/span>\n\t\t\t\t\t<\/a>\n\t\t\t\t\t\t\t\t<\/div>\n\t\t\t\t\t<\/div>\n\t\t\t\t<\/div>\n\t\t\t\t\t<\/div>\n\t\t\t\t<\/div>\n\t\t\t\t<\/div>\n\t\t\t\t<div data-elementor-type=\"loop-item\" data-elementor-id=\"8256\" class=\"elementor elementor-8256 elementor-3464 elementor-3464 e-loop-item e-loop-item-10687 post-10687 projeto type-projeto status-publish has-post-thumbnail hentry category-edificios-es tag-mozambique-es\" data-elementor-post-type=\"elementor_library\" data-custom-edit-handle=\"1\">\n\t\t\t<div class=\"elementor-element elementor-element-95ae623 e-flex e-con-boxed wpr-particle-no wpr-jarallax-no wpr-parallax-no wpr-sticky-section-no wpr-equal-height-no e-con e-parent\" data-id=\"95ae623\" data-element_type=\"container\" data-e-type=\"container\" data-settings=\"{&quot;animation&quot;:&quot;none&quot;}\">\n\t\t\t\t\t<div class=\"e-con-inner\">\n\t\t\t\t<div class=\"elementor-element elementor-element-b3675fd elementor-widget elementor-widget-image\" data-id=\"b3675fd\" data-element_type=\"widget\" data-e-type=\"widget\" data-widget_type=\"image.default\">\n\t\t\t\t\t\t\t\t\t\t\t\t\t\t\t\t<a href=\"https:\/\/www.gwicgroup.com\/es\/proyectos\/rehabilitacion-de-infraestructura-publica-en-la-provincia-de-sofala\/\">\n\t\t\t\t\t\t\t<img decoding=\"async\" src=\"https:\/\/www.gwicgroup.com\/wp-content\/uploads\/elementor\/thumbs\/SOFALA-2-qx91q1ar33azp47xmhdxtbogm1atauh7erfgn3jg8a.jpg\" title=\"Rehabilitaci\u00f3n de Infraestructura P\u00fablica en la Provincia de Sofala &#8211; GWIC \/ Proyectos\" alt=\"Rehabilitaci\u00f3n de Infraestructura P\u00fablica en la Provincia de Sofala - GWIC \/ Proyectos\" class=\"elementor-animation-grow\" loading=\"lazy\" \/>\t\t\t\t\t\t\t\t<\/a>\n\t\t\t\t\t\t\t\t\t\t\t\t\t\t\t<\/div>\n\t\t<div class=\"elementor-element elementor-element-1e7a7dd e-flex e-con-boxed wpr-particle-no wpr-jarallax-no wpr-parallax-no wpr-sticky-section-no wpr-equal-height-no e-con e-child\" data-id=\"1e7a7dd\" data-element_type=\"container\" data-e-type=\"container\" data-settings=\"{&quot;background_background&quot;:&quot;gradient&quot;}\">\n\t\t\t\t\t<div class=\"e-con-inner\">\n\t\t\t\t<div class=\"elementor-element elementor-element-e4360dd elementor-widget elementor-widget-heading\" data-id=\"e4360dd\" data-element_type=\"widget\" data-e-type=\"widget\" data-widget_type=\"heading.default\">\n\t\t\t\t\t<h2 class=\"elementor-heading-title elementor-size-default\">Rehabilitaci\u00f3n de Infraestructura P\u00fablica en la Provincia de Sofala<\/h2>\t\t\t\t<\/div>\n\t\t\t\t<div data-premium-element-link=\"{&quot;type&quot;:&quot;url&quot;,&quot;link&quot;:{&quot;url&quot;:&quot;https:\\\/\\\/www.gwicgroup.com\\\/es\\\/proyectos\\\/rehabilitacion-de-infraestructura-publica-en-la-provincia-de-sofala\\\/&quot;,&quot;is_external&quot;:&quot;&quot;,&quot;nofollow&quot;:&quot;&quot;,&quot;custom_attributes&quot;:&quot;&quot;},&quot;href&quot;:&quot;https:\\\/\\\/www.gwicgroup.com\\\/es\\\/proyectos\\\/rehabilitacion-de-infraestructura-publica-en-la-provincia-de-sofala\\\/&quot;}\" style=\"cursor: pointer\" class=\"elementor-element elementor-element-71e76f7 elementor-align-left premium-wrapper-link-yes elementor-widget elementor-widget-button\" data-id=\"71e76f7\" data-element_type=\"widget\" data-e-type=\"widget\" data-widget_type=\"button.default\">\n\t\t\t\t\t\t\t\t\t\t<a class=\"elementor-button elementor-button-link elementor-size-sm\" href=\"https:\/\/www.gwicgroup.com\/es\/proyectos\/rehabilitacion-de-infraestructura-publica-en-la-provincia-de-sofala\/\">\n\t\t\t\t\t\t<span class=\"elementor-button-content-wrapper\">\n\t\t\t\t\t\t<span class=\"elementor-button-icon\">\n\t\t\t\t<i aria-hidden=\"true\" class=\"jki jki-arrow-right-solid\"><\/i>\t\t\t<\/span>\n\t\t\t\t\t\t\t\t\t<span class=\"elementor-button-text\">saber m\u00e1s<\/span>\n\t\t\t\t\t<\/span>\n\t\t\t\t\t<\/a>\n\t\t\t\t\t\t\t\t<\/div>\n\t\t\t\t\t<\/div>\n\t\t\t\t<\/div>\n\t\t\t\t\t<\/div>\n\t\t\t\t<\/div>\n\t\t\t\t<\/div>\n\t\t\t\t<div data-elementor-type=\"loop-item\" data-elementor-id=\"8256\" class=\"elementor elementor-8256 elementor-3464 elementor-3464 e-loop-item e-loop-item-10531 post-10531 projeto type-projeto status-publish has-post-thumbnail hentry category-edificios-es tag-portugal-es\" data-elementor-post-type=\"elementor_library\" data-custom-edit-handle=\"1\">\n\t\t\t<div class=\"elementor-element elementor-element-95ae623 e-flex e-con-boxed wpr-particle-no wpr-jarallax-no wpr-parallax-no wpr-sticky-section-no wpr-equal-height-no e-con e-parent\" data-id=\"95ae623\" data-element_type=\"container\" data-e-type=\"container\" data-settings=\"{&quot;animation&quot;:&quot;none&quot;}\">\n\t\t\t\t\t<div class=\"e-con-inner\">\n\t\t\t\t<div class=\"elementor-element elementor-element-b3675fd elementor-widget elementor-widget-image\" data-id=\"b3675fd\" data-element_type=\"widget\" data-e-type=\"widget\" data-widget_type=\"image.default\">\n\t\t\t\t\t\t\t\t\t\t\t\t\t\t\t\t<a href=\"https:\/\/www.gwicgroup.com\/es\/proyectos\/hotel-almalusa-alfama\/\">\n\t\t\t\t\t\t\t<img decoding=\"async\" src=\"https:\/\/www.gwicgroup.com\/wp-content\/uploads\/elementor\/thumbs\/Almalusa-1-qx91q28l9xca0q6kgzskdtfx7f66ijkxqw2y4di222.jpg\" title=\"Almalusa Alfama Hotel &#8211; GWIC \/ Proyectos\" alt=\"Almalusa Alfama Hotel - GWIC \/ Proyectos\" class=\"elementor-animation-grow\" loading=\"lazy\" \/>\t\t\t\t\t\t\t\t<\/a>\n\t\t\t\t\t\t\t\t\t\t\t\t\t\t\t<\/div>\n\t\t<div class=\"elementor-element elementor-element-1e7a7dd e-flex e-con-boxed wpr-particle-no wpr-jarallax-no wpr-parallax-no wpr-sticky-section-no wpr-equal-height-no e-con e-child\" data-id=\"1e7a7dd\" data-element_type=\"container\" data-e-type=\"container\" data-settings=\"{&quot;background_background&quot;:&quot;gradient&quot;}\">\n\t\t\t\t\t<div class=\"e-con-inner\">\n\t\t\t\t<div class=\"elementor-element elementor-element-e4360dd elementor-widget elementor-widget-heading\" data-id=\"e4360dd\" data-element_type=\"widget\" data-e-type=\"widget\" data-widget_type=\"heading.default\">\n\t\t\t\t\t<h2 class=\"elementor-heading-title elementor-size-default\">Hotel Almalusa Alfama<\/h2>\t\t\t\t<\/div>\n\t\t\t\t<div data-premium-element-link=\"{&quot;type&quot;:&quot;url&quot;,&quot;link&quot;:{&quot;url&quot;:&quot;https:\\\/\\\/www.gwicgroup.com\\\/es\\\/proyectos\\\/hotel-almalusa-alfama\\\/&quot;,&quot;is_external&quot;:&quot;&quot;,&quot;nofollow&quot;:&quot;&quot;,&quot;custom_attributes&quot;:&quot;&quot;},&quot;href&quot;:&quot;https:\\\/\\\/www.gwicgroup.com\\\/es\\\/proyectos\\\/hotel-almalusa-alfama\\\/&quot;}\" style=\"cursor: pointer\" class=\"elementor-element elementor-element-71e76f7 elementor-align-left premium-wrapper-link-yes elementor-widget elementor-widget-button\" data-id=\"71e76f7\" data-element_type=\"widget\" data-e-type=\"widget\" data-widget_type=\"button.default\">\n\t\t\t\t\t\t\t\t\t\t<a class=\"elementor-button elementor-button-link elementor-size-sm\" href=\"https:\/\/www.gwicgroup.com\/es\/proyectos\/hotel-almalusa-alfama\/\">\n\t\t\t\t\t\t<span class=\"elementor-button-content-wrapper\">\n\t\t\t\t\t\t<span class=\"elementor-button-icon\">\n\t\t\t\t<i aria-hidden=\"true\" class=\"jki jki-arrow-right-solid\"><\/i>\t\t\t<\/span>\n\t\t\t\t\t\t\t\t\t<span class=\"elementor-button-text\">saber m\u00e1s<\/span>\n\t\t\t\t\t<\/span>\n\t\t\t\t\t<\/a>\n\t\t\t\t\t\t\t\t<\/div>\n\t\t\t\t\t<\/div>\n\t\t\t\t<\/div>\n\t\t\t\t\t<\/div>\n\t\t\t\t<\/div>\n\t\t\t\t<\/div>\n\t\t\t\t<div data-elementor-type=\"loop-item\" data-elementor-id=\"8256\" class=\"elementor elementor-8256 elementor-3464 elementor-3464 e-loop-item e-loop-item-10516 post-10516 projeto type-projeto status-publish has-post-thumbnail hentry category-edificios-es tag-angola-es\" data-elementor-post-type=\"elementor_library\" data-custom-edit-handle=\"1\">\n\t\t\t<div class=\"elementor-element elementor-element-95ae623 e-flex e-con-boxed wpr-particle-no wpr-jarallax-no wpr-parallax-no wpr-sticky-section-no wpr-equal-height-no e-con e-parent\" data-id=\"95ae623\" data-element_type=\"container\" data-e-type=\"container\" data-settings=\"{&quot;animation&quot;:&quot;none&quot;}\">\n\t\t\t\t\t<div class=\"e-con-inner\">\n\t\t\t\t<div class=\"elementor-element elementor-element-b3675fd elementor-widget elementor-widget-image\" data-id=\"b3675fd\" data-element_type=\"widget\" data-e-type=\"widget\" data-widget_type=\"image.default\">\n\t\t\t\t\t\t\t\t\t\t\t\t\t\t\t\t<a href=\"https:\/\/www.gwicgroup.com\/es\/proyectos\/hospital-de-maternidad-en-cabinda\/\">\n\t\t\t\t\t\t\t<img decoding=\"async\" src=\"https:\/\/www.gwicgroup.com\/wp-content\/uploads\/elementor\/thumbs\/Maternity-1-qx91q28l9xca0q6kgzskdtfx7f66ijkxqw2y4di222.jpg\" title=\"Hospital de Maternidad en Cabinda &#8211; GWIC \/Proyectos\" alt=\"Hospital de Maternidad en Cabinda - GWIC \/Proyectos\" class=\"elementor-animation-grow\" loading=\"lazy\" \/>\t\t\t\t\t\t\t\t<\/a>\n\t\t\t\t\t\t\t\t\t\t\t\t\t\t\t<\/div>\n\t\t<div class=\"elementor-element elementor-element-1e7a7dd e-flex e-con-boxed wpr-particle-no wpr-jarallax-no wpr-parallax-no wpr-sticky-section-no wpr-equal-height-no e-con e-child\" data-id=\"1e7a7dd\" data-element_type=\"container\" data-e-type=\"container\" data-settings=\"{&quot;background_background&quot;:&quot;gradient&quot;}\">\n\t\t\t\t\t<div class=\"e-con-inner\">\n\t\t\t\t<div class=\"elementor-element elementor-element-e4360dd elementor-widget elementor-widget-heading\" data-id=\"e4360dd\" data-element_type=\"widget\" data-e-type=\"widget\" data-widget_type=\"heading.default\">\n\t\t\t\t\t<h2 class=\"elementor-heading-title elementor-size-default\">Hospital de Maternidad en Cabinda<\/h2>\t\t\t\t<\/div>\n\t\t\t\t<div data-premium-element-link=\"{&quot;type&quot;:&quot;url&quot;,&quot;link&quot;:{&quot;url&quot;:&quot;https:\\\/\\\/www.gwicgroup.com\\\/es\\\/proyectos\\\/hospital-de-maternidad-en-cabinda\\\/&quot;,&quot;is_external&quot;:&quot;&quot;,&quot;nofollow&quot;:&quot;&quot;,&quot;custom_attributes&quot;:&quot;&quot;},&quot;href&quot;:&quot;https:\\\/\\\/www.gwicgroup.com\\\/es\\\/proyectos\\\/hospital-de-maternidad-en-cabinda\\\/&quot;}\" style=\"cursor: pointer\" class=\"elementor-element elementor-element-71e76f7 elementor-align-left premium-wrapper-link-yes elementor-widget elementor-widget-button\" data-id=\"71e76f7\" data-element_type=\"widget\" data-e-type=\"widget\" data-widget_type=\"button.default\">\n\t\t\t\t\t\t\t\t\t\t<a class=\"elementor-button elementor-button-link elementor-size-sm\" href=\"https:\/\/www.gwicgroup.com\/es\/proyectos\/hospital-de-maternidad-en-cabinda\/\">\n\t\t\t\t\t\t<span class=\"elementor-button-content-wrapper\">\n\t\t\t\t\t\t<span class=\"elementor-button-icon\">\n\t\t\t\t<i aria-hidden=\"true\" class=\"jki jki-arrow-right-solid\"><\/i>\t\t\t<\/span>\n\t\t\t\t\t\t\t\t\t<span class=\"elementor-button-text\">saber m\u00e1s<\/span>\n\t\t\t\t\t<\/span>\n\t\t\t\t\t<\/a>\n\t\t\t\t\t\t\t\t<\/div>\n\t\t\t\t\t<\/div>\n\t\t\t\t<\/div>\n\t\t\t\t\t<\/div>\n\t\t\t\t<\/div>\n\t\t\t\t<\/div>\n\t\t\t\t<div data-elementor-type=\"loop-item\" data-elementor-id=\"8256\" class=\"elementor elementor-8256 elementor-3464 elementor-3464 e-loop-item e-loop-item-8280 post-8280 projeto type-projeto status-publish has-post-thumbnail hentry category-infraestructura tag-angola-es\" data-elementor-post-type=\"elementor_library\" data-custom-edit-handle=\"1\">\n\t\t\t<div class=\"elementor-element elementor-element-95ae623 e-flex e-con-boxed wpr-particle-no wpr-jarallax-no wpr-parallax-no wpr-sticky-section-no wpr-equal-height-no e-con e-parent\" data-id=\"95ae623\" data-element_type=\"container\" data-e-type=\"container\" data-settings=\"{&quot;animation&quot;:&quot;none&quot;}\">\n\t\t\t\t\t<div class=\"e-con-inner\">\n\t\t\t\t<div class=\"elementor-element elementor-element-b3675fd elementor-widget elementor-widget-image\" data-id=\"b3675fd\" data-element_type=\"widget\" data-e-type=\"widget\" data-widget_type=\"image.default\">\n\t\t\t\t\t\t\t\t\t\t\t\t\t\t\t\t<a href=\"https:\/\/www.gwicgroup.com\/es\/proyectos\/construccion-y-rehabilitacion-de-carreteras-urbanas-en-la-provincia-de-zaire\/\">\n\t\t\t\t\t\t\t<img decoding=\"async\" src=\"https:\/\/www.gwicgroup.com\/wp-content\/uploads\/elementor\/thumbs\/PROVINCIA_ZAIRE_2-qx91qha0b9wv6hkq16alhpnapl41xp8n4yipssvrai.jpg\" title=\"Construcci\u00f3n y Rehabilitaci\u00f3n de Carreteras Urbanas en la Provincia de Zaire &#8211; GWIC \/ Proyectos\" alt=\"Construcci\u00f3n y Rehabilitaci\u00f3n de Carreteras Urbanas en la Provincia de Zaire - GWIC \/ Proyectos\" class=\"elementor-animation-grow\" loading=\"lazy\" \/>\t\t\t\t\t\t\t\t<\/a>\n\t\t\t\t\t\t\t\t\t\t\t\t\t\t\t<\/div>\n\t\t<div class=\"elementor-element elementor-element-1e7a7dd e-flex e-con-boxed wpr-particle-no wpr-jarallax-no wpr-parallax-no wpr-sticky-section-no wpr-equal-height-no e-con e-child\" data-id=\"1e7a7dd\" data-element_type=\"container\" data-e-type=\"container\" data-settings=\"{&quot;background_background&quot;:&quot;gradient&quot;}\">\n\t\t\t\t\t<div class=\"e-con-inner\">\n\t\t\t\t<div class=\"elementor-element elementor-element-e4360dd elementor-widget elementor-widget-heading\" data-id=\"e4360dd\" data-element_type=\"widget\" data-e-type=\"widget\" data-widget_type=\"heading.default\">\n\t\t\t\t\t<h2 class=\"elementor-heading-title elementor-size-default\">Construcci\u00f3n y Rehabilitaci\u00f3n de Carreteras Urbanas en la Provincia de Zaire<\/h2>\t\t\t\t<\/div>\n\t\t\t\t<div data-premium-element-link=\"{&quot;type&quot;:&quot;url&quot;,&quot;link&quot;:{&quot;url&quot;:&quot;https:\\\/\\\/www.gwicgroup.com\\\/es\\\/proyectos\\\/construccion-y-rehabilitacion-de-carreteras-urbanas-en-la-provincia-de-zaire\\\/&quot;,&quot;is_external&quot;:&quot;&quot;,&quot;nofollow&quot;:&quot;&quot;,&quot;custom_attributes&quot;:&quot;&quot;},&quot;href&quot;:&quot;https:\\\/\\\/www.gwicgroup.com\\\/es\\\/proyectos\\\/construccion-y-rehabilitacion-de-carreteras-urbanas-en-la-provincia-de-zaire\\\/&quot;}\" style=\"cursor: pointer\" class=\"elementor-element elementor-element-71e76f7 elementor-align-left premium-wrapper-link-yes elementor-widget elementor-widget-button\" data-id=\"71e76f7\" data-element_type=\"widget\" data-e-type=\"widget\" data-widget_type=\"button.default\">\n\t\t\t\t\t\t\t\t\t\t<a class=\"elementor-button elementor-button-link elementor-size-sm\" href=\"https:\/\/www.gwicgroup.com\/es\/proyectos\/construccion-y-rehabilitacion-de-carreteras-urbanas-en-la-provincia-de-zaire\/\">\n\t\t\t\t\t\t<span class=\"elementor-button-content-wrapper\">\n\t\t\t\t\t\t<span class=\"elementor-button-icon\">\n\t\t\t\t<i aria-hidden=\"true\" class=\"jki jki-arrow-right-solid\"><\/i>\t\t\t<\/span>\n\t\t\t\t\t\t\t\t\t<span class=\"elementor-button-text\">saber m\u00e1s<\/span>\n\t\t\t\t\t<\/span>\n\t\t\t\t\t<\/a>\n\t\t\t\t\t\t\t\t<\/div>\n\t\t\t\t\t<\/div>\n\t\t\t\t<\/div>\n\t\t\t\t\t<\/div>\n\t\t\t\t<\/div>\n\t\t\t\t<\/div>\n\t\t\t\t<div data-elementor-type=\"loop-item\" data-elementor-id=\"8256\" class=\"elementor elementor-8256 elementor-3464 elementor-3464 e-loop-item e-loop-item-8284 post-8284 projeto type-projeto status-publish has-post-thumbnail hentry category-infraestructura tag-angola-es\" data-elementor-post-type=\"elementor_library\" data-custom-edit-handle=\"1\">\n\t\t\t<div class=\"elementor-element elementor-element-95ae623 e-flex e-con-boxed wpr-particle-no wpr-jarallax-no wpr-parallax-no wpr-sticky-section-no wpr-equal-height-no e-con e-parent\" data-id=\"95ae623\" data-element_type=\"container\" data-e-type=\"container\" data-settings=\"{&quot;animation&quot;:&quot;none&quot;}\">\n\t\t\t\t\t<div class=\"e-con-inner\">\n\t\t\t\t<div class=\"elementor-element elementor-element-b3675fd elementor-widget elementor-widget-image\" data-id=\"b3675fd\" data-element_type=\"widget\" data-e-type=\"widget\" data-widget_type=\"image.default\">\n\t\t\t\t\t\t\t\t\t\t\t\t\t\t\t\t<a href=\"https:\/\/www.gwicgroup.com\/es\/proyectos\/contencion-de-barrancos-en-cabinda\/\">\n\t\t\t\t\t\t\t<img decoding=\"async\" src=\"https:\/\/www.gwicgroup.com\/wp-content\/uploads\/elementor\/thumbs\/RAVINAS-1-qx91qi7ui3y5i3jcvop827erayzf5ecdh367a2ud4a.jpg\" title=\"Contenci\u00f3n de Barrancos en Cabinda &#8211; GWIC \/ Proyectos\" alt=\"Contenci\u00f3n de Barrancos en Cabinda - GWIC \/ Proyectos\" class=\"elementor-animation-grow\" loading=\"lazy\" \/>\t\t\t\t\t\t\t\t<\/a>\n\t\t\t\t\t\t\t\t\t\t\t\t\t\t\t<\/div>\n\t\t<div class=\"elementor-element elementor-element-1e7a7dd e-flex e-con-boxed wpr-particle-no wpr-jarallax-no wpr-parallax-no wpr-sticky-section-no wpr-equal-height-no e-con e-child\" data-id=\"1e7a7dd\" data-element_type=\"container\" data-e-type=\"container\" data-settings=\"{&quot;background_background&quot;:&quot;gradient&quot;}\">\n\t\t\t\t\t<div class=\"e-con-inner\">\n\t\t\t\t<div class=\"elementor-element elementor-element-e4360dd elementor-widget elementor-widget-heading\" data-id=\"e4360dd\" data-element_type=\"widget\" data-e-type=\"widget\" data-widget_type=\"heading.default\">\n\t\t\t\t\t<h2 class=\"elementor-heading-title elementor-size-default\">Contenci\u00f3n de Barrancos en Cabinda<\/h2>\t\t\t\t<\/div>\n\t\t\t\t<div data-premium-element-link=\"{&quot;type&quot;:&quot;url&quot;,&quot;link&quot;:{&quot;url&quot;:&quot;https:\\\/\\\/www.gwicgroup.com\\\/es\\\/proyectos\\\/contencion-de-barrancos-en-cabinda\\\/&quot;,&quot;is_external&quot;:&quot;&quot;,&quot;nofollow&quot;:&quot;&quot;,&quot;custom_attributes&quot;:&quot;&quot;},&quot;href&quot;:&quot;https:\\\/\\\/www.gwicgroup.com\\\/es\\\/proyectos\\\/contencion-de-barrancos-en-cabinda\\\/&quot;}\" style=\"cursor: pointer\" class=\"elementor-element elementor-element-71e76f7 elementor-align-left premium-wrapper-link-yes elementor-widget elementor-widget-button\" data-id=\"71e76f7\" data-element_type=\"widget\" data-e-type=\"widget\" data-widget_type=\"button.default\">\n\t\t\t\t\t\t\t\t\t\t<a class=\"elementor-button elementor-button-link elementor-size-sm\" href=\"https:\/\/www.gwicgroup.com\/es\/proyectos\/contencion-de-barrancos-en-cabinda\/\">\n\t\t\t\t\t\t<span class=\"elementor-button-content-wrapper\">\n\t\t\t\t\t\t<span class=\"elementor-button-icon\">\n\t\t\t\t<i aria-hidden=\"true\" class=\"jki jki-arrow-right-solid\"><\/i>\t\t\t<\/span>\n\t\t\t\t\t\t\t\t\t<span class=\"elementor-button-text\">saber m\u00e1s<\/span>\n\t\t\t\t\t<\/span>\n\t\t\t\t\t<\/a>\n\t\t\t\t\t\t\t\t<\/div>\n\t\t\t\t\t<\/div>\n\t\t\t\t<\/div>\n\t\t\t\t\t<\/div>\n\t\t\t\t<\/div>\n\t\t\t\t<\/div>\n\t\t\t\t<div data-elementor-type=\"loop-item\" data-elementor-id=\"8256\" class=\"elementor elementor-8256 elementor-3464 elementor-3464 e-loop-item e-loop-item-8252 post-8252 projeto type-projeto status-publish has-post-thumbnail hentry category-edificios-es tag-portugal-es\" data-elementor-post-type=\"elementor_library\" data-custom-edit-handle=\"1\">\n\t\t\t<div class=\"elementor-element elementor-element-95ae623 e-flex e-con-boxed wpr-particle-no wpr-jarallax-no wpr-parallax-no wpr-sticky-section-no wpr-equal-height-no e-con e-parent\" data-id=\"95ae623\" data-element_type=\"container\" data-e-type=\"container\" data-settings=\"{&quot;animation&quot;:&quot;none&quot;}\">\n\t\t\t\t\t<div class=\"e-con-inner\">\n\t\t\t\t<div class=\"elementor-element elementor-element-b3675fd elementor-widget elementor-widget-image\" data-id=\"b3675fd\" data-element_type=\"widget\" data-e-type=\"widget\" data-widget_type=\"image.default\">\n\t\t\t\t\t\t\t\t\t\t\t\t\t\t\t\t<a href=\"https:\/\/www.gwicgroup.com\/es\/proyectos\/condominio-patheos-da-lithographia\/\">\n\t\t\t\t\t\t\t<img decoding=\"async\" src=\"https:\/\/www.gwicgroup.com\/wp-content\/uploads\/elementor\/thumbs\/Condominio-Patheos-qx91qrm8egb0q75pcsrhr51d8tp3addoudp22ugfe2.jpg\" title=\"Condominio P\u00e1theos da Lithographia &#8211; GWIC \/ Proyectos\" alt=\"Condominio P\u00e1theos da Lithographia - GWIC \/ Proyectos\" class=\"elementor-animation-grow\" loading=\"lazy\" \/>\t\t\t\t\t\t\t\t<\/a>\n\t\t\t\t\t\t\t\t\t\t\t\t\t\t\t<\/div>\n\t\t<div class=\"elementor-element elementor-element-1e7a7dd e-flex e-con-boxed wpr-particle-no wpr-jarallax-no wpr-parallax-no wpr-sticky-section-no wpr-equal-height-no e-con e-child\" data-id=\"1e7a7dd\" data-element_type=\"container\" data-e-type=\"container\" data-settings=\"{&quot;background_background&quot;:&quot;gradient&quot;}\">\n\t\t\t\t\t<div class=\"e-con-inner\">\n\t\t\t\t<div class=\"elementor-element elementor-element-e4360dd elementor-widget elementor-widget-heading\" data-id=\"e4360dd\" data-element_type=\"widget\" data-e-type=\"widget\" data-widget_type=\"heading.default\">\n\t\t\t\t\t<h2 class=\"elementor-heading-title elementor-size-default\">Condominio P\u00e1theos da Lithographia<\/h2>\t\t\t\t<\/div>\n\t\t\t\t<div data-premium-element-link=\"{&quot;type&quot;:&quot;url&quot;,&quot;link&quot;:{&quot;url&quot;:&quot;https:\\\/\\\/www.gwicgroup.com\\\/es\\\/proyectos\\\/condominio-patheos-da-lithographia\\\/&quot;,&quot;is_external&quot;:&quot;&quot;,&quot;nofollow&quot;:&quot;&quot;,&quot;custom_attributes&quot;:&quot;&quot;},&quot;href&quot;:&quot;https:\\\/\\\/www.gwicgroup.com\\\/es\\\/proyectos\\\/condominio-patheos-da-lithographia\\\/&quot;}\" style=\"cursor: pointer\" class=\"elementor-element elementor-element-71e76f7 elementor-align-left premium-wrapper-link-yes elementor-widget elementor-widget-button\" data-id=\"71e76f7\" data-element_type=\"widget\" data-e-type=\"widget\" data-widget_type=\"button.default\">\n\t\t\t\t\t\t\t\t\t\t<a class=\"elementor-button elementor-button-link elementor-size-sm\" href=\"https:\/\/www.gwicgroup.com\/es\/proyectos\/condominio-patheos-da-lithographia\/\">\n\t\t\t\t\t\t<span class=\"elementor-button-content-wrapper\">\n\t\t\t\t\t\t<span class=\"elementor-button-icon\">\n\t\t\t\t<i aria-hidden=\"true\" class=\"jki jki-arrow-right-solid\"><\/i>\t\t\t<\/span>\n\t\t\t\t\t\t\t\t\t<span class=\"elementor-button-text\">saber m\u00e1s<\/span>\n\t\t\t\t\t<\/span>\n\t\t\t\t\t<\/a>\n\t\t\t\t\t\t\t\t<\/div>\n\t\t\t\t\t<\/div>\n\t\t\t\t<\/div>\n\t\t\t\t\t<\/div>\n\t\t\t\t<\/div>\n\t\t\t\t<\/div>\n\t\t\t\t<div data-elementor-type=\"loop-item\" data-elementor-id=\"8256\" class=\"elementor elementor-8256 elementor-3464 elementor-3464 e-loop-item e-loop-item-10538 post-10538 projeto type-projeto status-publish has-post-thumbnail hentry category-edificios-es tag-portugal-es\" data-elementor-post-type=\"elementor_library\" data-custom-edit-handle=\"1\">\n\t\t\t<div class=\"elementor-element elementor-element-95ae623 e-flex e-con-boxed wpr-particle-no wpr-jarallax-no wpr-parallax-no wpr-sticky-section-no wpr-equal-height-no e-con e-parent\" data-id=\"95ae623\" data-element_type=\"container\" data-e-type=\"container\" data-settings=\"{&quot;animation&quot;:&quot;none&quot;}\">\n\t\t\t\t\t<div class=\"e-con-inner\">\n\t\t\t\t<div class=\"elementor-element elementor-element-b3675fd elementor-widget elementor-widget-image\" data-id=\"b3675fd\" data-element_type=\"widget\" data-e-type=\"widget\" data-widget_type=\"image.default\">\n\t\t\t\t\t\t\t\t\t\t\t\t\t\t\t\t<a href=\"https:\/\/www.gwicgroup.com\/es\/proyectos\/hotel-hilton-porto-gaia\/\">\n\t\t\t\t\t\t\t<img decoding=\"async\" src=\"https:\/\/www.gwicgroup.com\/wp-content\/uploads\/elementor\/thumbs\/Hotel-Boeira-2-qx91q0cww99pdi9aryzb8tx00nfg35dh2mrz5tkuei.jpg\" title=\"Hotel Hilton Porto Gaia &#8211; GWIC \/ Proyectos\" alt=\"Hotel Hilton Porto Gaia - GWIC \/ Proyectos\" class=\"elementor-animation-grow\" loading=\"lazy\" \/>\t\t\t\t\t\t\t\t<\/a>\n\t\t\t\t\t\t\t\t\t\t\t\t\t\t\t<\/div>\n\t\t<div class=\"elementor-element elementor-element-1e7a7dd e-flex e-con-boxed wpr-particle-no wpr-jarallax-no wpr-parallax-no wpr-sticky-section-no wpr-equal-height-no e-con e-child\" data-id=\"1e7a7dd\" data-element_type=\"container\" data-e-type=\"container\" data-settings=\"{&quot;background_background&quot;:&quot;gradient&quot;}\">\n\t\t\t\t\t<div class=\"e-con-inner\">\n\t\t\t\t<div class=\"elementor-element elementor-element-e4360dd elementor-widget elementor-widget-heading\" data-id=\"e4360dd\" data-element_type=\"widget\" data-e-type=\"widget\" data-widget_type=\"heading.default\">\n\t\t\t\t\t<h2 class=\"elementor-heading-title elementor-size-default\">Hotel Hilton Porto Gaia<\/h2>\t\t\t\t<\/div>\n\t\t\t\t<div data-premium-element-link=\"{&quot;type&quot;:&quot;url&quot;,&quot;link&quot;:{&quot;url&quot;:&quot;https:\\\/\\\/www.gwicgroup.com\\\/es\\\/proyectos\\\/hotel-hilton-porto-gaia\\\/&quot;,&quot;is_external&quot;:&quot;&quot;,&quot;nofollow&quot;:&quot;&quot;,&quot;custom_attributes&quot;:&quot;&quot;},&quot;href&quot;:&quot;https:\\\/\\\/www.gwicgroup.com\\\/es\\\/proyectos\\\/hotel-hilton-porto-gaia\\\/&quot;}\" style=\"cursor: pointer\" class=\"elementor-element elementor-element-71e76f7 elementor-align-left premium-wrapper-link-yes elementor-widget elementor-widget-button\" data-id=\"71e76f7\" data-element_type=\"widget\" data-e-type=\"widget\" data-widget_type=\"button.default\">\n\t\t\t\t\t\t\t\t\t\t<a class=\"elementor-button elementor-button-link elementor-size-sm\" href=\"https:\/\/www.gwicgroup.com\/es\/proyectos\/hotel-hilton-porto-gaia\/\">\n\t\t\t\t\t\t<span class=\"elementor-button-content-wrapper\">\n\t\t\t\t\t\t<span class=\"elementor-button-icon\">\n\t\t\t\t<i aria-hidden=\"true\" class=\"jki jki-arrow-right-solid\"><\/i>\t\t\t<\/span>\n\t\t\t\t\t\t\t\t\t<span class=\"elementor-button-text\">saber m\u00e1s<\/span>\n\t\t\t\t\t<\/span>\n\t\t\t\t\t<\/a>\n\t\t\t\t\t\t\t\t<\/div>\n\t\t\t\t\t<\/div>\n\t\t\t\t<\/div>\n\t\t\t\t\t<\/div>\n\t\t\t\t<\/div>\n\t\t\t\t<\/div>\n\t\t\t\t<div data-elementor-type=\"loop-item\" data-elementor-id=\"8256\" class=\"elementor elementor-8256 elementor-3464 elementor-3464 e-loop-item e-loop-item-10727 post-10727 projeto type-projeto status-publish has-post-thumbnail hentry category-infraestructura tag-angola-es\" data-elementor-post-type=\"elementor_library\" data-custom-edit-handle=\"1\">\n\t\t\t<div class=\"elementor-element elementor-element-95ae623 e-flex e-con-boxed wpr-particle-no wpr-jarallax-no wpr-parallax-no wpr-sticky-section-no wpr-equal-height-no e-con e-parent\" data-id=\"95ae623\" data-element_type=\"container\" data-e-type=\"container\" data-settings=\"{&quot;animation&quot;:&quot;none&quot;}\">\n\t\t\t\t\t<div class=\"e-con-inner\">\n\t\t\t\t<div class=\"elementor-element elementor-element-b3675fd elementor-widget elementor-widget-image\" data-id=\"b3675fd\" data-element_type=\"widget\" data-e-type=\"widget\" data-widget_type=\"image.default\">\n\t\t\t\t\t\t\t\t\t\t\t\t\t\t\t\t<a href=\"https:\/\/www.gwicgroup.com\/es\/proyectos\/sistema-de-transferencia-de-agua-del-rio-cunene\/\">\n\t\t\t\t\t\t\t<img decoding=\"async\" src=\"https:\/\/www.gwicgroup.com\/wp-content\/uploads\/elementor\/thumbs\/CAFU-1-qx91q0cww99pdi9aryzb8tx00nfg35dh2mrz5tkuei.jpg\" title=\"Sistema de Transferencia de Agua del R\u00edo Cunene &#8211; GWIC \/ Proyectos\" alt=\"Sistema de Transferencia de Agua del R\u00edo Cunene - GWIC \/ Proyectos\" class=\"elementor-animation-grow\" loading=\"lazy\" \/>\t\t\t\t\t\t\t\t<\/a>\n\t\t\t\t\t\t\t\t\t\t\t\t\t\t\t<\/div>\n\t\t<div class=\"elementor-element elementor-element-1e7a7dd e-flex e-con-boxed wpr-particle-no wpr-jarallax-no wpr-parallax-no wpr-sticky-section-no wpr-equal-height-no e-con e-child\" data-id=\"1e7a7dd\" data-element_type=\"container\" data-e-type=\"container\" data-settings=\"{&quot;background_background&quot;:&quot;gradient&quot;}\">\n\t\t\t\t\t<div class=\"e-con-inner\">\n\t\t\t\t<div class=\"elementor-element elementor-element-e4360dd elementor-widget elementor-widget-heading\" data-id=\"e4360dd\" data-element_type=\"widget\" data-e-type=\"widget\" data-widget_type=\"heading.default\">\n\t\t\t\t\t<h2 class=\"elementor-heading-title elementor-size-default\">Sistema de Transferencia de Agua del R\u00edo Cunene<\/h2>\t\t\t\t<\/div>\n\t\t\t\t<div data-premium-element-link=\"{&quot;type&quot;:&quot;url&quot;,&quot;link&quot;:{&quot;url&quot;:&quot;https:\\\/\\\/www.gwicgroup.com\\\/es\\\/proyectos\\\/sistema-de-transferencia-de-agua-del-rio-cunene\\\/&quot;,&quot;is_external&quot;:&quot;&quot;,&quot;nofollow&quot;:&quot;&quot;,&quot;custom_attributes&quot;:&quot;&quot;},&quot;href&quot;:&quot;https:\\\/\\\/www.gwicgroup.com\\\/es\\\/proyectos\\\/sistema-de-transferencia-de-agua-del-rio-cunene\\\/&quot;}\" style=\"cursor: pointer\" class=\"elementor-element elementor-element-71e76f7 elementor-align-left premium-wrapper-link-yes elementor-widget elementor-widget-button\" data-id=\"71e76f7\" data-element_type=\"widget\" data-e-type=\"widget\" data-widget_type=\"button.default\">\n\t\t\t\t\t\t\t\t\t\t<a class=\"elementor-button elementor-button-link elementor-size-sm\" href=\"https:\/\/www.gwicgroup.com\/es\/proyectos\/sistema-de-transferencia-de-agua-del-rio-cunene\/\">\n\t\t\t\t\t\t<span class=\"elementor-button-content-wrapper\">\n\t\t\t\t\t\t<span class=\"elementor-button-icon\">\n\t\t\t\t<i aria-hidden=\"true\" class=\"jki jki-arrow-right-solid\"><\/i>\t\t\t<\/span>\n\t\t\t\t\t\t\t\t\t<span class=\"elementor-button-text\">saber m\u00e1s<\/span>\n\t\t\t\t\t<\/span>\n\t\t\t\t\t<\/a>\n\t\t\t\t\t\t\t\t<\/div>\n\t\t\t\t\t<\/div>\n\t\t\t\t<\/div>\n\t\t\t\t\t<\/div>\n\t\t\t\t<\/div>\n\t\t\t\t<\/div>\n\t\t\t\t<div data-elementor-type=\"loop-item\" data-elementor-id=\"8256\" class=\"elementor elementor-8256 elementor-3464 elementor-3464 e-loop-item e-loop-item-10735 post-10735 projeto type-projeto status-publish has-post-thumbnail hentry category-infraestructura tag-angola-es\" data-elementor-post-type=\"elementor_library\" data-custom-edit-handle=\"1\">\n\t\t\t<div class=\"elementor-element elementor-element-95ae623 e-flex e-con-boxed wpr-particle-no wpr-jarallax-no wpr-parallax-no wpr-sticky-section-no wpr-equal-height-no e-con e-parent\" data-id=\"95ae623\" data-element_type=\"container\" data-e-type=\"container\" data-settings=\"{&quot;animation&quot;:&quot;none&quot;}\">\n\t\t\t\t\t<div class=\"e-con-inner\">\n\t\t\t\t<div class=\"elementor-element elementor-element-b3675fd elementor-widget elementor-widget-image\" data-id=\"b3675fd\" data-element_type=\"widget\" data-e-type=\"widget\" data-widget_type=\"image.default\">\n\t\t\t\t\t\t\t\t\t\t\t\t\t\t\t\t<a href=\"https:\/\/www.gwicgroup.com\/es\/proyectos\/sistemas-de-riego-para-pequenos-agricultores\/\">\n\t\t\t\t\t\t\t<img decoding=\"async\" src=\"https:\/\/www.gwicgroup.com\/wp-content\/uploads\/elementor\/thumbs\/IRRIGACAO-1-qx91q0cww99pdi9aryzb8tx00nfg35dh2mrz5tkuei.jpg\" title=\"Sistemas de Riego para Peque\u00f1os Agricultores &#8211; GWIC \/ Proyectos\" alt=\"Sistemas de Riego para Peque\u00f1os Agricultores - GWIC \/ Proyectos\" class=\"elementor-animation-grow\" loading=\"lazy\" \/>\t\t\t\t\t\t\t\t<\/a>\n\t\t\t\t\t\t\t\t\t\t\t\t\t\t\t<\/div>\n\t\t<div class=\"elementor-element elementor-element-1e7a7dd e-flex e-con-boxed wpr-particle-no wpr-jarallax-no wpr-parallax-no wpr-sticky-section-no wpr-equal-height-no e-con e-child\" data-id=\"1e7a7dd\" data-element_type=\"container\" data-e-type=\"container\" data-settings=\"{&quot;background_background&quot;:&quot;gradient&quot;}\">\n\t\t\t\t\t<div class=\"e-con-inner\">\n\t\t\t\t<div class=\"elementor-element elementor-element-e4360dd elementor-widget elementor-widget-heading\" data-id=\"e4360dd\" data-element_type=\"widget\" data-e-type=\"widget\" data-widget_type=\"heading.default\">\n\t\t\t\t\t<h2 class=\"elementor-heading-title elementor-size-default\">Sistemas de Riego para Peque\u00f1os Agricultores<\/h2>\t\t\t\t<\/div>\n\t\t\t\t<div data-premium-element-link=\"{&quot;type&quot;:&quot;url&quot;,&quot;link&quot;:{&quot;url&quot;:&quot;https:\\\/\\\/www.gwicgroup.com\\\/es\\\/proyectos\\\/sistemas-de-riego-para-pequenos-agricultores\\\/&quot;,&quot;is_external&quot;:&quot;&quot;,&quot;nofollow&quot;:&quot;&quot;,&quot;custom_attributes&quot;:&quot;&quot;},&quot;href&quot;:&quot;https:\\\/\\\/www.gwicgroup.com\\\/es\\\/proyectos\\\/sistemas-de-riego-para-pequenos-agricultores\\\/&quot;}\" style=\"cursor: pointer\" class=\"elementor-element elementor-element-71e76f7 elementor-align-left premium-wrapper-link-yes elementor-widget elementor-widget-button\" data-id=\"71e76f7\" data-element_type=\"widget\" data-e-type=\"widget\" data-widget_type=\"button.default\">\n\t\t\t\t\t\t\t\t\t\t<a class=\"elementor-button elementor-button-link elementor-size-sm\" href=\"https:\/\/www.gwicgroup.com\/es\/proyectos\/sistemas-de-riego-para-pequenos-agricultores\/\">\n\t\t\t\t\t\t<span class=\"elementor-button-content-wrapper\">\n\t\t\t\t\t\t<span class=\"elementor-button-icon\">\n\t\t\t\t<i aria-hidden=\"true\" class=\"jki jki-arrow-right-solid\"><\/i>\t\t\t<\/span>\n\t\t\t\t\t\t\t\t\t<span class=\"elementor-button-text\">saber m\u00e1s<\/span>\n\t\t\t\t\t<\/span>\n\t\t\t\t\t<\/a>\n\t\t\t\t\t\t\t\t<\/div>\n\t\t\t\t\t<\/div>\n\t\t\t\t<\/div>\n\t\t\t\t\t<\/div>\n\t\t\t\t<\/div>\n\t\t\t\t<\/div>\n\t\t\t\t<div data-elementor-type=\"loop-item\" data-elementor-id=\"8256\" class=\"elementor elementor-8256 elementor-3464 elementor-3464 e-loop-item e-loop-item-7920 post-7920 projeto type-projeto status-publish has-post-thumbnail hentry category-infraestructura tag-angola-es\" data-elementor-post-type=\"elementor_library\" data-custom-edit-handle=\"1\">\n\t\t\t<div class=\"elementor-element elementor-element-95ae623 e-flex e-con-boxed wpr-particle-no wpr-jarallax-no wpr-parallax-no wpr-sticky-section-no wpr-equal-height-no e-con e-parent\" data-id=\"95ae623\" data-element_type=\"container\" data-e-type=\"container\" data-settings=\"{&quot;animation&quot;:&quot;none&quot;}\">\n\t\t\t\t\t<div class=\"e-con-inner\">\n\t\t\t\t<div class=\"elementor-element elementor-element-b3675fd elementor-widget elementor-widget-image\" data-id=\"b3675fd\" data-element_type=\"widget\" data-e-type=\"widget\" data-widget_type=\"image.default\">\n\t\t\t\t\t\t\t\t\t\t\t\t\t\t\t\t<a href=\"https:\/\/www.gwicgroup.com\/es\/proyectos\/planta-fotovoltaica-solar-de-cafu\/\">\n\t\t\t\t\t\t\t<img decoding=\"async\" src=\"https:\/\/www.gwicgroup.com\/wp-content\/uploads\/elementor\/thumbs\/CAFU_SOLAR-1-qx91q0cww99pdi9aryzb8tx00nfg35dh2mrz5tkuei.jpg\" title=\"Planta Fotovoltaica Solar de Cafu &#8211; GWIC \/ Proyectos\" alt=\"Planta Fotovoltaica Solar de Cafu - GWIC \/ Proyectos\" class=\"elementor-animation-grow\" loading=\"lazy\" \/>\t\t\t\t\t\t\t\t<\/a>\n\t\t\t\t\t\t\t\t\t\t\t\t\t\t\t<\/div>\n\t\t<div class=\"elementor-element elementor-element-1e7a7dd e-flex e-con-boxed wpr-particle-no wpr-jarallax-no wpr-parallax-no wpr-sticky-section-no wpr-equal-height-no e-con e-child\" data-id=\"1e7a7dd\" data-element_type=\"container\" data-e-type=\"container\" data-settings=\"{&quot;background_background&quot;:&quot;gradient&quot;}\">\n\t\t\t\t\t<div class=\"e-con-inner\">\n\t\t\t\t<div class=\"elementor-element elementor-element-e4360dd elementor-widget elementor-widget-heading\" data-id=\"e4360dd\" data-element_type=\"widget\" data-e-type=\"widget\" data-widget_type=\"heading.default\">\n\t\t\t\t\t<h2 class=\"elementor-heading-title elementor-size-default\">Planta Fotovoltaica Solar de Cafu<\/h2>\t\t\t\t<\/div>\n\t\t\t\t<div data-premium-element-link=\"{&quot;type&quot;:&quot;url&quot;,&quot;link&quot;:{&quot;url&quot;:&quot;https:\\\/\\\/www.gwicgroup.com\\\/es\\\/proyectos\\\/planta-fotovoltaica-solar-de-cafu\\\/&quot;,&quot;is_external&quot;:&quot;&quot;,&quot;nofollow&quot;:&quot;&quot;,&quot;custom_attributes&quot;:&quot;&quot;},&quot;href&quot;:&quot;https:\\\/\\\/www.gwicgroup.com\\\/es\\\/proyectos\\\/planta-fotovoltaica-solar-de-cafu\\\/&quot;}\" style=\"cursor: pointer\" class=\"elementor-element elementor-element-71e76f7 elementor-align-left premium-wrapper-link-yes elementor-widget elementor-widget-button\" data-id=\"71e76f7\" data-element_type=\"widget\" data-e-type=\"widget\" data-widget_type=\"button.default\">\n\t\t\t\t\t\t\t\t\t\t<a class=\"elementor-button elementor-button-link elementor-size-sm\" href=\"https:\/\/www.gwicgroup.com\/es\/proyectos\/planta-fotovoltaica-solar-de-cafu\/\">\n\t\t\t\t\t\t<span class=\"elementor-button-content-wrapper\">\n\t\t\t\t\t\t<span class=\"elementor-button-icon\">\n\t\t\t\t<i aria-hidden=\"true\" class=\"jki jki-arrow-right-solid\"><\/i>\t\t\t<\/span>\n\t\t\t\t\t\t\t\t\t<span class=\"elementor-button-text\">saber m\u00e1s<\/span>\n\t\t\t\t\t<\/span>\n\t\t\t\t\t<\/a>\n\t\t\t\t\t\t\t\t<\/div>\n\t\t\t\t\t<\/div>\n\t\t\t\t<\/div>\n\t\t\t\t\t<\/div>\n\t\t\t\t<\/div>\n\t\t\t\t<\/div>\n\t\t\t\t<div data-elementor-type=\"loop-item\" data-elementor-id=\"8256\" class=\"elementor elementor-8256 elementor-3464 elementor-3464 e-loop-item e-loop-item-10614 post-10614 projeto type-projeto status-publish has-post-thumbnail hentry category-edificios-es tag-angola-es\" data-elementor-post-type=\"elementor_library\" data-custom-edit-handle=\"1\">\n\t\t\t<div class=\"elementor-element elementor-element-95ae623 e-flex e-con-boxed wpr-particle-no wpr-jarallax-no wpr-parallax-no wpr-sticky-section-no wpr-equal-height-no e-con e-parent\" data-id=\"95ae623\" data-element_type=\"container\" data-e-type=\"container\" data-settings=\"{&quot;animation&quot;:&quot;none&quot;}\">\n\t\t\t\t\t<div class=\"e-con-inner\">\n\t\t\t\t<div class=\"elementor-element elementor-element-b3675fd elementor-widget elementor-widget-image\" data-id=\"b3675fd\" data-element_type=\"widget\" data-e-type=\"widget\" data-widget_type=\"image.default\">\n\t\t\t\t\t\t\t\t\t\t\t\t\t\t\t\t<a href=\"https:\/\/www.gwicgroup.com\/es\/proyectos\/tiendas-concepto-unitel\/\">\n\t\t\t\t\t\t\t<img decoding=\"async\" src=\"https:\/\/www.gwicgroup.com\/wp-content\/uploads\/elementor\/thumbs\/Unitel-1-qx91q1ar33azp47xmhdxtbogm1atauh7erfgn3jg8a.jpg\" title=\"Tiendas Concepto Unitel &#8211; GWIC \/ Proyectos\" alt=\"Tiendas Concepto Unitel - GWIC \/ Proyectos\" class=\"elementor-animation-grow\" loading=\"lazy\" \/>\t\t\t\t\t\t\t\t<\/a>\n\t\t\t\t\t\t\t\t\t\t\t\t\t\t\t<\/div>\n\t\t<div class=\"elementor-element elementor-element-1e7a7dd e-flex e-con-boxed wpr-particle-no wpr-jarallax-no wpr-parallax-no wpr-sticky-section-no wpr-equal-height-no e-con e-child\" data-id=\"1e7a7dd\" data-element_type=\"container\" data-e-type=\"container\" data-settings=\"{&quot;background_background&quot;:&quot;gradient&quot;}\">\n\t\t\t\t\t<div class=\"e-con-inner\">\n\t\t\t\t<div class=\"elementor-element elementor-element-e4360dd elementor-widget elementor-widget-heading\" data-id=\"e4360dd\" data-element_type=\"widget\" data-e-type=\"widget\" data-widget_type=\"heading.default\">\n\t\t\t\t\t<h2 class=\"elementor-heading-title elementor-size-default\">Tiendas Concepto Unitel<\/h2>\t\t\t\t<\/div>\n\t\t\t\t<div data-premium-element-link=\"{&quot;type&quot;:&quot;url&quot;,&quot;link&quot;:{&quot;url&quot;:&quot;https:\\\/\\\/www.gwicgroup.com\\\/es\\\/proyectos\\\/tiendas-concepto-unitel\\\/&quot;,&quot;is_external&quot;:&quot;&quot;,&quot;nofollow&quot;:&quot;&quot;,&quot;custom_attributes&quot;:&quot;&quot;},&quot;href&quot;:&quot;https:\\\/\\\/www.gwicgroup.com\\\/es\\\/proyectos\\\/tiendas-concepto-unitel\\\/&quot;}\" style=\"cursor: pointer\" class=\"elementor-element elementor-element-71e76f7 elementor-align-left premium-wrapper-link-yes elementor-widget elementor-widget-button\" data-id=\"71e76f7\" data-element_type=\"widget\" data-e-type=\"widget\" data-widget_type=\"button.default\">\n\t\t\t\t\t\t\t\t\t\t<a class=\"elementor-button elementor-button-link elementor-size-sm\" href=\"https:\/\/www.gwicgroup.com\/es\/proyectos\/tiendas-concepto-unitel\/\">\n\t\t\t\t\t\t<span class=\"elementor-button-content-wrapper\">\n\t\t\t\t\t\t<span class=\"elementor-button-icon\">\n\t\t\t\t<i aria-hidden=\"true\" class=\"jki jki-arrow-right-solid\"><\/i>\t\t\t<\/span>\n\t\t\t\t\t\t\t\t\t<span class=\"elementor-button-text\">saber m\u00e1s<\/span>\n\t\t\t\t\t<\/span>\n\t\t\t\t\t<\/a>\n\t\t\t\t\t\t\t\t<\/div>\n\t\t\t\t\t<\/div>\n\t\t\t\t<\/div>\n\t\t\t\t\t<\/div>\n\t\t\t\t<\/div>\n\t\t\t\t<\/div>\n\t\t\t\t<div data-elementor-type=\"loop-item\" data-elementor-id=\"8256\" class=\"elementor elementor-8256 elementor-3464 elementor-3464 e-loop-item e-loop-item-10549 post-10549 projeto type-projeto status-publish has-post-thumbnail hentry category-edificios-es tag-portugal-es\" data-elementor-post-type=\"elementor_library\" data-custom-edit-handle=\"1\">\n\t\t\t<div class=\"elementor-element elementor-element-95ae623 e-flex e-con-boxed wpr-particle-no wpr-jarallax-no wpr-parallax-no wpr-sticky-section-no wpr-equal-height-no e-con e-parent\" data-id=\"95ae623\" data-element_type=\"container\" data-e-type=\"container\" data-settings=\"{&quot;animation&quot;:&quot;none&quot;}\">\n\t\t\t\t\t<div class=\"e-con-inner\">\n\t\t\t\t<div class=\"elementor-element elementor-element-b3675fd elementor-widget elementor-widget-image\" data-id=\"b3675fd\" data-element_type=\"widget\" data-e-type=\"widget\" data-widget_type=\"image.default\">\n\t\t\t\t\t\t\t\t\t\t\t\t\t\t\t\t<a href=\"https:\/\/www.gwicgroup.com\/es\/proyectos\/ikea-portugal\/\">\n\t\t\t\t\t\t\t<img decoding=\"async\" src=\"https:\/\/www.gwicgroup.com\/wp-content\/uploads\/elementor\/thumbs\/IKEA-2-qx91q1ar33azp47xmhdxtbogm1atauh7erfgn3jg8a.jpg\" title=\"IKEA Portugal &#8211; GWIC \/ Proyectos\" alt=\"IKEA Portugal - GWIC \/ Proyectos\" class=\"elementor-animation-grow\" loading=\"lazy\" \/>\t\t\t\t\t\t\t\t<\/a>\n\t\t\t\t\t\t\t\t\t\t\t\t\t\t\t<\/div>\n\t\t<div class=\"elementor-element elementor-element-1e7a7dd e-flex e-con-boxed wpr-particle-no wpr-jarallax-no wpr-parallax-no wpr-sticky-section-no wpr-equal-height-no e-con e-child\" data-id=\"1e7a7dd\" data-element_type=\"container\" data-e-type=\"container\" data-settings=\"{&quot;background_background&quot;:&quot;gradient&quot;}\">\n\t\t\t\t\t<div class=\"e-con-inner\">\n\t\t\t\t<div class=\"elementor-element elementor-element-e4360dd elementor-widget elementor-widget-heading\" data-id=\"e4360dd\" data-element_type=\"widget\" data-e-type=\"widget\" data-widget_type=\"heading.default\">\n\t\t\t\t\t<h2 class=\"elementor-heading-title elementor-size-default\">IKEA Portugal<\/h2>\t\t\t\t<\/div>\n\t\t\t\t<div data-premium-element-link=\"{&quot;type&quot;:&quot;url&quot;,&quot;link&quot;:{&quot;url&quot;:&quot;https:\\\/\\\/www.gwicgroup.com\\\/es\\\/proyectos\\\/ikea-portugal\\\/&quot;,&quot;is_external&quot;:&quot;&quot;,&quot;nofollow&quot;:&quot;&quot;,&quot;custom_attributes&quot;:&quot;&quot;},&quot;href&quot;:&quot;https:\\\/\\\/www.gwicgroup.com\\\/es\\\/proyectos\\\/ikea-portugal\\\/&quot;}\" style=\"cursor: pointer\" class=\"elementor-element elementor-element-71e76f7 elementor-align-left premium-wrapper-link-yes elementor-widget elementor-widget-button\" data-id=\"71e76f7\" data-element_type=\"widget\" data-e-type=\"widget\" data-widget_type=\"button.default\">\n\t\t\t\t\t\t\t\t\t\t<a class=\"elementor-button elementor-button-link elementor-size-sm\" href=\"https:\/\/www.gwicgroup.com\/es\/proyectos\/ikea-portugal\/\">\n\t\t\t\t\t\t<span class=\"elementor-button-content-wrapper\">\n\t\t\t\t\t\t<span class=\"elementor-button-icon\">\n\t\t\t\t<i aria-hidden=\"true\" class=\"jki jki-arrow-right-solid\"><\/i>\t\t\t<\/span>\n\t\t\t\t\t\t\t\t\t<span class=\"elementor-button-text\">saber m\u00e1s<\/span>\n\t\t\t\t\t<\/span>\n\t\t\t\t\t<\/a>\n\t\t\t\t\t\t\t\t<\/div>\n\t\t\t\t\t<\/div>\n\t\t\t\t<\/div>\n\t\t\t\t\t<\/div>\n\t\t\t\t<\/div>\n\t\t\t\t<\/div>\n\t\t\t\t<div data-elementor-type=\"loop-item\" data-elementor-id=\"8256\" class=\"elementor elementor-8256 elementor-3464 elementor-3464 e-loop-item e-loop-item-7850 post-7850 projeto type-projeto status-publish has-post-thumbnail hentry category-edificios-es tag-costa-rica-es\" data-elementor-post-type=\"elementor_library\" data-custom-edit-handle=\"1\">\n\t\t\t<div class=\"elementor-element elementor-element-95ae623 e-flex e-con-boxed wpr-particle-no wpr-jarallax-no wpr-parallax-no wpr-sticky-section-no wpr-equal-height-no e-con e-parent\" data-id=\"95ae623\" data-element_type=\"container\" data-e-type=\"container\" data-settings=\"{&quot;animation&quot;:&quot;none&quot;}\">\n\t\t\t\t\t<div class=\"e-con-inner\">\n\t\t\t\t<div class=\"elementor-element elementor-element-b3675fd elementor-widget elementor-widget-image\" data-id=\"b3675fd\" data-element_type=\"widget\" data-e-type=\"widget\" data-widget_type=\"image.default\">\n\t\t\t\t\t\t\t\t\t\t\t\t\t\t\t\t<a href=\"https:\/\/www.gwicgroup.com\/es\/proyectos\/arias-law\/\">\n\t\t\t\t\t\t\t<img decoding=\"async\" src=\"https:\/\/www.gwicgroup.com\/wp-content\/uploads\/elementor\/thumbs\/Arias-3-qx91q1ar33azp47xmhdxtbogm1atauh7erfgn3jg8a.jpg\" title=\"Arias Law &#8211; GWIC \/ Proyectos\" alt=\"Arias Law - GWIC \/ Proyectos\" class=\"elementor-animation-grow\" loading=\"lazy\" \/>\t\t\t\t\t\t\t\t<\/a>\n\t\t\t\t\t\t\t\t\t\t\t\t\t\t\t<\/div>\n\t\t<div class=\"elementor-element elementor-element-1e7a7dd e-flex e-con-boxed wpr-particle-no wpr-jarallax-no wpr-parallax-no wpr-sticky-section-no wpr-equal-height-no e-con e-child\" data-id=\"1e7a7dd\" data-element_type=\"container\" data-e-type=\"container\" data-settings=\"{&quot;background_background&quot;:&quot;gradient&quot;}\">\n\t\t\t\t\t<div class=\"e-con-inner\">\n\t\t\t\t<div class=\"elementor-element elementor-element-e4360dd elementor-widget elementor-widget-heading\" data-id=\"e4360dd\" data-element_type=\"widget\" data-e-type=\"widget\" data-widget_type=\"heading.default\">\n\t\t\t\t\t<h2 class=\"elementor-heading-title elementor-size-default\">Arias Law<\/h2>\t\t\t\t<\/div>\n\t\t\t\t<div data-premium-element-link=\"{&quot;type&quot;:&quot;url&quot;,&quot;link&quot;:{&quot;url&quot;:&quot;https:\\\/\\\/www.gwicgroup.com\\\/es\\\/proyectos\\\/arias-law\\\/&quot;,&quot;is_external&quot;:&quot;&quot;,&quot;nofollow&quot;:&quot;&quot;,&quot;custom_attributes&quot;:&quot;&quot;},&quot;href&quot;:&quot;https:\\\/\\\/www.gwicgroup.com\\\/es\\\/proyectos\\\/arias-law\\\/&quot;}\" style=\"cursor: pointer\" class=\"elementor-element elementor-element-71e76f7 elementor-align-left premium-wrapper-link-yes elementor-widget elementor-widget-button\" data-id=\"71e76f7\" data-element_type=\"widget\" data-e-type=\"widget\" data-widget_type=\"button.default\">\n\t\t\t\t\t\t\t\t\t\t<a class=\"elementor-button elementor-button-link elementor-size-sm\" href=\"https:\/\/www.gwicgroup.com\/es\/proyectos\/arias-law\/\">\n\t\t\t\t\t\t<span class=\"elementor-button-content-wrapper\">\n\t\t\t\t\t\t<span class=\"elementor-button-icon\">\n\t\t\t\t<i aria-hidden=\"true\" class=\"jki jki-arrow-right-solid\"><\/i>\t\t\t<\/span>\n\t\t\t\t\t\t\t\t\t<span class=\"elementor-button-text\">saber m\u00e1s<\/span>\n\t\t\t\t\t<\/span>\n\t\t\t\t\t<\/a>\n\t\t\t\t\t\t\t\t<\/div>\n\t\t\t\t\t<\/div>\n\t\t\t\t<\/div>\n\t\t\t\t\t<\/div>\n\t\t\t\t<\/div>\n\t\t\t\t<\/div>\n\t\t\t\t<div data-elementor-type=\"loop-item\" data-elementor-id=\"8256\" class=\"elementor elementor-8256 elementor-3464 elementor-3464 e-loop-item e-loop-item-10535 post-10535 projeto type-projeto status-publish has-post-thumbnail hentry category-edificios-es tag-argelia-es\" data-elementor-post-type=\"elementor_library\" data-custom-edit-handle=\"1\">\n\t\t\t<div class=\"elementor-element elementor-element-95ae623 e-flex e-con-boxed wpr-particle-no wpr-jarallax-no wpr-parallax-no wpr-sticky-section-no wpr-equal-height-no e-con e-parent\" data-id=\"95ae623\" data-element_type=\"container\" data-e-type=\"container\" data-settings=\"{&quot;animation&quot;:&quot;none&quot;}\">\n\t\t\t\t\t<div class=\"e-con-inner\">\n\t\t\t\t<div class=\"elementor-element elementor-element-b3675fd elementor-widget elementor-widget-image\" data-id=\"b3675fd\" data-element_type=\"widget\" data-e-type=\"widget\" data-widget_type=\"image.default\">\n\t\t\t\t\t\t\t\t\t\t\t\t\t\t\t\t<a href=\"https:\/\/www.gwicgroup.com\/es\/proyectos\/hotel-batna\/\">\n\t\t\t\t\t\t\t<img decoding=\"async\" src=\"https:\/\/www.gwicgroup.com\/wp-content\/uploads\/elementor\/thumbs\/BATNA-1-qx91q28l9xca0q6kgzskdtfx7f66ijkxqw2y4di222.jpg\" title=\"Batna Hotel &#8211; GWIC \/ Proyectos\" alt=\"Batna Hotel - GWIC \/ Proyectos\" class=\"elementor-animation-grow\" loading=\"lazy\" \/>\t\t\t\t\t\t\t\t<\/a>\n\t\t\t\t\t\t\t\t\t\t\t\t\t\t\t<\/div>\n\t\t<div class=\"elementor-element elementor-element-1e7a7dd e-flex e-con-boxed wpr-particle-no wpr-jarallax-no wpr-parallax-no wpr-sticky-section-no wpr-equal-height-no e-con e-child\" data-id=\"1e7a7dd\" data-element_type=\"container\" data-e-type=\"container\" data-settings=\"{&quot;background_background&quot;:&quot;gradient&quot;}\">\n\t\t\t\t\t<div class=\"e-con-inner\">\n\t\t\t\t<div class=\"elementor-element elementor-element-e4360dd elementor-widget elementor-widget-heading\" data-id=\"e4360dd\" data-element_type=\"widget\" data-e-type=\"widget\" data-widget_type=\"heading.default\">\n\t\t\t\t\t<h2 class=\"elementor-heading-title elementor-size-default\">Hotel Batna<\/h2>\t\t\t\t<\/div>\n\t\t\t\t<div data-premium-element-link=\"{&quot;type&quot;:&quot;url&quot;,&quot;link&quot;:{&quot;url&quot;:&quot;https:\\\/\\\/www.gwicgroup.com\\\/es\\\/proyectos\\\/hotel-batna\\\/&quot;,&quot;is_external&quot;:&quot;&quot;,&quot;nofollow&quot;:&quot;&quot;,&quot;custom_attributes&quot;:&quot;&quot;},&quot;href&quot;:&quot;https:\\\/\\\/www.gwicgroup.com\\\/es\\\/proyectos\\\/hotel-batna\\\/&quot;}\" style=\"cursor: pointer\" class=\"elementor-element elementor-element-71e76f7 elementor-align-left premium-wrapper-link-yes elementor-widget elementor-widget-button\" data-id=\"71e76f7\" data-element_type=\"widget\" data-e-type=\"widget\" data-widget_type=\"button.default\">\n\t\t\t\t\t\t\t\t\t\t<a class=\"elementor-button elementor-button-link elementor-size-sm\" href=\"https:\/\/www.gwicgroup.com\/es\/proyectos\/hotel-batna\/\">\n\t\t\t\t\t\t<span class=\"elementor-button-content-wrapper\">\n\t\t\t\t\t\t<span class=\"elementor-button-icon\">\n\t\t\t\t<i aria-hidden=\"true\" class=\"jki jki-arrow-right-solid\"><\/i>\t\t\t<\/span>\n\t\t\t\t\t\t\t\t\t<span class=\"elementor-button-text\">saber m\u00e1s<\/span>\n\t\t\t\t\t<\/span>\n\t\t\t\t\t<\/a>\n\t\t\t\t\t\t\t\t<\/div>\n\t\t\t\t\t<\/div>\n\t\t\t\t<\/div>\n\t\t\t\t\t<\/div>\n\t\t\t\t<\/div>\n\t\t\t\t<\/div>\n\t\t\t\t<div data-elementor-type=\"loop-item\" data-elementor-id=\"8256\" class=\"elementor elementor-8256 elementor-3464 elementor-3464 e-loop-item e-loop-item-7855 post-7855 projeto type-projeto status-publish has-post-thumbnail hentry category-edificios-es tag-costa-rica-es\" data-elementor-post-type=\"elementor_library\" data-custom-edit-handle=\"1\">\n\t\t\t<div class=\"elementor-element elementor-element-95ae623 e-flex e-con-boxed wpr-particle-no wpr-jarallax-no wpr-parallax-no wpr-sticky-section-no wpr-equal-height-no e-con e-parent\" data-id=\"95ae623\" data-element_type=\"container\" data-e-type=\"container\" data-settings=\"{&quot;animation&quot;:&quot;none&quot;}\">\n\t\t\t\t\t<div class=\"e-con-inner\">\n\t\t\t\t<div class=\"elementor-element elementor-element-b3675fd elementor-widget elementor-widget-image\" data-id=\"b3675fd\" data-element_type=\"widget\" data-e-type=\"widget\" data-widget_type=\"image.default\">\n\t\t\t\t\t\t\t\t\t\t\t\t\t\t\t\t<a href=\"https:\/\/www.gwicgroup.com\/es\/proyectos\/auditorio-y-centro-de-convenciones-en-heredia\/\">\n\t\t\t\t\t\t\t<img decoding=\"async\" src=\"https:\/\/www.gwicgroup.com\/wp-content\/uploads\/elementor\/thumbs\/Auditorio-Anide-1-qx91q36fgrdkcc57bi76yb7dst1jq8oo30qflngnvu.jpg\" title=\"Auditorio y Centro de Convenciones en Heredia &#8211; GWIC \/ Proyectos\" alt=\"Auditorio y Centro de Convenciones en Heredia - GWIC \/ Proyectos\" class=\"elementor-animation-grow\" loading=\"lazy\" \/>\t\t\t\t\t\t\t\t<\/a>\n\t\t\t\t\t\t\t\t\t\t\t\t\t\t\t<\/div>\n\t\t<div class=\"elementor-element elementor-element-1e7a7dd e-flex e-con-boxed wpr-particle-no wpr-jarallax-no wpr-parallax-no wpr-sticky-section-no wpr-equal-height-no e-con e-child\" data-id=\"1e7a7dd\" data-element_type=\"container\" data-e-type=\"container\" data-settings=\"{&quot;background_background&quot;:&quot;gradient&quot;}\">\n\t\t\t\t\t<div class=\"e-con-inner\">\n\t\t\t\t<div class=\"elementor-element elementor-element-e4360dd elementor-widget elementor-widget-heading\" data-id=\"e4360dd\" data-element_type=\"widget\" data-e-type=\"widget\" data-widget_type=\"heading.default\">\n\t\t\t\t\t<h2 class=\"elementor-heading-title elementor-size-default\">Auditorio y Centro de Convenciones en Heredia<\/h2>\t\t\t\t<\/div>\n\t\t\t\t<div data-premium-element-link=\"{&quot;type&quot;:&quot;url&quot;,&quot;link&quot;:{&quot;url&quot;:&quot;https:\\\/\\\/www.gwicgroup.com\\\/es\\\/proyectos\\\/auditorio-y-centro-de-convenciones-en-heredia\\\/&quot;,&quot;is_external&quot;:&quot;&quot;,&quot;nofollow&quot;:&quot;&quot;,&quot;custom_attributes&quot;:&quot;&quot;},&quot;href&quot;:&quot;https:\\\/\\\/www.gwicgroup.com\\\/es\\\/proyectos\\\/auditorio-y-centro-de-convenciones-en-heredia\\\/&quot;}\" style=\"cursor: pointer\" class=\"elementor-element elementor-element-71e76f7 elementor-align-left premium-wrapper-link-yes elementor-widget elementor-widget-button\" data-id=\"71e76f7\" data-element_type=\"widget\" data-e-type=\"widget\" data-widget_type=\"button.default\">\n\t\t\t\t\t\t\t\t\t\t<a class=\"elementor-button elementor-button-link elementor-size-sm\" href=\"https:\/\/www.gwicgroup.com\/es\/proyectos\/auditorio-y-centro-de-convenciones-en-heredia\/\">\n\t\t\t\t\t\t<span class=\"elementor-button-content-wrapper\">\n\t\t\t\t\t\t<span class=\"elementor-button-icon\">\n\t\t\t\t<i aria-hidden=\"true\" class=\"jki jki-arrow-right-solid\"><\/i>\t\t\t<\/span>\n\t\t\t\t\t\t\t\t\t<span class=\"elementor-button-text\">saber m\u00e1s<\/span>\n\t\t\t\t\t<\/span>\n\t\t\t\t\t<\/a>\n\t\t\t\t\t\t\t\t<\/div>\n\t\t\t\t\t<\/div>\n\t\t\t\t<\/div>\n\t\t\t\t\t<\/div>\n\t\t\t\t<\/div>\n\t\t\t\t<\/div>\n\t\t\t\t<div data-elementor-type=\"loop-item\" data-elementor-id=\"8256\" class=\"elementor elementor-8256 elementor-3464 elementor-3464 e-loop-item e-loop-item-10607 post-10607 projeto type-projeto status-publish has-post-thumbnail hentry category-edificios-es tag-portugal-es\" data-elementor-post-type=\"elementor_library\" data-custom-edit-handle=\"1\">\n\t\t\t<div class=\"elementor-element elementor-element-95ae623 e-flex e-con-boxed wpr-particle-no wpr-jarallax-no wpr-parallax-no wpr-sticky-section-no wpr-equal-height-no e-con e-parent\" data-id=\"95ae623\" data-element_type=\"container\" data-e-type=\"container\" data-settings=\"{&quot;animation&quot;:&quot;none&quot;}\">\n\t\t\t\t\t<div class=\"e-con-inner\">\n\t\t\t\t<div class=\"elementor-element elementor-element-b3675fd elementor-widget elementor-widget-image\" data-id=\"b3675fd\" data-element_type=\"widget\" data-e-type=\"widget\" data-widget_type=\"image.default\">\n\t\t\t\t\t\t\t\t\t\t\t\t\t\t\t\t<a href=\"https:\/\/www.gwicgroup.com\/es\/proyectos\/tienda-mantovani\/\">\n\t\t\t\t\t\t\t<img decoding=\"async\" src=\"https:\/\/www.gwicgroup.com\/wp-content\/uploads\/elementor\/thumbs\/MANTOVANI-1-qx91q1ar33azp47xmhdxtbogm1atauh7erfgn3jg8a.jpg\" title=\"Tienda Mantovani &#8211; GWIC \/ Proyectos\" alt=\"Tienda Mantovani - GWIC \/ Proyectos\" class=\"elementor-animation-grow\" loading=\"lazy\" \/>\t\t\t\t\t\t\t\t<\/a>\n\t\t\t\t\t\t\t\t\t\t\t\t\t\t\t<\/div>\n\t\t<div class=\"elementor-element elementor-element-1e7a7dd e-flex e-con-boxed wpr-particle-no wpr-jarallax-no wpr-parallax-no wpr-sticky-section-no wpr-equal-height-no e-con e-child\" data-id=\"1e7a7dd\" data-element_type=\"container\" data-e-type=\"container\" data-settings=\"{&quot;background_background&quot;:&quot;gradient&quot;}\">\n\t\t\t\t\t<div class=\"e-con-inner\">\n\t\t\t\t<div class=\"elementor-element elementor-element-e4360dd elementor-widget elementor-widget-heading\" data-id=\"e4360dd\" data-element_type=\"widget\" data-e-type=\"widget\" data-widget_type=\"heading.default\">\n\t\t\t\t\t<h2 class=\"elementor-heading-title elementor-size-default\">Tienda Mantovani<\/h2>\t\t\t\t<\/div>\n\t\t\t\t<div data-premium-element-link=\"{&quot;type&quot;:&quot;url&quot;,&quot;link&quot;:{&quot;url&quot;:&quot;https:\\\/\\\/www.gwicgroup.com\\\/es\\\/proyectos\\\/tienda-mantovani\\\/&quot;,&quot;is_external&quot;:&quot;&quot;,&quot;nofollow&quot;:&quot;&quot;,&quot;custom_attributes&quot;:&quot;&quot;},&quot;href&quot;:&quot;https:\\\/\\\/www.gwicgroup.com\\\/es\\\/proyectos\\\/tienda-mantovani\\\/&quot;}\" style=\"cursor: pointer\" class=\"elementor-element elementor-element-71e76f7 elementor-align-left premium-wrapper-link-yes elementor-widget elementor-widget-button\" data-id=\"71e76f7\" data-element_type=\"widget\" data-e-type=\"widget\" data-widget_type=\"button.default\">\n\t\t\t\t\t\t\t\t\t\t<a class=\"elementor-button elementor-button-link elementor-size-sm\" href=\"https:\/\/www.gwicgroup.com\/es\/proyectos\/tienda-mantovani\/\">\n\t\t\t\t\t\t<span class=\"elementor-button-content-wrapper\">\n\t\t\t\t\t\t<span class=\"elementor-button-icon\">\n\t\t\t\t<i aria-hidden=\"true\" class=\"jki jki-arrow-right-solid\"><\/i>\t\t\t<\/span>\n\t\t\t\t\t\t\t\t\t<span class=\"elementor-button-text\">saber m\u00e1s<\/span>\n\t\t\t\t\t<\/span>\n\t\t\t\t\t<\/a>\n\t\t\t\t\t\t\t\t<\/div>\n\t\t\t\t\t<\/div>\n\t\t\t\t<\/div>\n\t\t\t\t\t<\/div>\n\t\t\t\t<\/div>\n\t\t\t\t<\/div>\n\t\t\t\t<div data-elementor-type=\"loop-item\" data-elementor-id=\"8256\" class=\"elementor elementor-8256 elementor-3464 elementor-3464 e-loop-item e-loop-item-10505 post-10505 projeto type-projeto status-publish has-post-thumbnail hentry category-edificios-es tag-angola-es\" data-elementor-post-type=\"elementor_library\" data-custom-edit-handle=\"1\">\n\t\t\t<div class=\"elementor-element elementor-element-95ae623 e-flex e-con-boxed wpr-particle-no wpr-jarallax-no wpr-parallax-no wpr-sticky-section-no wpr-equal-height-no e-con e-parent\" data-id=\"95ae623\" data-element_type=\"container\" data-e-type=\"container\" data-settings=\"{&quot;animation&quot;:&quot;none&quot;}\">\n\t\t\t\t\t<div class=\"e-con-inner\">\n\t\t\t\t<div class=\"elementor-element elementor-element-b3675fd elementor-widget elementor-widget-image\" data-id=\"b3675fd\" data-element_type=\"widget\" data-e-type=\"widget\" data-widget_type=\"image.default\">\n\t\t\t\t\t\t\t\t\t\t\t\t\t\t\t\t<a href=\"https:\/\/www.gwicgroup.com\/es\/proyectos\/fabrica-de-pasta-en-luanda\/\">\n\t\t\t\t\t\t\t<img decoding=\"async\" src=\"https:\/\/www.gwicgroup.com\/wp-content\/uploads\/elementor\/thumbs\/Luanda-massas-2-qx91q28l9xca0q6kgzskdtfx7f66ijkxqw2y4di222.jpg\" title=\"Planta de Producci\u00f3n de Pasta en Luanda &#8211; GWIC \/ Proyectos\" alt=\"Planta de Producci\u00f3n de Pasta en Luanda - GWIC \/ Proyectos\" class=\"elementor-animation-grow\" loading=\"lazy\" \/>\t\t\t\t\t\t\t\t<\/a>\n\t\t\t\t\t\t\t\t\t\t\t\t\t\t\t<\/div>\n\t\t<div class=\"elementor-element elementor-element-1e7a7dd e-flex e-con-boxed wpr-particle-no wpr-jarallax-no wpr-parallax-no wpr-sticky-section-no wpr-equal-height-no e-con e-child\" data-id=\"1e7a7dd\" data-element_type=\"container\" data-e-type=\"container\" data-settings=\"{&quot;background_background&quot;:&quot;gradient&quot;}\">\n\t\t\t\t\t<div class=\"e-con-inner\">\n\t\t\t\t<div class=\"elementor-element elementor-element-e4360dd elementor-widget elementor-widget-heading\" data-id=\"e4360dd\" data-element_type=\"widget\" data-e-type=\"widget\" data-widget_type=\"heading.default\">\n\t\t\t\t\t<h2 class=\"elementor-heading-title elementor-size-default\">F\u00e1brica de Pasta en Luanda<\/h2>\t\t\t\t<\/div>\n\t\t\t\t<div data-premium-element-link=\"{&quot;type&quot;:&quot;url&quot;,&quot;link&quot;:{&quot;url&quot;:&quot;https:\\\/\\\/www.gwicgroup.com\\\/es\\\/proyectos\\\/fabrica-de-pasta-en-luanda\\\/&quot;,&quot;is_external&quot;:&quot;&quot;,&quot;nofollow&quot;:&quot;&quot;,&quot;custom_attributes&quot;:&quot;&quot;},&quot;href&quot;:&quot;https:\\\/\\\/www.gwicgroup.com\\\/es\\\/proyectos\\\/fabrica-de-pasta-en-luanda\\\/&quot;}\" style=\"cursor: pointer\" class=\"elementor-element elementor-element-71e76f7 elementor-align-left premium-wrapper-link-yes elementor-widget elementor-widget-button\" data-id=\"71e76f7\" data-element_type=\"widget\" data-e-type=\"widget\" data-widget_type=\"button.default\">\n\t\t\t\t\t\t\t\t\t\t<a class=\"elementor-button elementor-button-link elementor-size-sm\" href=\"https:\/\/www.gwicgroup.com\/es\/proyectos\/fabrica-de-pasta-en-luanda\/\">\n\t\t\t\t\t\t<span class=\"elementor-button-content-wrapper\">\n\t\t\t\t\t\t<span class=\"elementor-button-icon\">\n\t\t\t\t<i aria-hidden=\"true\" class=\"jki jki-arrow-right-solid\"><\/i>\t\t\t<\/span>\n\t\t\t\t\t\t\t\t\t<span class=\"elementor-button-text\">saber m\u00e1s<\/span>\n\t\t\t\t\t<\/span>\n\t\t\t\t\t<\/a>\n\t\t\t\t\t\t\t\t<\/div>\n\t\t\t\t\t<\/div>\n\t\t\t\t<\/div>\n\t\t\t\t\t<\/div>\n\t\t\t\t<\/div>\n\t\t\t\t<\/div>\n\t\t\t\t<div data-elementor-type=\"loop-item\" data-elementor-id=\"8256\" class=\"elementor elementor-8256 elementor-3464 elementor-3464 e-loop-item e-loop-item-10591 post-10591 projeto type-projeto status-publish has-post-thumbnail hentry category-edificios-es tag-brasil-es\" data-elementor-post-type=\"elementor_library\" data-custom-edit-handle=\"1\">\n\t\t\t<div class=\"elementor-element elementor-element-95ae623 e-flex e-con-boxed wpr-particle-no wpr-jarallax-no wpr-parallax-no wpr-sticky-section-no wpr-equal-height-no e-con e-parent\" data-id=\"95ae623\" data-element_type=\"container\" data-e-type=\"container\" data-settings=\"{&quot;animation&quot;:&quot;none&quot;}\">\n\t\t\t\t\t<div class=\"e-con-inner\">\n\t\t\t\t<div class=\"elementor-element elementor-element-b3675fd elementor-widget elementor-widget-image\" data-id=\"b3675fd\" data-element_type=\"widget\" data-e-type=\"widget\" data-widget_type=\"image.default\">\n\t\t\t\t\t\t\t\t\t\t\t\t\t\t\t\t<a href=\"https:\/\/www.gwicgroup.com\/es\/proyectos\/instituto-de-matematica-pura-y-aplicada-impa\/\">\n\t\t\t\t\t\t\t<img decoding=\"async\" src=\"https:\/\/www.gwicgroup.com\/wp-content\/uploads\/elementor\/thumbs\/IMPA_1-qx91q28l9xca0q6kgzskdtfx7f66ijkxqw2y4di222.jpg\" title=\"Instituto de Matem\u00e1tica Pura y Aplicada (IMPA) &#8211; GWIC \/ Proyectos\" alt=\"Instituto de Matem\u00e1tica Pura y Aplicada (IMPA) - GWIC \/ Proyectos\" class=\"elementor-animation-grow\" loading=\"lazy\" \/>\t\t\t\t\t\t\t\t<\/a>\n\t\t\t\t\t\t\t\t\t\t\t\t\t\t\t<\/div>\n\t\t<div class=\"elementor-element elementor-element-1e7a7dd e-flex e-con-boxed wpr-particle-no wpr-jarallax-no wpr-parallax-no wpr-sticky-section-no wpr-equal-height-no e-con e-child\" data-id=\"1e7a7dd\" data-element_type=\"container\" data-e-type=\"container\" data-settings=\"{&quot;background_background&quot;:&quot;gradient&quot;}\">\n\t\t\t\t\t<div class=\"e-con-inner\">\n\t\t\t\t<div class=\"elementor-element elementor-element-e4360dd elementor-widget elementor-widget-heading\" data-id=\"e4360dd\" data-element_type=\"widget\" data-e-type=\"widget\" data-widget_type=\"heading.default\">\n\t\t\t\t\t<h2 class=\"elementor-heading-title elementor-size-default\">Instituto de Matem\u00e1tica Pura y Aplicada (IMPA)<\/h2>\t\t\t\t<\/div>\n\t\t\t\t<div data-premium-element-link=\"{&quot;type&quot;:&quot;url&quot;,&quot;link&quot;:{&quot;url&quot;:&quot;https:\\\/\\\/www.gwicgroup.com\\\/es\\\/proyectos\\\/instituto-de-matematica-pura-y-aplicada-impa\\\/&quot;,&quot;is_external&quot;:&quot;&quot;,&quot;nofollow&quot;:&quot;&quot;,&quot;custom_attributes&quot;:&quot;&quot;},&quot;href&quot;:&quot;https:\\\/\\\/www.gwicgroup.com\\\/es\\\/proyectos\\\/instituto-de-matematica-pura-y-aplicada-impa\\\/&quot;}\" style=\"cursor: pointer\" class=\"elementor-element elementor-element-71e76f7 elementor-align-left premium-wrapper-link-yes elementor-widget elementor-widget-button\" data-id=\"71e76f7\" data-element_type=\"widget\" data-e-type=\"widget\" data-widget_type=\"button.default\">\n\t\t\t\t\t\t\t\t\t\t<a class=\"elementor-button elementor-button-link elementor-size-sm\" href=\"https:\/\/www.gwicgroup.com\/es\/proyectos\/instituto-de-matematica-pura-y-aplicada-impa\/\">\n\t\t\t\t\t\t<span class=\"elementor-button-content-wrapper\">\n\t\t\t\t\t\t<span class=\"elementor-button-icon\">\n\t\t\t\t<i aria-hidden=\"true\" class=\"jki jki-arrow-right-solid\"><\/i>\t\t\t<\/span>\n\t\t\t\t\t\t\t\t\t<span class=\"elementor-button-text\">saber m\u00e1s<\/span>\n\t\t\t\t\t<\/span>\n\t\t\t\t\t<\/a>\n\t\t\t\t\t\t\t\t<\/div>\n\t\t\t\t\t<\/div>\n\t\t\t\t<\/div>\n\t\t\t\t\t<\/div>\n\t\t\t\t<\/div>\n\t\t\t\t<\/div>\n\t\t\t\t<div data-elementor-type=\"loop-item\" data-elementor-id=\"8256\" class=\"elementor elementor-8256 elementor-3464 elementor-3464 e-loop-item e-loop-item-10691 post-10691 projeto type-projeto status-publish has-post-thumbnail hentry category-edificios-es tag-brasil-es\" data-elementor-post-type=\"elementor_library\" data-custom-edit-handle=\"1\">\n\t\t\t<div class=\"elementor-element elementor-element-95ae623 e-flex e-con-boxed wpr-particle-no wpr-jarallax-no wpr-parallax-no wpr-sticky-section-no wpr-equal-height-no e-con e-parent\" data-id=\"95ae623\" data-element_type=\"container\" data-e-type=\"container\" data-settings=\"{&quot;animation&quot;:&quot;none&quot;}\">\n\t\t\t\t\t<div class=\"e-con-inner\">\n\t\t\t\t<div class=\"elementor-element elementor-element-b3675fd elementor-widget elementor-widget-image\" data-id=\"b3675fd\" data-element_type=\"widget\" data-e-type=\"widget\" data-widget_type=\"image.default\">\n\t\t\t\t\t\t\t\t\t\t\t\t\t\t\t\t<a href=\"https:\/\/www.gwicgroup.com\/es\/proyectos\/sede-de-porto-seguro-en-rio-de-janeiro\/\">\n\t\t\t\t\t\t\t<img decoding=\"async\" src=\"https:\/\/www.gwicgroup.com\/wp-content\/uploads\/elementor\/thumbs\/Porto-Seguro-2-qx91q36fgrdkcc57bi76yb7dst1jq8oo30qflngnvu.jpg\" title=\"Sede de Porto Seguro en R\u00edo de Janeiro &#8211; GWIC \/ Proyectos\" alt=\"Sede de Porto Seguro en R\u00edo de Janeiro - GWIC \/ Proyectos\" class=\"elementor-animation-grow\" loading=\"lazy\" \/>\t\t\t\t\t\t\t\t<\/a>\n\t\t\t\t\t\t\t\t\t\t\t\t\t\t\t<\/div>\n\t\t<div class=\"elementor-element elementor-element-1e7a7dd e-flex e-con-boxed wpr-particle-no wpr-jarallax-no wpr-parallax-no wpr-sticky-section-no wpr-equal-height-no e-con e-child\" data-id=\"1e7a7dd\" data-element_type=\"container\" data-e-type=\"container\" data-settings=\"{&quot;background_background&quot;:&quot;gradient&quot;}\">\n\t\t\t\t\t<div class=\"e-con-inner\">\n\t\t\t\t<div class=\"elementor-element elementor-element-e4360dd elementor-widget elementor-widget-heading\" data-id=\"e4360dd\" data-element_type=\"widget\" data-e-type=\"widget\" data-widget_type=\"heading.default\">\n\t\t\t\t\t<h2 class=\"elementor-heading-title elementor-size-default\">Sede de Porto Seguro en R\u00edo de Janeiro<\/h2>\t\t\t\t<\/div>\n\t\t\t\t<div data-premium-element-link=\"{&quot;type&quot;:&quot;url&quot;,&quot;link&quot;:{&quot;url&quot;:&quot;https:\\\/\\\/www.gwicgroup.com\\\/es\\\/proyectos\\\/sede-de-porto-seguro-en-rio-de-janeiro\\\/&quot;,&quot;is_external&quot;:&quot;&quot;,&quot;nofollow&quot;:&quot;&quot;,&quot;custom_attributes&quot;:&quot;&quot;},&quot;href&quot;:&quot;https:\\\/\\\/www.gwicgroup.com\\\/es\\\/proyectos\\\/sede-de-porto-seguro-en-rio-de-janeiro\\\/&quot;}\" style=\"cursor: pointer\" class=\"elementor-element elementor-element-71e76f7 elementor-align-left premium-wrapper-link-yes elementor-widget elementor-widget-button\" data-id=\"71e76f7\" data-element_type=\"widget\" data-e-type=\"widget\" data-widget_type=\"button.default\">\n\t\t\t\t\t\t\t\t\t\t<a class=\"elementor-button elementor-button-link elementor-size-sm\" href=\"https:\/\/www.gwicgroup.com\/es\/proyectos\/sede-de-porto-seguro-en-rio-de-janeiro\/\">\n\t\t\t\t\t\t<span class=\"elementor-button-content-wrapper\">\n\t\t\t\t\t\t<span class=\"elementor-button-icon\">\n\t\t\t\t<i aria-hidden=\"true\" class=\"jki jki-arrow-right-solid\"><\/i>\t\t\t<\/span>\n\t\t\t\t\t\t\t\t\t<span class=\"elementor-button-text\">saber m\u00e1s<\/span>\n\t\t\t\t\t<\/span>\n\t\t\t\t\t<\/a>\n\t\t\t\t\t\t\t\t<\/div>\n\t\t\t\t\t<\/div>\n\t\t\t\t<\/div>\n\t\t\t\t\t<\/div>\n\t\t\t\t<\/div>\n\t\t\t\t<\/div>\n\t\t\t\t<div data-elementor-type=\"loop-item\" data-elementor-id=\"8256\" class=\"elementor elementor-8256 elementor-3464 elementor-3464 e-loop-item e-loop-item-10640 post-10640 projeto type-projeto status-publish has-post-thumbnail hentry category-edificios-es tag-portugal-es\" data-elementor-post-type=\"elementor_library\" data-custom-edit-handle=\"1\">\n\t\t\t<div class=\"elementor-element elementor-element-95ae623 e-flex e-con-boxed wpr-particle-no wpr-jarallax-no wpr-parallax-no wpr-sticky-section-no wpr-equal-height-no e-con e-parent\" data-id=\"95ae623\" data-element_type=\"container\" data-e-type=\"container\" data-settings=\"{&quot;animation&quot;:&quot;none&quot;}\">\n\t\t\t\t\t<div class=\"e-con-inner\">\n\t\t\t\t<div class=\"elementor-element elementor-element-b3675fd elementor-widget elementor-widget-image\" data-id=\"b3675fd\" data-element_type=\"widget\" data-e-type=\"widget\" data-widget_type=\"image.default\">\n\t\t\t\t\t\t\t\t\t\t\t\t\t\t\t\t<a href=\"https:\/\/www.gwicgroup.com\/es\/proyectos\/palacio-de-sao-marcal\/\">\n\t\t\t\t\t\t\t<img decoding=\"async\" src=\"https:\/\/www.gwicgroup.com\/wp-content\/uploads\/elementor\/thumbs\/palacio_s_marcal_3-qx91qthws4dldf2z1tkqw4kaflftprl5in011edn1m.jpg\" title=\"Pal\u00e1cio de S\u00e3o Mar\u00e7al &#8211; GWIC \/ Proyectos\" alt=\"Pal\u00e1cio de S\u00e3o Mar\u00e7al - GWIC \/ Proyectos\" class=\"elementor-animation-grow\" loading=\"lazy\" \/>\t\t\t\t\t\t\t\t<\/a>\n\t\t\t\t\t\t\t\t\t\t\t\t\t\t\t<\/div>\n\t\t<div class=\"elementor-element elementor-element-1e7a7dd e-flex e-con-boxed wpr-particle-no wpr-jarallax-no wpr-parallax-no wpr-sticky-section-no wpr-equal-height-no e-con e-child\" data-id=\"1e7a7dd\" data-element_type=\"container\" data-e-type=\"container\" data-settings=\"{&quot;background_background&quot;:&quot;gradient&quot;}\">\n\t\t\t\t\t<div class=\"e-con-inner\">\n\t\t\t\t<div class=\"elementor-element elementor-element-e4360dd elementor-widget elementor-widget-heading\" data-id=\"e4360dd\" data-element_type=\"widget\" data-e-type=\"widget\" data-widget_type=\"heading.default\">\n\t\t\t\t\t<h2 class=\"elementor-heading-title elementor-size-default\">Pal\u00e1cio de S\u00e3o Mar\u00e7al<\/h2>\t\t\t\t<\/div>\n\t\t\t\t<div data-premium-element-link=\"{&quot;type&quot;:&quot;url&quot;,&quot;link&quot;:{&quot;url&quot;:&quot;https:\\\/\\\/www.gwicgroup.com\\\/es\\\/proyectos\\\/palacio-de-sao-marcal\\\/&quot;,&quot;is_external&quot;:&quot;&quot;,&quot;nofollow&quot;:&quot;&quot;,&quot;custom_attributes&quot;:&quot;&quot;},&quot;href&quot;:&quot;https:\\\/\\\/www.gwicgroup.com\\\/es\\\/proyectos\\\/palacio-de-sao-marcal\\\/&quot;}\" style=\"cursor: pointer\" class=\"elementor-element elementor-element-71e76f7 elementor-align-left premium-wrapper-link-yes elementor-widget elementor-widget-button\" data-id=\"71e76f7\" data-element_type=\"widget\" data-e-type=\"widget\" data-widget_type=\"button.default\">\n\t\t\t\t\t\t\t\t\t\t<a class=\"elementor-button elementor-button-link elementor-size-sm\" href=\"https:\/\/www.gwicgroup.com\/es\/proyectos\/palacio-de-sao-marcal\/\">\n\t\t\t\t\t\t<span class=\"elementor-button-content-wrapper\">\n\t\t\t\t\t\t<span class=\"elementor-button-icon\">\n\t\t\t\t<i aria-hidden=\"true\" class=\"jki jki-arrow-right-solid\"><\/i>\t\t\t<\/span>\n\t\t\t\t\t\t\t\t\t<span class=\"elementor-button-text\">saber m\u00e1s<\/span>\n\t\t\t\t\t<\/span>\n\t\t\t\t\t<\/a>\n\t\t\t\t\t\t\t\t<\/div>\n\t\t\t\t\t<\/div>\n\t\t\t\t<\/div>\n\t\t\t\t\t<\/div>\n\t\t\t\t<\/div>\n\t\t\t\t<\/div>\n\t\t\t\t<div data-elementor-type=\"loop-item\" data-elementor-id=\"8256\" class=\"elementor elementor-8256 elementor-3464 elementor-3464 e-loop-item e-loop-item-8329 post-8329 projeto type-projeto status-publish has-post-thumbnail hentry category-edificios-es tag-portugal-es\" data-elementor-post-type=\"elementor_library\" data-custom-edit-handle=\"1\">\n\t\t\t<div class=\"elementor-element elementor-element-95ae623 e-flex e-con-boxed wpr-particle-no wpr-jarallax-no wpr-parallax-no wpr-sticky-section-no wpr-equal-height-no e-con e-parent\" data-id=\"95ae623\" data-element_type=\"container\" data-e-type=\"container\" data-settings=\"{&quot;animation&quot;:&quot;none&quot;}\">\n\t\t\t\t\t<div class=\"e-con-inner\">\n\t\t\t\t<div class=\"elementor-element elementor-element-b3675fd elementor-widget elementor-widget-image\" data-id=\"b3675fd\" data-element_type=\"widget\" data-e-type=\"widget\" data-widget_type=\"image.default\">\n\t\t\t\t\t\t\t\t\t\t\t\t\t\t\t\t<a href=\"https:\/\/www.gwicgroup.com\/es\/proyectos\/edificio-en-rua-de-pedroucos\/\">\n\t\t\t\t\t\t\t<img decoding=\"async\" src=\"https:\/\/www.gwicgroup.com\/wp-content\/uploads\/elementor\/thumbs\/pedroucos_3-qx91qthws4dldf2z1tkqw4kaflftprl5in011edn1m.jpg\" title=\"Edificio en Rua de Pedrou\u00e7os &#8211; GWIC \/ Proyectos\" alt=\"Edificio en Rua de Pedrou\u00e7os - GWIC \/ Proyectos\" class=\"elementor-animation-grow\" loading=\"lazy\" \/>\t\t\t\t\t\t\t\t<\/a>\n\t\t\t\t\t\t\t\t\t\t\t\t\t\t\t<\/div>\n\t\t<div class=\"elementor-element elementor-element-1e7a7dd e-flex e-con-boxed wpr-particle-no wpr-jarallax-no wpr-parallax-no wpr-sticky-section-no wpr-equal-height-no e-con e-child\" data-id=\"1e7a7dd\" data-element_type=\"container\" data-e-type=\"container\" data-settings=\"{&quot;background_background&quot;:&quot;gradient&quot;}\">\n\t\t\t\t\t<div class=\"e-con-inner\">\n\t\t\t\t<div class=\"elementor-element elementor-element-e4360dd elementor-widget elementor-widget-heading\" data-id=\"e4360dd\" data-element_type=\"widget\" data-e-type=\"widget\" data-widget_type=\"heading.default\">\n\t\t\t\t\t<h2 class=\"elementor-heading-title elementor-size-default\">Edificio en Rua de Pedrou\u00e7os<\/h2>\t\t\t\t<\/div>\n\t\t\t\t<div data-premium-element-link=\"{&quot;type&quot;:&quot;url&quot;,&quot;link&quot;:{&quot;url&quot;:&quot;https:\\\/\\\/www.gwicgroup.com\\\/es\\\/proyectos\\\/edificio-en-rua-de-pedroucos\\\/&quot;,&quot;is_external&quot;:&quot;&quot;,&quot;nofollow&quot;:&quot;&quot;,&quot;custom_attributes&quot;:&quot;&quot;},&quot;href&quot;:&quot;https:\\\/\\\/www.gwicgroup.com\\\/es\\\/proyectos\\\/edificio-en-rua-de-pedroucos\\\/&quot;}\" style=\"cursor: pointer\" class=\"elementor-element elementor-element-71e76f7 elementor-align-left premium-wrapper-link-yes elementor-widget elementor-widget-button\" data-id=\"71e76f7\" data-element_type=\"widget\" data-e-type=\"widget\" data-widget_type=\"button.default\">\n\t\t\t\t\t\t\t\t\t\t<a class=\"elementor-button elementor-button-link elementor-size-sm\" href=\"https:\/\/www.gwicgroup.com\/es\/proyectos\/edificio-en-rua-de-pedroucos\/\">\n\t\t\t\t\t\t<span class=\"elementor-button-content-wrapper\">\n\t\t\t\t\t\t<span class=\"elementor-button-icon\">\n\t\t\t\t<i aria-hidden=\"true\" class=\"jki jki-arrow-right-solid\"><\/i>\t\t\t<\/span>\n\t\t\t\t\t\t\t\t\t<span class=\"elementor-button-text\">saber m\u00e1s<\/span>\n\t\t\t\t\t<\/span>\n\t\t\t\t\t<\/a>\n\t\t\t\t\t\t\t\t<\/div>\n\t\t\t\t\t<\/div>\n\t\t\t\t<\/div>\n\t\t\t\t\t<\/div>\n\t\t\t\t<\/div>\n\t\t\t\t<\/div>\n\t\t\t\t<div data-elementor-type=\"loop-item\" data-elementor-id=\"8256\" class=\"elementor elementor-8256 elementor-3464 elementor-3464 e-loop-item e-loop-item-8218 post-8218 projeto type-projeto status-publish has-post-thumbnail hentry category-edificios-es tag-portugal-es\" data-elementor-post-type=\"elementor_library\" data-custom-edit-handle=\"1\">\n\t\t\t<div class=\"elementor-element elementor-element-95ae623 e-flex e-con-boxed wpr-particle-no wpr-jarallax-no wpr-parallax-no wpr-sticky-section-no wpr-equal-height-no e-con e-parent\" data-id=\"95ae623\" data-element_type=\"container\" data-e-type=\"container\" data-settings=\"{&quot;animation&quot;:&quot;none&quot;}\">\n\t\t\t\t\t<div class=\"e-con-inner\">\n\t\t\t\t<div class=\"elementor-element elementor-element-b3675fd elementor-widget elementor-widget-image\" data-id=\"b3675fd\" data-element_type=\"widget\" data-e-type=\"widget\" data-widget_type=\"image.default\">\n\t\t\t\t\t\t\t\t\t\t\t\t\t\t\t\t<a href=\"https:\/\/www.gwicgroup.com\/es\/proyectos\/complejo-sao-roque-en-lisboa\/\">\n\t\t\t\t\t\t\t<img decoding=\"async\" src=\"https:\/\/www.gwicgroup.com\/wp-content\/uploads\/elementor\/thumbs\/Palacio-S.-Roque-3-qx91q0cww99pdi9aryzb8tx00nfg35dh2mrz5tkuei.jpg\" title=\"Complejo S\u00e3o Roque en Lisboa &#8211; GWIC \/ Proyectos\" alt=\"Complejo S\u00e3o Roque en Lisboa - GWIC \/ Proyectos\" class=\"elementor-animation-grow\" loading=\"lazy\" \/>\t\t\t\t\t\t\t\t<\/a>\n\t\t\t\t\t\t\t\t\t\t\t\t\t\t\t<\/div>\n\t\t<div class=\"elementor-element elementor-element-1e7a7dd e-flex e-con-boxed wpr-particle-no wpr-jarallax-no wpr-parallax-no wpr-sticky-section-no wpr-equal-height-no e-con e-child\" data-id=\"1e7a7dd\" data-element_type=\"container\" data-e-type=\"container\" data-settings=\"{&quot;background_background&quot;:&quot;gradient&quot;}\">\n\t\t\t\t\t<div class=\"e-con-inner\">\n\t\t\t\t<div class=\"elementor-element elementor-element-e4360dd elementor-widget elementor-widget-heading\" data-id=\"e4360dd\" data-element_type=\"widget\" data-e-type=\"widget\" data-widget_type=\"heading.default\">\n\t\t\t\t\t<h2 class=\"elementor-heading-title elementor-size-default\">Complejo S\u00e3o Roque en Lisboa<\/h2>\t\t\t\t<\/div>\n\t\t\t\t<div data-premium-element-link=\"{&quot;type&quot;:&quot;url&quot;,&quot;link&quot;:{&quot;url&quot;:&quot;https:\\\/\\\/www.gwicgroup.com\\\/es\\\/proyectos\\\/complejo-sao-roque-en-lisboa\\\/&quot;,&quot;is_external&quot;:&quot;&quot;,&quot;nofollow&quot;:&quot;&quot;,&quot;custom_attributes&quot;:&quot;&quot;},&quot;href&quot;:&quot;https:\\\/\\\/www.gwicgroup.com\\\/es\\\/proyectos\\\/complejo-sao-roque-en-lisboa\\\/&quot;}\" style=\"cursor: pointer\" class=\"elementor-element elementor-element-71e76f7 elementor-align-left premium-wrapper-link-yes elementor-widget elementor-widget-button\" data-id=\"71e76f7\" data-element_type=\"widget\" data-e-type=\"widget\" data-widget_type=\"button.default\">\n\t\t\t\t\t\t\t\t\t\t<a class=\"elementor-button elementor-button-link elementor-size-sm\" href=\"https:\/\/www.gwicgroup.com\/es\/proyectos\/complejo-sao-roque-en-lisboa\/\">\n\t\t\t\t\t\t<span class=\"elementor-button-content-wrapper\">\n\t\t\t\t\t\t<span class=\"elementor-button-icon\">\n\t\t\t\t<i aria-hidden=\"true\" class=\"jki jki-arrow-right-solid\"><\/i>\t\t\t<\/span>\n\t\t\t\t\t\t\t\t\t<span class=\"elementor-button-text\">saber m\u00e1s<\/span>\n\t\t\t\t\t<\/span>\n\t\t\t\t\t<\/a>\n\t\t\t\t\t\t\t\t<\/div>\n\t\t\t\t\t<\/div>\n\t\t\t\t<\/div>\n\t\t\t\t\t<\/div>\n\t\t\t\t<\/div>\n\t\t\t\t<\/div>\n\t\t\t\t<div data-elementor-type=\"loop-item\" data-elementor-id=\"8256\" class=\"elementor elementor-8256 elementor-3464 elementor-3464 e-loop-item e-loop-item-10783 post-10783 projeto type-projeto status-publish has-post-thumbnail hentry category-edificios-es tag-costa-rica-es\" data-elementor-post-type=\"elementor_library\" data-custom-edit-handle=\"1\">\n\t\t\t<div class=\"elementor-element elementor-element-95ae623 e-flex e-con-boxed wpr-particle-no wpr-jarallax-no wpr-parallax-no wpr-sticky-section-no wpr-equal-height-no e-con e-parent\" data-id=\"95ae623\" data-element_type=\"container\" data-e-type=\"container\" data-settings=\"{&quot;animation&quot;:&quot;none&quot;}\">\n\t\t\t\t\t<div class=\"e-con-inner\">\n\t\t\t\t<div class=\"elementor-element elementor-element-b3675fd elementor-widget elementor-widget-image\" data-id=\"b3675fd\" data-element_type=\"widget\" data-e-type=\"widget\" data-widget_type=\"image.default\">\n\t\t\t\t\t\t\t\t\t\t\t\t\t\t\t\t<a href=\"https:\/\/www.gwicgroup.com\/es\/proyectos\/walmart-costa-rica\/\">\n\t\t\t\t\t\t\t<img decoding=\"async\" src=\"https:\/\/www.gwicgroup.com\/wp-content\/uploads\/elementor\/thumbs\/wallmart-2-qx91q1ar33azp47xmhdxtbogm1atauh7erfgn3jg8a.jpg\" title=\"Wallmart Costa Rica &#8211; GWIC \/ Proyectos\" alt=\"Wallmart Costa Rica - GWIC \/ Proyectos\" class=\"elementor-animation-grow\" loading=\"lazy\" \/>\t\t\t\t\t\t\t\t<\/a>\n\t\t\t\t\t\t\t\t\t\t\t\t\t\t\t<\/div>\n\t\t<div class=\"elementor-element elementor-element-1e7a7dd e-flex e-con-boxed wpr-particle-no wpr-jarallax-no wpr-parallax-no wpr-sticky-section-no wpr-equal-height-no e-con e-child\" data-id=\"1e7a7dd\" data-element_type=\"container\" data-e-type=\"container\" data-settings=\"{&quot;background_background&quot;:&quot;gradient&quot;}\">\n\t\t\t\t\t<div class=\"e-con-inner\">\n\t\t\t\t<div class=\"elementor-element elementor-element-e4360dd elementor-widget elementor-widget-heading\" data-id=\"e4360dd\" data-element_type=\"widget\" data-e-type=\"widget\" data-widget_type=\"heading.default\">\n\t\t\t\t\t<h2 class=\"elementor-heading-title elementor-size-default\">Walmart Costa Rica<\/h2>\t\t\t\t<\/div>\n\t\t\t\t<div data-premium-element-link=\"{&quot;type&quot;:&quot;url&quot;,&quot;link&quot;:{&quot;url&quot;:&quot;https:\\\/\\\/www.gwicgroup.com\\\/es\\\/proyectos\\\/walmart-costa-rica\\\/&quot;,&quot;is_external&quot;:&quot;&quot;,&quot;nofollow&quot;:&quot;&quot;,&quot;custom_attributes&quot;:&quot;&quot;},&quot;href&quot;:&quot;https:\\\/\\\/www.gwicgroup.com\\\/es\\\/proyectos\\\/walmart-costa-rica\\\/&quot;}\" style=\"cursor: pointer\" class=\"elementor-element elementor-element-71e76f7 elementor-align-left premium-wrapper-link-yes elementor-widget elementor-widget-button\" data-id=\"71e76f7\" data-element_type=\"widget\" data-e-type=\"widget\" data-widget_type=\"button.default\">\n\t\t\t\t\t\t\t\t\t\t<a class=\"elementor-button elementor-button-link elementor-size-sm\" href=\"https:\/\/www.gwicgroup.com\/es\/proyectos\/walmart-costa-rica\/\">\n\t\t\t\t\t\t<span class=\"elementor-button-content-wrapper\">\n\t\t\t\t\t\t<span class=\"elementor-button-icon\">\n\t\t\t\t<i aria-hidden=\"true\" class=\"jki jki-arrow-right-solid\"><\/i>\t\t\t<\/span>\n\t\t\t\t\t\t\t\t\t<span class=\"elementor-button-text\">saber m\u00e1s<\/span>\n\t\t\t\t\t<\/span>\n\t\t\t\t\t<\/a>\n\t\t\t\t\t\t\t\t<\/div>\n\t\t\t\t\t<\/div>\n\t\t\t\t<\/div>\n\t\t\t\t\t<\/div>\n\t\t\t\t<\/div>\n\t\t\t\t<\/div>\n\t\t\t\t<div data-elementor-type=\"loop-item\" data-elementor-id=\"8256\" class=\"elementor elementor-8256 elementor-3464 elementor-3464 e-loop-item e-loop-item-8318 post-8318 projeto type-projeto status-publish has-post-thumbnail hentry category-edificios-es tag-portugal-es\" data-elementor-post-type=\"elementor_library\" data-custom-edit-handle=\"1\">\n\t\t\t<div class=\"elementor-element elementor-element-95ae623 e-flex e-con-boxed wpr-particle-no wpr-jarallax-no wpr-parallax-no wpr-sticky-section-no wpr-equal-height-no e-con e-parent\" data-id=\"95ae623\" data-element_type=\"container\" data-e-type=\"container\" data-settings=\"{&quot;animation&quot;:&quot;none&quot;}\">\n\t\t\t\t\t<div class=\"e-con-inner\">\n\t\t\t\t<div class=\"elementor-element elementor-element-b3675fd elementor-widget elementor-widget-image\" data-id=\"b3675fd\" data-element_type=\"widget\" data-e-type=\"widget\" data-widget_type=\"image.default\">\n\t\t\t\t\t\t\t\t\t\t\t\t\t\t\t\t<a href=\"https:\/\/www.gwicgroup.com\/es\/proyectos\/diligencias-tecnicas-de-centros-comerciales\/\">\n\t\t\t\t\t\t\t<img decoding=\"async\" src=\"https:\/\/www.gwicgroup.com\/wp-content\/uploads\/elementor\/thumbs\/Alma-Shopping-qx91q1ar33azp47xmhdxtbogm1atauh7erfgn3jg8a.jpg\" title=\"Diligencias T\u00e9cnicas de Centros Comerciales &#8211; GWIC \/ Proyectos\" alt=\"Diligencias T\u00e9cnicas de Centros Comerciales - GWIC \/ Proyectos\" class=\"elementor-animation-grow\" loading=\"lazy\" \/>\t\t\t\t\t\t\t\t<\/a>\n\t\t\t\t\t\t\t\t\t\t\t\t\t\t\t<\/div>\n\t\t<div class=\"elementor-element elementor-element-1e7a7dd e-flex e-con-boxed wpr-particle-no wpr-jarallax-no wpr-parallax-no wpr-sticky-section-no wpr-equal-height-no e-con e-child\" data-id=\"1e7a7dd\" data-element_type=\"container\" data-e-type=\"container\" data-settings=\"{&quot;background_background&quot;:&quot;gradient&quot;}\">\n\t\t\t\t\t<div class=\"e-con-inner\">\n\t\t\t\t<div class=\"elementor-element elementor-element-e4360dd elementor-widget elementor-widget-heading\" data-id=\"e4360dd\" data-element_type=\"widget\" data-e-type=\"widget\" data-widget_type=\"heading.default\">\n\t\t\t\t\t<h2 class=\"elementor-heading-title elementor-size-default\">Diligencias T\u00e9cnicas de Centros Comerciales<\/h2>\t\t\t\t<\/div>\n\t\t\t\t<div data-premium-element-link=\"{&quot;type&quot;:&quot;url&quot;,&quot;link&quot;:{&quot;url&quot;:&quot;https:\\\/\\\/www.gwicgroup.com\\\/es\\\/proyectos\\\/diligencias-tecnicas-de-centros-comerciales\\\/&quot;,&quot;is_external&quot;:&quot;&quot;,&quot;nofollow&quot;:&quot;&quot;,&quot;custom_attributes&quot;:&quot;&quot;},&quot;href&quot;:&quot;https:\\\/\\\/www.gwicgroup.com\\\/es\\\/proyectos\\\/diligencias-tecnicas-de-centros-comerciales\\\/&quot;}\" style=\"cursor: pointer\" class=\"elementor-element elementor-element-71e76f7 elementor-align-left premium-wrapper-link-yes elementor-widget elementor-widget-button\" data-id=\"71e76f7\" data-element_type=\"widget\" data-e-type=\"widget\" data-widget_type=\"button.default\">\n\t\t\t\t\t\t\t\t\t\t<a class=\"elementor-button elementor-button-link elementor-size-sm\" href=\"https:\/\/www.gwicgroup.com\/es\/proyectos\/diligencias-tecnicas-de-centros-comerciales\/\">\n\t\t\t\t\t\t<span class=\"elementor-button-content-wrapper\">\n\t\t\t\t\t\t<span class=\"elementor-button-icon\">\n\t\t\t\t<i aria-hidden=\"true\" class=\"jki jki-arrow-right-solid\"><\/i>\t\t\t<\/span>\n\t\t\t\t\t\t\t\t\t<span class=\"elementor-button-text\">saber m\u00e1s<\/span>\n\t\t\t\t\t<\/span>\n\t\t\t\t\t<\/a>\n\t\t\t\t\t\t\t\t<\/div>\n\t\t\t\t\t<\/div>\n\t\t\t\t<\/div>\n\t\t\t\t\t<\/div>\n\t\t\t\t<\/div>\n\t\t\t\t<\/div>\n\t\t\t\t<div data-elementor-type=\"loop-item\" data-elementor-id=\"8256\" class=\"elementor elementor-8256 elementor-3464 elementor-3464 e-loop-item e-loop-item-8225 post-8225 projeto type-projeto status-publish has-post-thumbnail hentry category-edificios-es tag-brasil-es\" data-elementor-post-type=\"elementor_library\" data-custom-edit-handle=\"1\">\n\t\t\t<div class=\"elementor-element elementor-element-95ae623 e-flex e-con-boxed wpr-particle-no wpr-jarallax-no wpr-parallax-no wpr-sticky-section-no wpr-equal-height-no e-con e-parent\" data-id=\"95ae623\" data-element_type=\"container\" data-e-type=\"container\" data-settings=\"{&quot;animation&quot;:&quot;none&quot;}\">\n\t\t\t\t\t<div class=\"e-con-inner\">\n\t\t\t\t<div class=\"elementor-element elementor-element-b3675fd elementor-widget elementor-widget-image\" data-id=\"b3675fd\" data-element_type=\"widget\" data-e-type=\"widget\" data-widget_type=\"image.default\">\n\t\t\t\t\t\t\t\t\t\t\t\t\t\t\t\t<a href=\"https:\/\/www.gwicgroup.com\/es\/proyectos\/concept-school-sao-paulo\/\">\n\t\t\t\t\t\t\t<img decoding=\"async\" src=\"https:\/\/www.gwicgroup.com\/wp-content\/uploads\/elementor\/thumbs\/Fesp-escola-Sao-Paulo-III-qx91q36fgrdkcc57bi76yb7dst1jq8oo30qflngnvu.jpg\" title=\"Concept School S\u00e3o Paulo &#8211; GWIC \/ Proyectos\" alt=\"Concept School S\u00e3o Paulo - GWIC \/ Proyectos\" class=\"elementor-animation-grow\" loading=\"lazy\" \/>\t\t\t\t\t\t\t\t<\/a>\n\t\t\t\t\t\t\t\t\t\t\t\t\t\t\t<\/div>\n\t\t<div class=\"elementor-element elementor-element-1e7a7dd e-flex e-con-boxed wpr-particle-no wpr-jarallax-no wpr-parallax-no wpr-sticky-section-no wpr-equal-height-no e-con e-child\" data-id=\"1e7a7dd\" data-element_type=\"container\" data-e-type=\"container\" data-settings=\"{&quot;background_background&quot;:&quot;gradient&quot;}\">\n\t\t\t\t\t<div class=\"e-con-inner\">\n\t\t\t\t<div class=\"elementor-element elementor-element-e4360dd elementor-widget elementor-widget-heading\" data-id=\"e4360dd\" data-element_type=\"widget\" data-e-type=\"widget\" data-widget_type=\"heading.default\">\n\t\t\t\t\t<h2 class=\"elementor-heading-title elementor-size-default\">Concept School S\u00e3o Paulo<\/h2>\t\t\t\t<\/div>\n\t\t\t\t<div data-premium-element-link=\"{&quot;type&quot;:&quot;url&quot;,&quot;link&quot;:{&quot;url&quot;:&quot;https:\\\/\\\/www.gwicgroup.com\\\/es\\\/proyectos\\\/concept-school-sao-paulo\\\/&quot;,&quot;is_external&quot;:&quot;&quot;,&quot;nofollow&quot;:&quot;&quot;,&quot;custom_attributes&quot;:&quot;&quot;},&quot;href&quot;:&quot;https:\\\/\\\/www.gwicgroup.com\\\/es\\\/proyectos\\\/concept-school-sao-paulo\\\/&quot;}\" style=\"cursor: pointer\" class=\"elementor-element elementor-element-71e76f7 elementor-align-left premium-wrapper-link-yes elementor-widget elementor-widget-button\" data-id=\"71e76f7\" data-element_type=\"widget\" data-e-type=\"widget\" data-widget_type=\"button.default\">\n\t\t\t\t\t\t\t\t\t\t<a class=\"elementor-button elementor-button-link elementor-size-sm\" href=\"https:\/\/www.gwicgroup.com\/es\/proyectos\/concept-school-sao-paulo\/\">\n\t\t\t\t\t\t<span class=\"elementor-button-content-wrapper\">\n\t\t\t\t\t\t<span class=\"elementor-button-icon\">\n\t\t\t\t<i aria-hidden=\"true\" class=\"jki jki-arrow-right-solid\"><\/i>\t\t\t<\/span>\n\t\t\t\t\t\t\t\t\t<span class=\"elementor-button-text\">saber m\u00e1s<\/span>\n\t\t\t\t\t<\/span>\n\t\t\t\t\t<\/a>\n\t\t\t\t\t\t\t\t<\/div>\n\t\t\t\t\t<\/div>\n\t\t\t\t<\/div>\n\t\t\t\t\t<\/div>\n\t\t\t\t<\/div>\n\t\t\t\t<\/div>\n\t\t\t\t<div data-elementor-type=\"loop-item\" data-elementor-id=\"8256\" class=\"elementor elementor-8256 elementor-3464 elementor-3464 e-loop-item e-loop-item-7938 post-7938 projeto type-projeto status-publish has-post-thumbnail hentry category-edificios-es tag-portugal-es\" data-elementor-post-type=\"elementor_library\" data-custom-edit-handle=\"1\">\n\t\t\t<div class=\"elementor-element elementor-element-95ae623 e-flex e-con-boxed wpr-particle-no wpr-jarallax-no wpr-parallax-no wpr-sticky-section-no wpr-equal-height-no e-con e-parent\" data-id=\"95ae623\" data-element_type=\"container\" data-e-type=\"container\" data-settings=\"{&quot;animation&quot;:&quot;none&quot;}\">\n\t\t\t\t\t<div class=\"e-con-inner\">\n\t\t\t\t<div class=\"elementor-element elementor-element-b3675fd elementor-widget elementor-widget-image\" data-id=\"b3675fd\" data-element_type=\"widget\" data-e-type=\"widget\" data-widget_type=\"image.default\">\n\t\t\t\t\t\t\t\t\t\t\t\t\t\t\t\t<a href=\"https:\/\/www.gwicgroup.com\/es\/proyectos\/centro-de-llamadas-teleperformance\/\">\n\t\t\t\t\t\t\t<img decoding=\"async\" src=\"https:\/\/www.gwicgroup.com\/wp-content\/uploads\/elementor\/thumbs\/UTIC_foto_1-qx91qsk2lacb1t4c7b64bmstu7kgi2hf6icjk4f17u.jpg\" title=\"Centro de Llamadas Teleperformance &#8211; GWIC \/  Proyectos\" alt=\"Centro de Llamadas Teleperformance - GWIC \/ Proyectos\" class=\"elementor-animation-grow\" loading=\"lazy\" \/>\t\t\t\t\t\t\t\t<\/a>\n\t\t\t\t\t\t\t\t\t\t\t\t\t\t\t<\/div>\n\t\t<div class=\"elementor-element elementor-element-1e7a7dd e-flex e-con-boxed wpr-particle-no wpr-jarallax-no wpr-parallax-no wpr-sticky-section-no wpr-equal-height-no e-con e-child\" data-id=\"1e7a7dd\" data-element_type=\"container\" data-e-type=\"container\" data-settings=\"{&quot;background_background&quot;:&quot;gradient&quot;}\">\n\t\t\t\t\t<div class=\"e-con-inner\">\n\t\t\t\t<div class=\"elementor-element elementor-element-e4360dd elementor-widget elementor-widget-heading\" data-id=\"e4360dd\" data-element_type=\"widget\" data-e-type=\"widget\" data-widget_type=\"heading.default\">\n\t\t\t\t\t<h2 class=\"elementor-heading-title elementor-size-default\">Centro de Llamadas Teleperformance<\/h2>\t\t\t\t<\/div>\n\t\t\t\t<div data-premium-element-link=\"{&quot;type&quot;:&quot;url&quot;,&quot;link&quot;:{&quot;url&quot;:&quot;https:\\\/\\\/www.gwicgroup.com\\\/es\\\/proyectos\\\/centro-de-llamadas-teleperformance\\\/&quot;,&quot;is_external&quot;:&quot;&quot;,&quot;nofollow&quot;:&quot;&quot;,&quot;custom_attributes&quot;:&quot;&quot;},&quot;href&quot;:&quot;https:\\\/\\\/www.gwicgroup.com\\\/es\\\/proyectos\\\/centro-de-llamadas-teleperformance\\\/&quot;}\" style=\"cursor: pointer\" class=\"elementor-element elementor-element-71e76f7 elementor-align-left premium-wrapper-link-yes elementor-widget elementor-widget-button\" data-id=\"71e76f7\" data-element_type=\"widget\" data-e-type=\"widget\" data-widget_type=\"button.default\">\n\t\t\t\t\t\t\t\t\t\t<a class=\"elementor-button elementor-button-link elementor-size-sm\" href=\"https:\/\/www.gwicgroup.com\/es\/proyectos\/centro-de-llamadas-teleperformance\/\">\n\t\t\t\t\t\t<span class=\"elementor-button-content-wrapper\">\n\t\t\t\t\t\t<span class=\"elementor-button-icon\">\n\t\t\t\t<i aria-hidden=\"true\" class=\"jki jki-arrow-right-solid\"><\/i>\t\t\t<\/span>\n\t\t\t\t\t\t\t\t\t<span class=\"elementor-button-text\">saber m\u00e1s<\/span>\n\t\t\t\t\t<\/span>\n\t\t\t\t\t<\/a>\n\t\t\t\t\t\t\t\t<\/div>\n\t\t\t\t\t<\/div>\n\t\t\t\t<\/div>\n\t\t\t\t\t<\/div>\n\t\t\t\t<\/div>\n\t\t\t\t<\/div>\n\t\t\t\t<div data-elementor-type=\"loop-item\" data-elementor-id=\"8256\" class=\"elementor elementor-8256 elementor-3464 elementor-3464 e-loop-item e-loop-item-7867 post-7867 projeto type-projeto status-publish has-post-thumbnail hentry category-infraestructura tag-portugal-es\" data-elementor-post-type=\"elementor_library\" data-custom-edit-handle=\"1\">\n\t\t\t<div class=\"elementor-element elementor-element-95ae623 e-flex e-con-boxed wpr-particle-no wpr-jarallax-no wpr-parallax-no wpr-sticky-section-no wpr-equal-height-no e-con e-parent\" data-id=\"95ae623\" data-element_type=\"container\" data-e-type=\"container\" data-settings=\"{&quot;animation&quot;:&quot;none&quot;}\">\n\t\t\t\t\t<div class=\"e-con-inner\">\n\t\t\t\t<div class=\"elementor-element elementor-element-b3675fd elementor-widget elementor-widget-image\" data-id=\"b3675fd\" data-element_type=\"widget\" data-e-type=\"widget\" data-widget_type=\"image.default\">\n\t\t\t\t\t\t\t\t\t\t\t\t\t\t\t\t<a href=\"https:\/\/www.gwicgroup.com\/es\/proyectos\/barrio-sao-joao-de-brito\/\">\n\t\t\t\t\t\t\t<img decoding=\"async\" src=\"https:\/\/www.gwicgroup.com\/wp-content\/uploads\/elementor\/thumbs\/Bairro-S-J-Brito-1-qx91q36fgrdkcc57bi76yb7dst1jq8oo30qflngnvu.jpg\" title=\"Barrio S\u00e3o Jo\u00e3o de Brito &#8211; GWIC \/ Proyectos\" alt=\"Barrio S\u00e3o Jo\u00e3o de Brito - GWIC \/ Proyectos\" class=\"elementor-animation-grow\" loading=\"lazy\" \/>\t\t\t\t\t\t\t\t<\/a>\n\t\t\t\t\t\t\t\t\t\t\t\t\t\t\t<\/div>\n\t\t<div class=\"elementor-element elementor-element-1e7a7dd e-flex e-con-boxed wpr-particle-no wpr-jarallax-no wpr-parallax-no wpr-sticky-section-no wpr-equal-height-no e-con e-child\" data-id=\"1e7a7dd\" data-element_type=\"container\" data-e-type=\"container\" data-settings=\"{&quot;background_background&quot;:&quot;gradient&quot;}\">\n\t\t\t\t\t<div class=\"e-con-inner\">\n\t\t\t\t<div class=\"elementor-element elementor-element-e4360dd elementor-widget elementor-widget-heading\" data-id=\"e4360dd\" data-element_type=\"widget\" data-e-type=\"widget\" data-widget_type=\"heading.default\">\n\t\t\t\t\t<h2 class=\"elementor-heading-title elementor-size-default\">Barrio S\u00e3o Jo\u00e3o de Brito<\/h2>\t\t\t\t<\/div>\n\t\t\t\t<div data-premium-element-link=\"{&quot;type&quot;:&quot;url&quot;,&quot;link&quot;:{&quot;url&quot;:&quot;https:\\\/\\\/www.gwicgroup.com\\\/es\\\/proyectos\\\/barrio-sao-joao-de-brito\\\/&quot;,&quot;is_external&quot;:&quot;&quot;,&quot;nofollow&quot;:&quot;&quot;,&quot;custom_attributes&quot;:&quot;&quot;},&quot;href&quot;:&quot;https:\\\/\\\/www.gwicgroup.com\\\/es\\\/proyectos\\\/barrio-sao-joao-de-brito\\\/&quot;}\" style=\"cursor: pointer\" class=\"elementor-element elementor-element-71e76f7 elementor-align-left premium-wrapper-link-yes elementor-widget elementor-widget-button\" data-id=\"71e76f7\" data-element_type=\"widget\" data-e-type=\"widget\" data-widget_type=\"button.default\">\n\t\t\t\t\t\t\t\t\t\t<a class=\"elementor-button elementor-button-link elementor-size-sm\" href=\"https:\/\/www.gwicgroup.com\/es\/proyectos\/barrio-sao-joao-de-brito\/\">\n\t\t\t\t\t\t<span class=\"elementor-button-content-wrapper\">\n\t\t\t\t\t\t<span class=\"elementor-button-icon\">\n\t\t\t\t<i aria-hidden=\"true\" class=\"jki jki-arrow-right-solid\"><\/i>\t\t\t<\/span>\n\t\t\t\t\t\t\t\t\t<span class=\"elementor-button-text\">saber m\u00e1s<\/span>\n\t\t\t\t\t<\/span>\n\t\t\t\t\t<\/a>\n\t\t\t\t\t\t\t\t<\/div>\n\t\t\t\t\t<\/div>\n\t\t\t\t<\/div>\n\t\t\t\t\t<\/div>\n\t\t\t\t<\/div>\n\t\t\t\t<\/div>\n\t\t\t\t<div data-elementor-type=\"loop-item\" data-elementor-id=\"8256\" class=\"elementor elementor-8256 elementor-3464 elementor-3464 e-loop-item e-loop-item-10714 post-10714 projeto type-projeto status-publish has-post-thumbnail hentry category-edificios-es tag-portugal-es\" data-elementor-post-type=\"elementor_library\" data-custom-edit-handle=\"1\">\n\t\t\t<div class=\"elementor-element elementor-element-95ae623 e-flex e-con-boxed wpr-particle-no wpr-jarallax-no wpr-parallax-no wpr-sticky-section-no wpr-equal-height-no e-con e-parent\" data-id=\"95ae623\" data-element_type=\"container\" data-e-type=\"container\" data-settings=\"{&quot;animation&quot;:&quot;none&quot;}\">\n\t\t\t\t\t<div class=\"e-con-inner\">\n\t\t\t\t<div class=\"elementor-element elementor-element-b3675fd elementor-widget elementor-widget-image\" data-id=\"b3675fd\" data-element_type=\"widget\" data-e-type=\"widget\" data-widget_type=\"image.default\">\n\t\t\t\t\t\t\t\t\t\t\t\t\t\t\t\t<a href=\"https:\/\/www.gwicgroup.com\/es\/proyectos\/sede-de-tranquilidade\/\">\n\t\t\t\t\t\t\t<img decoding=\"async\" src=\"https:\/\/www.gwicgroup.com\/wp-content\/uploads\/elementor\/thumbs\/ED_tranquilidade_1-qx91qvdl5sg60n08que01437md6k55sm6wazzyaup6.jpg\" title=\"Edif\u00edcio Tranquilidade &#8211; GWIC \/ Proyectos\" alt=\"Edif\u00edcio Tranquilidade - GWIC \/ Proyectos\" class=\"elementor-animation-grow\" loading=\"lazy\" \/>\t\t\t\t\t\t\t\t<\/a>\n\t\t\t\t\t\t\t\t\t\t\t\t\t\t\t<\/div>\n\t\t<div class=\"elementor-element elementor-element-1e7a7dd e-flex e-con-boxed wpr-particle-no wpr-jarallax-no wpr-parallax-no wpr-sticky-section-no wpr-equal-height-no e-con e-child\" data-id=\"1e7a7dd\" data-element_type=\"container\" data-e-type=\"container\" data-settings=\"{&quot;background_background&quot;:&quot;gradient&quot;}\">\n\t\t\t\t\t<div class=\"e-con-inner\">\n\t\t\t\t<div class=\"elementor-element elementor-element-e4360dd elementor-widget elementor-widget-heading\" data-id=\"e4360dd\" data-element_type=\"widget\" data-e-type=\"widget\" data-widget_type=\"heading.default\">\n\t\t\t\t\t<h2 class=\"elementor-heading-title elementor-size-default\">Sede de Tranquilidade<\/h2>\t\t\t\t<\/div>\n\t\t\t\t<div data-premium-element-link=\"{&quot;type&quot;:&quot;url&quot;,&quot;link&quot;:{&quot;url&quot;:&quot;https:\\\/\\\/www.gwicgroup.com\\\/es\\\/proyectos\\\/sede-de-tranquilidade\\\/&quot;,&quot;is_external&quot;:&quot;&quot;,&quot;nofollow&quot;:&quot;&quot;,&quot;custom_attributes&quot;:&quot;&quot;},&quot;href&quot;:&quot;https:\\\/\\\/www.gwicgroup.com\\\/es\\\/proyectos\\\/sede-de-tranquilidade\\\/&quot;}\" style=\"cursor: pointer\" class=\"elementor-element elementor-element-71e76f7 elementor-align-left premium-wrapper-link-yes elementor-widget elementor-widget-button\" data-id=\"71e76f7\" data-element_type=\"widget\" data-e-type=\"widget\" data-widget_type=\"button.default\">\n\t\t\t\t\t\t\t\t\t\t<a class=\"elementor-button elementor-button-link elementor-size-sm\" href=\"https:\/\/www.gwicgroup.com\/es\/proyectos\/sede-de-tranquilidade\/\">\n\t\t\t\t\t\t<span class=\"elementor-button-content-wrapper\">\n\t\t\t\t\t\t<span class=\"elementor-button-icon\">\n\t\t\t\t<i aria-hidden=\"true\" class=\"jki jki-arrow-right-solid\"><\/i>\t\t\t<\/span>\n\t\t\t\t\t\t\t\t\t<span class=\"elementor-button-text\">saber m\u00e1s<\/span>\n\t\t\t\t\t<\/span>\n\t\t\t\t\t<\/a>\n\t\t\t\t\t\t\t\t<\/div>\n\t\t\t\t\t<\/div>\n\t\t\t\t<\/div>\n\t\t\t\t\t<\/div>\n\t\t\t\t<\/div>\n\t\t\t\t<\/div>\n\t\t\t\t<div data-elementor-type=\"loop-item\" data-elementor-id=\"8256\" class=\"elementor elementor-8256 elementor-3464 elementor-3464 e-loop-item e-loop-item-10522 post-10522 projeto type-projeto status-publish has-post-thumbnail hentry category-edificios-es tag-portugal-es\" data-elementor-post-type=\"elementor_library\" data-custom-edit-handle=\"1\">\n\t\t\t<div class=\"elementor-element elementor-element-95ae623 e-flex e-con-boxed wpr-particle-no wpr-jarallax-no wpr-parallax-no wpr-sticky-section-no wpr-equal-height-no e-con e-parent\" data-id=\"95ae623\" data-element_type=\"container\" data-e-type=\"container\" data-settings=\"{&quot;animation&quot;:&quot;none&quot;}\">\n\t\t\t\t\t<div class=\"e-con-inner\">\n\t\t\t\t<div class=\"elementor-element elementor-element-b3675fd elementor-widget elementor-widget-image\" data-id=\"b3675fd\" data-element_type=\"widget\" data-e-type=\"widget\" data-widget_type=\"image.default\">\n\t\t\t\t\t\t\t\t\t\t\t\t\t\t\t\t<a href=\"https:\/\/www.gwicgroup.com\/es\/proyectos\/hospital-santana\/\">\n\t\t\t\t\t\t\t<img decoding=\"async\" src=\"https:\/\/www.gwicgroup.com\/wp-content\/uploads\/elementor\/thumbs\/HOSP_santana_1-qx91qvdl5sg60n08que01437md6k55sm6wazzyaup6.jpg\" title=\"Hospital Sant\u2019Ana &#8211; GWIC \/ Proyectos\" alt=\"Hospital Sant\u2019Ana - GWIC \/ Proyectos\" class=\"elementor-animation-grow\" loading=\"lazy\" \/>\t\t\t\t\t\t\t\t<\/a>\n\t\t\t\t\t\t\t\t\t\t\t\t\t\t\t<\/div>\n\t\t<div class=\"elementor-element elementor-element-1e7a7dd e-flex e-con-boxed wpr-particle-no wpr-jarallax-no wpr-parallax-no wpr-sticky-section-no wpr-equal-height-no e-con e-child\" data-id=\"1e7a7dd\" data-element_type=\"container\" data-e-type=\"container\" data-settings=\"{&quot;background_background&quot;:&quot;gradient&quot;}\">\n\t\t\t\t\t<div class=\"e-con-inner\">\n\t\t\t\t<div class=\"elementor-element elementor-element-e4360dd elementor-widget elementor-widget-heading\" data-id=\"e4360dd\" data-element_type=\"widget\" data-e-type=\"widget\" data-widget_type=\"heading.default\">\n\t\t\t\t\t<h2 class=\"elementor-heading-title elementor-size-default\">Hospital Sant\u2019Ana<\/h2>\t\t\t\t<\/div>\n\t\t\t\t<div data-premium-element-link=\"{&quot;type&quot;:&quot;url&quot;,&quot;link&quot;:{&quot;url&quot;:&quot;https:\\\/\\\/www.gwicgroup.com\\\/es\\\/proyectos\\\/hospital-santana\\\/&quot;,&quot;is_external&quot;:&quot;&quot;,&quot;nofollow&quot;:&quot;&quot;,&quot;custom_attributes&quot;:&quot;&quot;},&quot;href&quot;:&quot;https:\\\/\\\/www.gwicgroup.com\\\/es\\\/proyectos\\\/hospital-santana\\\/&quot;}\" style=\"cursor: pointer\" class=\"elementor-element elementor-element-71e76f7 elementor-align-left premium-wrapper-link-yes elementor-widget elementor-widget-button\" data-id=\"71e76f7\" data-element_type=\"widget\" data-e-type=\"widget\" data-widget_type=\"button.default\">\n\t\t\t\t\t\t\t\t\t\t<a class=\"elementor-button elementor-button-link elementor-size-sm\" href=\"https:\/\/www.gwicgroup.com\/es\/proyectos\/hospital-santana\/\">\n\t\t\t\t\t\t<span class=\"elementor-button-content-wrapper\">\n\t\t\t\t\t\t<span class=\"elementor-button-icon\">\n\t\t\t\t<i aria-hidden=\"true\" class=\"jki jki-arrow-right-solid\"><\/i>\t\t\t<\/span>\n\t\t\t\t\t\t\t\t\t<span class=\"elementor-button-text\">saber m\u00e1s<\/span>\n\t\t\t\t\t<\/span>\n\t\t\t\t\t<\/a>\n\t\t\t\t\t\t\t\t<\/div>\n\t\t\t\t\t<\/div>\n\t\t\t\t<\/div>\n\t\t\t\t\t<\/div>\n\t\t\t\t<\/div>\n\t\t\t\t<\/div>\n\t\t\t\t<div data-elementor-type=\"loop-item\" data-elementor-id=\"8256\" class=\"elementor elementor-8256 elementor-3464 elementor-3464 e-loop-item e-loop-item-10456 post-10456 projeto type-projeto status-publish has-post-thumbnail hentry category-infraestructura tag-ecuador-es\" data-elementor-post-type=\"elementor_library\" data-custom-edit-handle=\"1\">\n\t\t\t<div class=\"elementor-element elementor-element-95ae623 e-flex e-con-boxed wpr-particle-no wpr-jarallax-no wpr-parallax-no wpr-sticky-section-no wpr-equal-height-no e-con e-parent\" data-id=\"95ae623\" data-element_type=\"container\" data-e-type=\"container\" data-settings=\"{&quot;animation&quot;:&quot;none&quot;}\">\n\t\t\t\t\t<div class=\"e-con-inner\">\n\t\t\t\t<div class=\"elementor-element elementor-element-b3675fd elementor-widget elementor-widget-image\" data-id=\"b3675fd\" data-element_type=\"widget\" data-e-type=\"widget\" data-widget_type=\"image.default\">\n\t\t\t\t\t\t\t\t\t\t\t\t\t\t\t\t<a href=\"https:\/\/www.gwicgroup.com\/es\/proyectos\/planta-de-tratamiento-de-aguas-residuales-de-loja\/\">\n\t\t\t\t\t\t\t<img decoding=\"async\" src=\"https:\/\/www.gwicgroup.com\/wp-content\/uploads\/elementor\/thumbs\/Wastewater-1-qx91q36fgrdkcc57bi76yb7dst1jq8oo30qflngnvu.jpg\" title=\"Planta de Tratamiento de Aguas Residuales de Loja &#8211; GWIC \/ Proyectos\" alt=\"Planta de Tratamiento de Aguas Residuales de Loja - GWIC \/ Proyectos\" class=\"elementor-animation-grow\" loading=\"lazy\" \/>\t\t\t\t\t\t\t\t<\/a>\n\t\t\t\t\t\t\t\t\t\t\t\t\t\t\t<\/div>\n\t\t<div class=\"elementor-element elementor-element-1e7a7dd e-flex e-con-boxed wpr-particle-no wpr-jarallax-no wpr-parallax-no wpr-sticky-section-no wpr-equal-height-no e-con e-child\" data-id=\"1e7a7dd\" data-element_type=\"container\" data-e-type=\"container\" data-settings=\"{&quot;background_background&quot;:&quot;gradient&quot;}\">\n\t\t\t\t\t<div class=\"e-con-inner\">\n\t\t\t\t<div class=\"elementor-element elementor-element-e4360dd elementor-widget elementor-widget-heading\" data-id=\"e4360dd\" data-element_type=\"widget\" data-e-type=\"widget\" data-widget_type=\"heading.default\">\n\t\t\t\t\t<h2 class=\"elementor-heading-title elementor-size-default\">Planta de Tratamiento de Aguas Residuales de Loja<\/h2>\t\t\t\t<\/div>\n\t\t\t\t<div data-premium-element-link=\"{&quot;type&quot;:&quot;url&quot;,&quot;link&quot;:{&quot;url&quot;:&quot;https:\\\/\\\/www.gwicgroup.com\\\/es\\\/proyectos\\\/planta-de-tratamiento-de-aguas-residuales-de-loja\\\/&quot;,&quot;is_external&quot;:&quot;&quot;,&quot;nofollow&quot;:&quot;&quot;,&quot;custom_attributes&quot;:&quot;&quot;},&quot;href&quot;:&quot;https:\\\/\\\/www.gwicgroup.com\\\/es\\\/proyectos\\\/planta-de-tratamiento-de-aguas-residuales-de-loja\\\/&quot;}\" style=\"cursor: pointer\" class=\"elementor-element elementor-element-71e76f7 elementor-align-left premium-wrapper-link-yes elementor-widget elementor-widget-button\" data-id=\"71e76f7\" data-element_type=\"widget\" data-e-type=\"widget\" data-widget_type=\"button.default\">\n\t\t\t\t\t\t\t\t\t\t<a class=\"elementor-button elementor-button-link elementor-size-sm\" href=\"https:\/\/www.gwicgroup.com\/es\/proyectos\/planta-de-tratamiento-de-aguas-residuales-de-loja\/\">\n\t\t\t\t\t\t<span class=\"elementor-button-content-wrapper\">\n\t\t\t\t\t\t<span class=\"elementor-button-icon\">\n\t\t\t\t<i aria-hidden=\"true\" class=\"jki jki-arrow-right-solid\"><\/i>\t\t\t<\/span>\n\t\t\t\t\t\t\t\t\t<span class=\"elementor-button-text\">saber m\u00e1s<\/span>\n\t\t\t\t\t<\/span>\n\t\t\t\t\t<\/a>\n\t\t\t\t\t\t\t\t<\/div>\n\t\t\t\t\t<\/div>\n\t\t\t\t<\/div>\n\t\t\t\t\t<\/div>\n\t\t\t\t<\/div>\n\t\t\t\t<\/div>\n\t\t\t\t<div data-elementor-type=\"loop-item\" data-elementor-id=\"8256\" class=\"elementor elementor-8256 elementor-3464 elementor-3464 e-loop-item e-loop-item-7925 post-7925 projeto type-projeto status-publish has-post-thumbnail hentry category-infraestructura tag-costa-rica-es\" data-elementor-post-type=\"elementor_library\" data-custom-edit-handle=\"1\">\n\t\t\t<div class=\"elementor-element elementor-element-95ae623 e-flex e-con-boxed wpr-particle-no wpr-jarallax-no wpr-parallax-no wpr-sticky-section-no wpr-equal-height-no e-con e-parent\" data-id=\"95ae623\" data-element_type=\"container\" data-e-type=\"container\" data-settings=\"{&quot;animation&quot;:&quot;none&quot;}\">\n\t\t\t\t\t<div class=\"e-con-inner\">\n\t\t\t\t<div class=\"elementor-element elementor-element-b3675fd elementor-widget elementor-widget-image\" data-id=\"b3675fd\" data-element_type=\"widget\" data-e-type=\"widget\" data-widget_type=\"image.default\">\n\t\t\t\t\t\t\t\t\t\t\t\t\t\t\t\t<a href=\"https:\/\/www.gwicgroup.com\/es\/proyectos\/central-hidroelectrica-del-rio-angel\/\">\n\t\t\t\t\t\t\t<img decoding=\"async\" src=\"https:\/\/www.gwicgroup.com\/wp-content\/uploads\/elementor\/thumbs\/Angel-1-qx91q1ar33azp47xmhdxtbogm1atauh7erfgn3jg8a.jpg\" title=\"Central Hidroel\u00e9ctrica del R\u00edo Angel &#8211; GWIC \/ Proyectos\" alt=\"Central Hidroel\u00e9ctrica del R\u00edo Angel - GWIC \/ Proyectos\" class=\"elementor-animation-grow\" loading=\"lazy\" \/>\t\t\t\t\t\t\t\t<\/a>\n\t\t\t\t\t\t\t\t\t\t\t\t\t\t\t<\/div>\n\t\t<div class=\"elementor-element elementor-element-1e7a7dd e-flex e-con-boxed wpr-particle-no wpr-jarallax-no wpr-parallax-no wpr-sticky-section-no wpr-equal-height-no e-con e-child\" data-id=\"1e7a7dd\" data-element_type=\"container\" data-e-type=\"container\" data-settings=\"{&quot;background_background&quot;:&quot;gradient&quot;}\">\n\t\t\t\t\t<div class=\"e-con-inner\">\n\t\t\t\t<div class=\"elementor-element elementor-element-e4360dd elementor-widget elementor-widget-heading\" data-id=\"e4360dd\" data-element_type=\"widget\" data-e-type=\"widget\" data-widget_type=\"heading.default\">\n\t\t\t\t\t<h2 class=\"elementor-heading-title elementor-size-default\">Central Hidroel\u00e9ctrica del R\u00edo Angel<\/h2>\t\t\t\t<\/div>\n\t\t\t\t<div data-premium-element-link=\"{&quot;type&quot;:&quot;url&quot;,&quot;link&quot;:{&quot;url&quot;:&quot;https:\\\/\\\/www.gwicgroup.com\\\/es\\\/proyectos\\\/central-hidroelectrica-del-rio-angel\\\/&quot;,&quot;is_external&quot;:&quot;&quot;,&quot;nofollow&quot;:&quot;&quot;,&quot;custom_attributes&quot;:&quot;&quot;},&quot;href&quot;:&quot;https:\\\/\\\/www.gwicgroup.com\\\/es\\\/proyectos\\\/central-hidroelectrica-del-rio-angel\\\/&quot;}\" style=\"cursor: pointer\" class=\"elementor-element elementor-element-71e76f7 elementor-align-left premium-wrapper-link-yes elementor-widget elementor-widget-button\" data-id=\"71e76f7\" data-element_type=\"widget\" data-e-type=\"widget\" data-widget_type=\"button.default\">\n\t\t\t\t\t\t\t\t\t\t<a class=\"elementor-button elementor-button-link elementor-size-sm\" href=\"https:\/\/www.gwicgroup.com\/es\/proyectos\/central-hidroelectrica-del-rio-angel\/\">\n\t\t\t\t\t\t<span class=\"elementor-button-content-wrapper\">\n\t\t\t\t\t\t<span class=\"elementor-button-icon\">\n\t\t\t\t<i aria-hidden=\"true\" class=\"jki jki-arrow-right-solid\"><\/i>\t\t\t<\/span>\n\t\t\t\t\t\t\t\t\t<span class=\"elementor-button-text\">saber m\u00e1s<\/span>\n\t\t\t\t\t<\/span>\n\t\t\t\t\t<\/a>\n\t\t\t\t\t\t\t\t<\/div>\n\t\t\t\t\t<\/div>\n\t\t\t\t<\/div>\n\t\t\t\t\t<\/div>\n\t\t\t\t<\/div>\n\t\t\t\t<\/div>\n\t\t\t\t<div data-elementor-type=\"loop-item\" data-elementor-id=\"8256\" class=\"elementor elementor-8256 elementor-3464 elementor-3464 e-loop-item e-loop-item-7968 post-7968 projeto type-projeto status-publish has-post-thumbnail hentry category-edificios-es tag-portugal-es\" data-elementor-post-type=\"elementor_library\" data-custom-edit-handle=\"1\">\n\t\t\t<div class=\"elementor-element elementor-element-95ae623 e-flex e-con-boxed wpr-particle-no wpr-jarallax-no wpr-parallax-no wpr-sticky-section-no wpr-equal-height-no e-con e-parent\" data-id=\"95ae623\" data-element_type=\"container\" data-e-type=\"container\" data-settings=\"{&quot;animation&quot;:&quot;none&quot;}\">\n\t\t\t\t\t<div class=\"e-con-inner\">\n\t\t\t\t<div class=\"elementor-element elementor-element-b3675fd elementor-widget elementor-widget-image\" data-id=\"b3675fd\" data-element_type=\"widget\" data-e-type=\"widget\" data-widget_type=\"image.default\">\n\t\t\t\t\t\t\t\t\t\t\t\t\t\t\t\t<a href=\"https:\/\/www.gwicgroup.com\/es\/proyectos\/centro-logistico-eipas\/\">\n\t\t\t\t\t\t\t<img decoding=\"async\" src=\"https:\/\/www.gwicgroup.com\/wp-content\/uploads\/elementor\/thumbs\/EIPAS-qx91q28l9xca0q6kgzskdtfx7f66ijkxqw2y4di222.jpg\" title=\"Centro Log\u00edstico Eipas &#8211; GWIC \/ Proyectos\" alt=\"Centro Log\u00edstico Eipas - GWIC \/ Proyectos\" class=\"elementor-animation-grow\" loading=\"lazy\" \/>\t\t\t\t\t\t\t\t<\/a>\n\t\t\t\t\t\t\t\t\t\t\t\t\t\t\t<\/div>\n\t\t<div class=\"elementor-element elementor-element-1e7a7dd e-flex e-con-boxed wpr-particle-no wpr-jarallax-no wpr-parallax-no wpr-sticky-section-no wpr-equal-height-no e-con e-child\" data-id=\"1e7a7dd\" data-element_type=\"container\" data-e-type=\"container\" data-settings=\"{&quot;background_background&quot;:&quot;gradient&quot;}\">\n\t\t\t\t\t<div class=\"e-con-inner\">\n\t\t\t\t<div class=\"elementor-element elementor-element-e4360dd elementor-widget elementor-widget-heading\" data-id=\"e4360dd\" data-element_type=\"widget\" data-e-type=\"widget\" data-widget_type=\"heading.default\">\n\t\t\t\t\t<h2 class=\"elementor-heading-title elementor-size-default\">Centro Log\u00edstico Eipas<\/h2>\t\t\t\t<\/div>\n\t\t\t\t<div data-premium-element-link=\"{&quot;type&quot;:&quot;url&quot;,&quot;link&quot;:{&quot;url&quot;:&quot;https:\\\/\\\/www.gwicgroup.com\\\/es\\\/proyectos\\\/centro-logistico-eipas\\\/&quot;,&quot;is_external&quot;:&quot;&quot;,&quot;nofollow&quot;:&quot;&quot;,&quot;custom_attributes&quot;:&quot;&quot;},&quot;href&quot;:&quot;https:\\\/\\\/www.gwicgroup.com\\\/es\\\/proyectos\\\/centro-logistico-eipas\\\/&quot;}\" style=\"cursor: pointer\" class=\"elementor-element elementor-element-71e76f7 elementor-align-left premium-wrapper-link-yes elementor-widget elementor-widget-button\" data-id=\"71e76f7\" data-element_type=\"widget\" data-e-type=\"widget\" data-widget_type=\"button.default\">\n\t\t\t\t\t\t\t\t\t\t<a class=\"elementor-button elementor-button-link elementor-size-sm\" href=\"https:\/\/www.gwicgroup.com\/es\/proyectos\/centro-logistico-eipas\/\">\n\t\t\t\t\t\t<span class=\"elementor-button-content-wrapper\">\n\t\t\t\t\t\t<span class=\"elementor-button-icon\">\n\t\t\t\t<i aria-hidden=\"true\" class=\"jki jki-arrow-right-solid\"><\/i>\t\t\t<\/span>\n\t\t\t\t\t\t\t\t\t<span class=\"elementor-button-text\">saber m\u00e1s<\/span>\n\t\t\t\t\t<\/span>\n\t\t\t\t\t<\/a>\n\t\t\t\t\t\t\t\t<\/div>\n\t\t\t\t\t<\/div>\n\t\t\t\t<\/div>\n\t\t\t\t\t<\/div>\n\t\t\t\t<\/div>\n\t\t\t\t<\/div>\n\t\t\t\t<div data-elementor-type=\"loop-item\" data-elementor-id=\"8256\" class=\"elementor elementor-8256 elementor-3464 elementor-3464 e-loop-item e-loop-item-10595 post-10595 projeto type-projeto status-publish has-post-thumbnail hentry category-edificios-es tag-angola-es\" data-elementor-post-type=\"elementor_library\" data-custom-edit-handle=\"1\">\n\t\t\t<div class=\"elementor-element elementor-element-95ae623 e-flex e-con-boxed wpr-particle-no wpr-jarallax-no wpr-parallax-no wpr-sticky-section-no wpr-equal-height-no e-con e-parent\" data-id=\"95ae623\" data-element_type=\"container\" data-e-type=\"container\" data-settings=\"{&quot;animation&quot;:&quot;none&quot;}\">\n\t\t\t\t\t<div class=\"e-con-inner\">\n\t\t\t\t<div class=\"elementor-element elementor-element-b3675fd elementor-widget elementor-widget-image\" data-id=\"b3675fd\" data-element_type=\"widget\" data-e-type=\"widget\" data-widget_type=\"image.default\">\n\t\t\t\t\t\t\t\t\t\t\t\t\t\t\t\t<a href=\"https:\/\/www.gwicgroup.com\/es\/proyectos\/instituto-nacional-de-petroleo-de-angola\/\">\n\t\t\t\t\t\t\t<img decoding=\"async\" src=\"https:\/\/www.gwicgroup.com\/wp-content\/uploads\/elementor\/thumbs\/Safety-Center-1-qx91q36fgrdkcc57bi76yb7dst1jq8oo30qflngnvu.jpg\" title=\"Instituto Nacional de Petr\u00f3leo de Angola &#8211; GWIC \/ Proyectos\" alt=\"Instituto Nacional de Petr\u00f3leo de Angola - GWIC \/ Proyectos\" class=\"elementor-animation-grow\" loading=\"lazy\" \/>\t\t\t\t\t\t\t\t<\/a>\n\t\t\t\t\t\t\t\t\t\t\t\t\t\t\t<\/div>\n\t\t<div class=\"elementor-element elementor-element-1e7a7dd e-flex e-con-boxed wpr-particle-no wpr-jarallax-no wpr-parallax-no wpr-sticky-section-no wpr-equal-height-no e-con e-child\" data-id=\"1e7a7dd\" data-element_type=\"container\" data-e-type=\"container\" data-settings=\"{&quot;background_background&quot;:&quot;gradient&quot;}\">\n\t\t\t\t\t<div class=\"e-con-inner\">\n\t\t\t\t<div class=\"elementor-element elementor-element-e4360dd elementor-widget elementor-widget-heading\" data-id=\"e4360dd\" data-element_type=\"widget\" data-e-type=\"widget\" data-widget_type=\"heading.default\">\n\t\t\t\t\t<h2 class=\"elementor-heading-title elementor-size-default\">Instituto Nacional de Petr\u00f3leo de Angola<\/h2>\t\t\t\t<\/div>\n\t\t\t\t<div data-premium-element-link=\"{&quot;type&quot;:&quot;url&quot;,&quot;link&quot;:{&quot;url&quot;:&quot;https:\\\/\\\/www.gwicgroup.com\\\/es\\\/proyectos\\\/instituto-nacional-de-petroleo-de-angola\\\/&quot;,&quot;is_external&quot;:&quot;&quot;,&quot;nofollow&quot;:&quot;&quot;,&quot;custom_attributes&quot;:&quot;&quot;},&quot;href&quot;:&quot;https:\\\/\\\/www.gwicgroup.com\\\/es\\\/proyectos\\\/instituto-nacional-de-petroleo-de-angola\\\/&quot;}\" style=\"cursor: pointer\" class=\"elementor-element elementor-element-71e76f7 elementor-align-left premium-wrapper-link-yes elementor-widget elementor-widget-button\" data-id=\"71e76f7\" data-element_type=\"widget\" data-e-type=\"widget\" data-widget_type=\"button.default\">\n\t\t\t\t\t\t\t\t\t\t<a class=\"elementor-button elementor-button-link elementor-size-sm\" href=\"https:\/\/www.gwicgroup.com\/es\/proyectos\/instituto-nacional-de-petroleo-de-angola\/\">\n\t\t\t\t\t\t<span class=\"elementor-button-content-wrapper\">\n\t\t\t\t\t\t<span class=\"elementor-button-icon\">\n\t\t\t\t<i aria-hidden=\"true\" class=\"jki jki-arrow-right-solid\"><\/i>\t\t\t<\/span>\n\t\t\t\t\t\t\t\t\t<span class=\"elementor-button-text\">saber m\u00e1s<\/span>\n\t\t\t\t\t<\/span>\n\t\t\t\t\t<\/a>\n\t\t\t\t\t\t\t\t<\/div>\n\t\t\t\t\t<\/div>\n\t\t\t\t<\/div>\n\t\t\t\t\t<\/div>\n\t\t\t\t<\/div>\n\t\t\t\t<\/div>\n\t\t\t\t<div data-elementor-type=\"loop-item\" data-elementor-id=\"8256\" class=\"elementor elementor-8256 elementor-3464 elementor-3464 e-loop-item e-loop-item-10764 post-10764 projeto type-projeto status-publish has-post-thumbnail hentry category-infraestructura tag-angola-es\" data-elementor-post-type=\"elementor_library\" data-custom-edit-handle=\"1\">\n\t\t\t<div class=\"elementor-element elementor-element-95ae623 e-flex e-con-boxed wpr-particle-no wpr-jarallax-no wpr-parallax-no wpr-sticky-section-no wpr-equal-height-no e-con e-parent\" data-id=\"95ae623\" data-element_type=\"container\" data-e-type=\"container\" data-settings=\"{&quot;animation&quot;:&quot;none&quot;}\">\n\t\t\t\t\t<div class=\"e-con-inner\">\n\t\t\t\t<div class=\"elementor-element elementor-element-b3675fd elementor-widget elementor-widget-image\" data-id=\"b3675fd\" data-element_type=\"widget\" data-e-type=\"widget\" data-widget_type=\"image.default\">\n\t\t\t\t\t\t\t\t\t\t\t\t\t\t\t\t<a href=\"https:\/\/www.gwicgroup.com\/es\/proyectos\/viaductos-de-luanda\/\">\n\t\t\t\t\t\t\t<img decoding=\"async\" src=\"https:\/\/www.gwicgroup.com\/wp-content\/uploads\/elementor\/thumbs\/Luanda-viaduto-qx91q36fgrdkcc57bi76yb7dst1jq8oo30qflngnvu.jpg\" title=\"Viaductos de Luanda &#8211; GWIC \/ Proyectos\" alt=\"Viaductos de Luanda - GWIC \/ Proyectos\" class=\"elementor-animation-grow\" loading=\"lazy\" \/>\t\t\t\t\t\t\t\t<\/a>\n\t\t\t\t\t\t\t\t\t\t\t\t\t\t\t<\/div>\n\t\t<div class=\"elementor-element elementor-element-1e7a7dd e-flex e-con-boxed wpr-particle-no wpr-jarallax-no wpr-parallax-no wpr-sticky-section-no wpr-equal-height-no e-con e-child\" data-id=\"1e7a7dd\" data-element_type=\"container\" data-e-type=\"container\" data-settings=\"{&quot;background_background&quot;:&quot;gradient&quot;}\">\n\t\t\t\t\t<div class=\"e-con-inner\">\n\t\t\t\t<div class=\"elementor-element elementor-element-e4360dd elementor-widget elementor-widget-heading\" data-id=\"e4360dd\" data-element_type=\"widget\" data-e-type=\"widget\" data-widget_type=\"heading.default\">\n\t\t\t\t\t<h2 class=\"elementor-heading-title elementor-size-default\">Viaductos de Luanda<\/h2>\t\t\t\t<\/div>\n\t\t\t\t<div data-premium-element-link=\"{&quot;type&quot;:&quot;url&quot;,&quot;link&quot;:{&quot;url&quot;:&quot;https:\\\/\\\/www.gwicgroup.com\\\/es\\\/proyectos\\\/viaductos-de-luanda\\\/&quot;,&quot;is_external&quot;:&quot;&quot;,&quot;nofollow&quot;:&quot;&quot;,&quot;custom_attributes&quot;:&quot;&quot;},&quot;href&quot;:&quot;https:\\\/\\\/www.gwicgroup.com\\\/es\\\/proyectos\\\/viaductos-de-luanda\\\/&quot;}\" style=\"cursor: pointer\" class=\"elementor-element elementor-element-71e76f7 elementor-align-left premium-wrapper-link-yes elementor-widget elementor-widget-button\" data-id=\"71e76f7\" data-element_type=\"widget\" data-e-type=\"widget\" data-widget_type=\"button.default\">\n\t\t\t\t\t\t\t\t\t\t<a class=\"elementor-button elementor-button-link elementor-size-sm\" href=\"https:\/\/www.gwicgroup.com\/es\/proyectos\/viaductos-de-luanda\/\">\n\t\t\t\t\t\t<span class=\"elementor-button-content-wrapper\">\n\t\t\t\t\t\t<span class=\"elementor-button-icon\">\n\t\t\t\t<i aria-hidden=\"true\" class=\"jki jki-arrow-right-solid\"><\/i>\t\t\t<\/span>\n\t\t\t\t\t\t\t\t\t<span class=\"elementor-button-text\">saber m\u00e1s<\/span>\n\t\t\t\t\t<\/span>\n\t\t\t\t\t<\/a>\n\t\t\t\t\t\t\t\t<\/div>\n\t\t\t\t\t<\/div>\n\t\t\t\t<\/div>\n\t\t\t\t\t<\/div>\n\t\t\t\t<\/div>\n\t\t\t\t<\/div>\n\t\t\t\t<div data-elementor-type=\"loop-item\" data-elementor-id=\"8256\" class=\"elementor elementor-8256 elementor-3464 elementor-3464 e-loop-item e-loop-item-10748 post-10748 projeto type-projeto status-publish has-post-thumbnail hentry category-edificios-es tag-angola-es\" data-elementor-post-type=\"elementor_library\" data-custom-edit-handle=\"1\">\n\t\t\t<div class=\"elementor-element elementor-element-95ae623 e-flex e-con-boxed wpr-particle-no wpr-jarallax-no wpr-parallax-no wpr-sticky-section-no wpr-equal-height-no e-con e-parent\" data-id=\"95ae623\" data-element_type=\"container\" data-e-type=\"container\" data-settings=\"{&quot;animation&quot;:&quot;none&quot;}\">\n\t\t\t\t\t<div class=\"e-con-inner\">\n\t\t\t\t<div class=\"elementor-element elementor-element-b3675fd elementor-widget elementor-widget-image\" data-id=\"b3675fd\" data-element_type=\"widget\" data-e-type=\"widget\" data-widget_type=\"image.default\">\n\t\t\t\t\t\t\t\t\t\t\t\t\t\t\t\t<a href=\"https:\/\/www.gwicgroup.com\/es\/proyectos\/torres-de-la-cidadela\/\">\n\t\t\t\t\t\t\t<img decoding=\"async\" src=\"https:\/\/www.gwicgroup.com\/wp-content\/uploads\/elementor\/thumbs\/Torre-Cidadela-1-qx91pzf2pf8f1wanxgkooc5jf9k2vg9qqi4hojm8kq.jpg\" title=\"Torres de la Cidadela &#8211; GWIC \/ Proyectos\" alt=\"Torres de la Cidadela - GWIC \/ Proyectos\" class=\"elementor-animation-grow\" loading=\"lazy\" \/>\t\t\t\t\t\t\t\t<\/a>\n\t\t\t\t\t\t\t\t\t\t\t\t\t\t\t<\/div>\n\t\t<div class=\"elementor-element elementor-element-1e7a7dd e-flex e-con-boxed wpr-particle-no wpr-jarallax-no wpr-parallax-no wpr-sticky-section-no wpr-equal-height-no e-con e-child\" data-id=\"1e7a7dd\" data-element_type=\"container\" data-e-type=\"container\" data-settings=\"{&quot;background_background&quot;:&quot;gradient&quot;}\">\n\t\t\t\t\t<div class=\"e-con-inner\">\n\t\t\t\t<div class=\"elementor-element elementor-element-e4360dd elementor-widget elementor-widget-heading\" data-id=\"e4360dd\" data-element_type=\"widget\" data-e-type=\"widget\" data-widget_type=\"heading.default\">\n\t\t\t\t\t<h2 class=\"elementor-heading-title elementor-size-default\">Torres de la Cidadela<\/h2>\t\t\t\t<\/div>\n\t\t\t\t<div data-premium-element-link=\"{&quot;type&quot;:&quot;url&quot;,&quot;link&quot;:{&quot;url&quot;:&quot;https:\\\/\\\/www.gwicgroup.com\\\/es\\\/proyectos\\\/torres-de-la-cidadela\\\/&quot;,&quot;is_external&quot;:&quot;&quot;,&quot;nofollow&quot;:&quot;&quot;,&quot;custom_attributes&quot;:&quot;&quot;},&quot;href&quot;:&quot;https:\\\/\\\/www.gwicgroup.com\\\/es\\\/proyectos\\\/torres-de-la-cidadela\\\/&quot;}\" style=\"cursor: pointer\" class=\"elementor-element elementor-element-71e76f7 elementor-align-left premium-wrapper-link-yes elementor-widget elementor-widget-button\" data-id=\"71e76f7\" data-element_type=\"widget\" data-e-type=\"widget\" data-widget_type=\"button.default\">\n\t\t\t\t\t\t\t\t\t\t<a class=\"elementor-button elementor-button-link elementor-size-sm\" href=\"https:\/\/www.gwicgroup.com\/es\/proyectos\/torres-de-la-cidadela\/\">\n\t\t\t\t\t\t<span class=\"elementor-button-content-wrapper\">\n\t\t\t\t\t\t<span class=\"elementor-button-icon\">\n\t\t\t\t<i aria-hidden=\"true\" class=\"jki jki-arrow-right-solid\"><\/i>\t\t\t<\/span>\n\t\t\t\t\t\t\t\t\t<span class=\"elementor-button-text\">saber m\u00e1s<\/span>\n\t\t\t\t\t<\/span>\n\t\t\t\t\t<\/a>\n\t\t\t\t\t\t\t\t<\/div>\n\t\t\t\t\t<\/div>\n\t\t\t\t<\/div>\n\t\t\t\t\t<\/div>\n\t\t\t\t<\/div>\n\t\t\t\t<\/div>\n\t\t\t\t<div data-elementor-type=\"loop-item\" data-elementor-id=\"8256\" class=\"elementor elementor-8256 elementor-3464 elementor-3464 e-loop-item e-loop-item-8258 post-8258 projeto type-projeto status-publish has-post-thumbnail hentry category-edificios-es tag-portugal-es\" data-elementor-post-type=\"elementor_library\" data-custom-edit-handle=\"1\">\n\t\t\t<div class=\"elementor-element elementor-element-95ae623 e-flex e-con-boxed wpr-particle-no wpr-jarallax-no wpr-parallax-no wpr-sticky-section-no wpr-equal-height-no e-con e-parent\" data-id=\"95ae623\" data-element_type=\"container\" data-e-type=\"container\" data-settings=\"{&quot;animation&quot;:&quot;none&quot;}\">\n\t\t\t\t\t<div class=\"e-con-inner\">\n\t\t\t\t<div class=\"elementor-element elementor-element-b3675fd elementor-widget elementor-widget-image\" data-id=\"b3675fd\" data-element_type=\"widget\" data-e-type=\"widget\" data-widget_type=\"image.default\">\n\t\t\t\t\t\t\t\t\t\t\t\t\t\t\t\t<a href=\"https:\/\/www.gwicgroup.com\/es\/proyectos\/condominio-vila-das-lagoas\/\">\n\t\t\t\t\t\t\t<img decoding=\"async\" src=\"https:\/\/www.gwicgroup.com\/wp-content\/uploads\/elementor\/thumbs\/Vila-das-Lagoas-Condominium-1-qx91q0cww99pdi9aryzb8tx00nfg35dh2mrz5tkuei.jpg\" title=\"Condominio Vila das Lagoas &#8211; GWIC \/ Proyectos\" alt=\"Condominio Vila das Lagoas - GWIC \/ Proyectos\" class=\"elementor-animation-grow\" loading=\"lazy\" \/>\t\t\t\t\t\t\t\t<\/a>\n\t\t\t\t\t\t\t\t\t\t\t\t\t\t\t<\/div>\n\t\t<div class=\"elementor-element elementor-element-1e7a7dd e-flex e-con-boxed wpr-particle-no wpr-jarallax-no wpr-parallax-no wpr-sticky-section-no wpr-equal-height-no e-con e-child\" data-id=\"1e7a7dd\" data-element_type=\"container\" data-e-type=\"container\" data-settings=\"{&quot;background_background&quot;:&quot;gradient&quot;}\">\n\t\t\t\t\t<div class=\"e-con-inner\">\n\t\t\t\t<div class=\"elementor-element elementor-element-e4360dd elementor-widget elementor-widget-heading\" data-id=\"e4360dd\" data-element_type=\"widget\" data-e-type=\"widget\" data-widget_type=\"heading.default\">\n\t\t\t\t\t<h2 class=\"elementor-heading-title elementor-size-default\">Condominio Vila das Lagoas<\/h2>\t\t\t\t<\/div>\n\t\t\t\t<div data-premium-element-link=\"{&quot;type&quot;:&quot;url&quot;,&quot;link&quot;:{&quot;url&quot;:&quot;https:\\\/\\\/www.gwicgroup.com\\\/es\\\/proyectos\\\/condominio-vila-das-lagoas\\\/&quot;,&quot;is_external&quot;:&quot;&quot;,&quot;nofollow&quot;:&quot;&quot;,&quot;custom_attributes&quot;:&quot;&quot;},&quot;href&quot;:&quot;https:\\\/\\\/www.gwicgroup.com\\\/es\\\/proyectos\\\/condominio-vila-das-lagoas\\\/&quot;}\" style=\"cursor: pointer\" class=\"elementor-element elementor-element-71e76f7 elementor-align-left premium-wrapper-link-yes elementor-widget elementor-widget-button\" data-id=\"71e76f7\" data-element_type=\"widget\" data-e-type=\"widget\" data-widget_type=\"button.default\">\n\t\t\t\t\t\t\t\t\t\t<a class=\"elementor-button elementor-button-link elementor-size-sm\" href=\"https:\/\/www.gwicgroup.com\/es\/proyectos\/condominio-vila-das-lagoas\/\">\n\t\t\t\t\t\t<span class=\"elementor-button-content-wrapper\">\n\t\t\t\t\t\t<span class=\"elementor-button-icon\">\n\t\t\t\t<i aria-hidden=\"true\" class=\"jki jki-arrow-right-solid\"><\/i>\t\t\t<\/span>\n\t\t\t\t\t\t\t\t\t<span class=\"elementor-button-text\">saber m\u00e1s<\/span>\n\t\t\t\t\t<\/span>\n\t\t\t\t\t<\/a>\n\t\t\t\t\t\t\t\t<\/div>\n\t\t\t\t\t<\/div>\n\t\t\t\t<\/div>\n\t\t\t\t\t<\/div>\n\t\t\t\t<\/div>\n\t\t\t\t<\/div>\n\t\t\t\t<div data-elementor-type=\"loop-item\" data-elementor-id=\"8256\" class=\"elementor elementor-8256 elementor-3464 elementor-3464 e-loop-item e-loop-item-10731 post-10731 projeto type-projeto status-publish has-post-thumbnail hentry category-infraestructura tag-angola-es\" data-elementor-post-type=\"elementor_library\" data-custom-edit-handle=\"1\">\n\t\t\t<div class=\"elementor-element elementor-element-95ae623 e-flex e-con-boxed wpr-particle-no wpr-jarallax-no wpr-parallax-no wpr-sticky-section-no wpr-equal-height-no e-con e-parent\" data-id=\"95ae623\" data-element_type=\"container\" data-e-type=\"container\" data-settings=\"{&quot;animation&quot;:&quot;none&quot;}\">\n\t\t\t\t\t<div class=\"e-con-inner\">\n\t\t\t\t<div class=\"elementor-element elementor-element-b3675fd elementor-widget elementor-widget-image\" data-id=\"b3675fd\" data-element_type=\"widget\" data-e-type=\"widget\" data-widget_type=\"image.default\">\n\t\t\t\t\t\t\t\t\t\t\t\t\t\t\t\t<a href=\"https:\/\/www.gwicgroup.com\/es\/proyectos\/sistemas-de-abastecimiento-de-agua-en-kuito-y-huambo\/\">\n\t\t\t\t\t\t\t<img decoding=\"async\" src=\"https:\/\/www.gwicgroup.com\/wp-content\/uploads\/elementor\/thumbs\/Kuito-1-qx91q0cww99pdi9aryzb8tx00nfg35dh2mrz5tkuei.jpg\" title=\"Sistemas de Abastecimiento de Agua en Kuito y Huambo &#8211; GWIC \/ Proyectos\" alt=\"Sistemas de Abastecimiento de Agua en Kuito y Huambo - GWIC \/ Proyectos\" class=\"elementor-animation-grow\" loading=\"lazy\" \/>\t\t\t\t\t\t\t\t<\/a>\n\t\t\t\t\t\t\t\t\t\t\t\t\t\t\t<\/div>\n\t\t<div class=\"elementor-element elementor-element-1e7a7dd e-flex e-con-boxed wpr-particle-no wpr-jarallax-no wpr-parallax-no wpr-sticky-section-no wpr-equal-height-no e-con e-child\" data-id=\"1e7a7dd\" data-element_type=\"container\" data-e-type=\"container\" data-settings=\"{&quot;background_background&quot;:&quot;gradient&quot;}\">\n\t\t\t\t\t<div class=\"e-con-inner\">\n\t\t\t\t<div class=\"elementor-element elementor-element-e4360dd elementor-widget elementor-widget-heading\" data-id=\"e4360dd\" data-element_type=\"widget\" data-e-type=\"widget\" data-widget_type=\"heading.default\">\n\t\t\t\t\t<h2 class=\"elementor-heading-title elementor-size-default\">Sistemas de Abastecimiento de Agua en Kuito y Huambo<\/h2>\t\t\t\t<\/div>\n\t\t\t\t<div data-premium-element-link=\"{&quot;type&quot;:&quot;url&quot;,&quot;link&quot;:{&quot;url&quot;:&quot;https:\\\/\\\/www.gwicgroup.com\\\/es\\\/proyectos\\\/sistemas-de-abastecimiento-de-agua-en-kuito-y-huambo\\\/&quot;,&quot;is_external&quot;:&quot;&quot;,&quot;nofollow&quot;:&quot;&quot;,&quot;custom_attributes&quot;:&quot;&quot;},&quot;href&quot;:&quot;https:\\\/\\\/www.gwicgroup.com\\\/es\\\/proyectos\\\/sistemas-de-abastecimiento-de-agua-en-kuito-y-huambo\\\/&quot;}\" style=\"cursor: pointer\" class=\"elementor-element elementor-element-71e76f7 elementor-align-left premium-wrapper-link-yes elementor-widget elementor-widget-button\" data-id=\"71e76f7\" data-element_type=\"widget\" data-e-type=\"widget\" data-widget_type=\"button.default\">\n\t\t\t\t\t\t\t\t\t\t<a class=\"elementor-button elementor-button-link elementor-size-sm\" href=\"https:\/\/www.gwicgroup.com\/es\/proyectos\/sistemas-de-abastecimiento-de-agua-en-kuito-y-huambo\/\">\n\t\t\t\t\t\t<span class=\"elementor-button-content-wrapper\">\n\t\t\t\t\t\t<span class=\"elementor-button-icon\">\n\t\t\t\t<i aria-hidden=\"true\" class=\"jki jki-arrow-right-solid\"><\/i>\t\t\t<\/span>\n\t\t\t\t\t\t\t\t\t<span class=\"elementor-button-text\">saber m\u00e1s<\/span>\n\t\t\t\t\t<\/span>\n\t\t\t\t\t<\/a>\n\t\t\t\t\t\t\t\t<\/div>\n\t\t\t\t\t<\/div>\n\t\t\t\t<\/div>\n\t\t\t\t\t<\/div>\n\t\t\t\t<\/div>\n\t\t\t\t<\/div>\n\t\t\t\t<div data-elementor-type=\"loop-item\" data-elementor-id=\"8256\" class=\"elementor elementor-8256 elementor-3464 elementor-3464 e-loop-item e-loop-item-10602 post-10602 projeto type-projeto status-publish has-post-thumbnail hentry category-infraestructura tag-portugal-es\" data-elementor-post-type=\"elementor_library\" data-custom-edit-handle=\"1\">\n\t\t\t<div class=\"elementor-element elementor-element-95ae623 e-flex e-con-boxed wpr-particle-no wpr-jarallax-no wpr-parallax-no wpr-sticky-section-no wpr-equal-height-no e-con e-parent\" data-id=\"95ae623\" data-element_type=\"container\" data-e-type=\"container\" data-settings=\"{&quot;animation&quot;:&quot;none&quot;}\">\n\t\t\t\t\t<div class=\"e-con-inner\">\n\t\t\t\t<div class=\"elementor-element elementor-element-b3675fd elementor-widget elementor-widget-image\" data-id=\"b3675fd\" data-element_type=\"widget\" data-e-type=\"widget\" data-widget_type=\"image.default\">\n\t\t\t\t\t\t\t\t\t\t\t\t\t\t\t\t<a href=\"https:\/\/www.gwicgroup.com\/es\/proyectos\/interseccion-vial-en-sines\/\">\n\t\t\t\t\t\t\t<img decoding=\"async\" src=\"https:\/\/www.gwicgroup.com\/wp-content\/uploads\/elementor\/thumbs\/SINES-1-qx91q0cww99pdi9aryzb8tx00nfg35dh2mrz5tkuei.jpg\" title=\"Intersecci\u00f3n Vial en Sines &#8211; GWIC \/ Proyectos\" alt=\"Intersecci\u00f3n Vial en Sines - GWIC \/ Proyectos\" class=\"elementor-animation-grow\" loading=\"lazy\" \/>\t\t\t\t\t\t\t\t<\/a>\n\t\t\t\t\t\t\t\t\t\t\t\t\t\t\t<\/div>\n\t\t<div class=\"elementor-element elementor-element-1e7a7dd e-flex e-con-boxed wpr-particle-no wpr-jarallax-no wpr-parallax-no wpr-sticky-section-no wpr-equal-height-no e-con e-child\" data-id=\"1e7a7dd\" data-element_type=\"container\" data-e-type=\"container\" data-settings=\"{&quot;background_background&quot;:&quot;gradient&quot;}\">\n\t\t\t\t\t<div class=\"e-con-inner\">\n\t\t\t\t<div class=\"elementor-element elementor-element-e4360dd elementor-widget elementor-widget-heading\" data-id=\"e4360dd\" data-element_type=\"widget\" data-e-type=\"widget\" data-widget_type=\"heading.default\">\n\t\t\t\t\t<h2 class=\"elementor-heading-title elementor-size-default\">Intersecci\u00f3n Vial en Sines<\/h2>\t\t\t\t<\/div>\n\t\t\t\t<div data-premium-element-link=\"{&quot;type&quot;:&quot;url&quot;,&quot;link&quot;:{&quot;url&quot;:&quot;https:\\\/\\\/www.gwicgroup.com\\\/es\\\/proyectos\\\/interseccion-vial-en-sines\\\/&quot;,&quot;is_external&quot;:&quot;&quot;,&quot;nofollow&quot;:&quot;&quot;,&quot;custom_attributes&quot;:&quot;&quot;},&quot;href&quot;:&quot;https:\\\/\\\/www.gwicgroup.com\\\/es\\\/proyectos\\\/interseccion-vial-en-sines\\\/&quot;}\" style=\"cursor: pointer\" class=\"elementor-element elementor-element-71e76f7 elementor-align-left premium-wrapper-link-yes elementor-widget elementor-widget-button\" data-id=\"71e76f7\" data-element_type=\"widget\" data-e-type=\"widget\" data-widget_type=\"button.default\">\n\t\t\t\t\t\t\t\t\t\t<a class=\"elementor-button elementor-button-link elementor-size-sm\" href=\"https:\/\/www.gwicgroup.com\/es\/proyectos\/interseccion-vial-en-sines\/\">\n\t\t\t\t\t\t<span class=\"elementor-button-content-wrapper\">\n\t\t\t\t\t\t<span class=\"elementor-button-icon\">\n\t\t\t\t<i aria-hidden=\"true\" class=\"jki jki-arrow-right-solid\"><\/i>\t\t\t<\/span>\n\t\t\t\t\t\t\t\t\t<span class=\"elementor-button-text\">saber m\u00e1s<\/span>\n\t\t\t\t\t<\/span>\n\t\t\t\t\t<\/a>\n\t\t\t\t\t\t\t\t<\/div>\n\t\t\t\t\t<\/div>\n\t\t\t\t<\/div>\n\t\t\t\t\t<\/div>\n\t\t\t\t<\/div>\n\t\t\t\t<\/div>\n\t\t\t\t<div data-elementor-type=\"loop-item\" data-elementor-id=\"8256\" class=\"elementor elementor-8256 elementor-3464 elementor-3464 e-loop-item e-loop-item-10659 post-10659 projeto type-projeto status-publish has-post-thumbnail hentry category-edificios-es tag-portugal-es\" data-elementor-post-type=\"elementor_library\" data-custom-edit-handle=\"1\">\n\t\t\t<div class=\"elementor-element elementor-element-95ae623 e-flex e-con-boxed wpr-particle-no wpr-jarallax-no wpr-parallax-no wpr-sticky-section-no wpr-equal-height-no e-con e-parent\" data-id=\"95ae623\" data-element_type=\"container\" data-e-type=\"container\" data-settings=\"{&quot;animation&quot;:&quot;none&quot;}\">\n\t\t\t\t\t<div class=\"e-con-inner\">\n\t\t\t\t<div class=\"elementor-element elementor-element-b3675fd elementor-widget elementor-widget-image\" data-id=\"b3675fd\" data-element_type=\"widget\" data-e-type=\"widget\" data-widget_type=\"image.default\">\n\t\t\t\t\t\t\t\t\t\t\t\t\t\t\t\t<a href=\"https:\/\/www.gwicgroup.com\/es\/proyectos\/presbiterio-del-santuario-de-fatima\/\">\n\t\t\t\t\t\t\t<img decoding=\"async\" src=\"https:\/\/www.gwicgroup.com\/wp-content\/uploads\/elementor\/thumbs\/fatima_1-qx91qsk2lacb1t4c7b64bmstu7kgi2hf6icjk4f17u.jpg\" title=\"Presbiterio del Santuario de F\u00e1tima &#8211; GWIC \/ Proyectos\" alt=\"Presbiterio del Santuario de F\u00e1tima - GWIC \/ Proyectos\" class=\"elementor-animation-grow\" loading=\"lazy\" \/>\t\t\t\t\t\t\t\t<\/a>\n\t\t\t\t\t\t\t\t\t\t\t\t\t\t\t<\/div>\n\t\t<div class=\"elementor-element elementor-element-1e7a7dd e-flex e-con-boxed wpr-particle-no wpr-jarallax-no wpr-parallax-no wpr-sticky-section-no wpr-equal-height-no e-con e-child\" data-id=\"1e7a7dd\" data-element_type=\"container\" data-e-type=\"container\" data-settings=\"{&quot;background_background&quot;:&quot;gradient&quot;}\">\n\t\t\t\t\t<div class=\"e-con-inner\">\n\t\t\t\t<div class=\"elementor-element elementor-element-e4360dd elementor-widget elementor-widget-heading\" data-id=\"e4360dd\" data-element_type=\"widget\" data-e-type=\"widget\" data-widget_type=\"heading.default\">\n\t\t\t\t\t<h2 class=\"elementor-heading-title elementor-size-default\">Presbiterio del Santuario de F\u00e1tima<\/h2>\t\t\t\t<\/div>\n\t\t\t\t<div data-premium-element-link=\"{&quot;type&quot;:&quot;url&quot;,&quot;link&quot;:{&quot;url&quot;:&quot;https:\\\/\\\/www.gwicgroup.com\\\/es\\\/proyectos\\\/presbiterio-del-santuario-de-fatima\\\/&quot;,&quot;is_external&quot;:&quot;&quot;,&quot;nofollow&quot;:&quot;&quot;,&quot;custom_attributes&quot;:&quot;&quot;},&quot;href&quot;:&quot;https:\\\/\\\/www.gwicgroup.com\\\/es\\\/proyectos\\\/presbiterio-del-santuario-de-fatima\\\/&quot;}\" style=\"cursor: pointer\" class=\"elementor-element elementor-element-71e76f7 elementor-align-left premium-wrapper-link-yes elementor-widget elementor-widget-button\" data-id=\"71e76f7\" data-element_type=\"widget\" data-e-type=\"widget\" data-widget_type=\"button.default\">\n\t\t\t\t\t\t\t\t\t\t<a class=\"elementor-button elementor-button-link elementor-size-sm\" href=\"https:\/\/www.gwicgroup.com\/es\/proyectos\/presbiterio-del-santuario-de-fatima\/\">\n\t\t\t\t\t\t<span class=\"elementor-button-content-wrapper\">\n\t\t\t\t\t\t<span class=\"elementor-button-icon\">\n\t\t\t\t<i aria-hidden=\"true\" class=\"jki jki-arrow-right-solid\"><\/i>\t\t\t<\/span>\n\t\t\t\t\t\t\t\t\t<span class=\"elementor-button-text\">saber m\u00e1s<\/span>\n\t\t\t\t\t<\/span>\n\t\t\t\t\t<\/a>\n\t\t\t\t\t\t\t\t<\/div>\n\t\t\t\t\t<\/div>\n\t\t\t\t<\/div>\n\t\t\t\t\t<\/div>\n\t\t\t\t<\/div>\n\t\t\t\t<\/div>\n\t\t\t\t<div data-elementor-type=\"loop-item\" data-elementor-id=\"8256\" class=\"elementor elementor-8256 elementor-3464 elementor-3464 e-loop-item e-loop-item-10436 post-10436 projeto type-projeto status-publish has-post-thumbnail hentry category-edificios-es tag-portugal-es\" data-elementor-post-type=\"elementor_library\" data-custom-edit-handle=\"1\">\n\t\t\t<div class=\"elementor-element elementor-element-95ae623 e-flex e-con-boxed wpr-particle-no wpr-jarallax-no wpr-parallax-no wpr-sticky-section-no wpr-equal-height-no e-con e-parent\" data-id=\"95ae623\" data-element_type=\"container\" data-e-type=\"container\" data-settings=\"{&quot;animation&quot;:&quot;none&quot;}\">\n\t\t\t\t\t<div class=\"e-con-inner\">\n\t\t\t\t<div class=\"elementor-element elementor-element-b3675fd elementor-widget elementor-widget-image\" data-id=\"b3675fd\" data-element_type=\"widget\" data-e-type=\"widget\" data-widget_type=\"image.default\">\n\t\t\t\t\t\t\t\t\t\t\t\t\t\t\t\t<a href=\"https:\/\/www.gwicgroup.com\/es\/proyectos\/escuela-seomara-da-costa-primo\/\">\n\t\t\t\t\t\t\t<img decoding=\"async\" src=\"https:\/\/www.gwicgroup.com\/wp-content\/uploads\/elementor\/thumbs\/Escola-Sec-Seomara-2-qx91q36fgrdkcc57bi76yb7dst1jq8oo30qflngnvu.jpg\" title=\"Escuela Seomara da Costa Primo &#8211; GWIC \/ Proyectos\" alt=\"Escuela Seomara da Costa Primo - GWIC \/ Proyectos\" class=\"elementor-animation-grow\" loading=\"lazy\" \/>\t\t\t\t\t\t\t\t<\/a>\n\t\t\t\t\t\t\t\t\t\t\t\t\t\t\t<\/div>\n\t\t<div class=\"elementor-element elementor-element-1e7a7dd e-flex e-con-boxed wpr-particle-no wpr-jarallax-no wpr-parallax-no wpr-sticky-section-no wpr-equal-height-no e-con e-child\" data-id=\"1e7a7dd\" data-element_type=\"container\" data-e-type=\"container\" data-settings=\"{&quot;background_background&quot;:&quot;gradient&quot;}\">\n\t\t\t\t\t<div class=\"e-con-inner\">\n\t\t\t\t<div class=\"elementor-element elementor-element-e4360dd elementor-widget elementor-widget-heading\" data-id=\"e4360dd\" data-element_type=\"widget\" data-e-type=\"widget\" data-widget_type=\"heading.default\">\n\t\t\t\t\t<h2 class=\"elementor-heading-title elementor-size-default\">Escuela Seomara da Costa Primo<\/h2>\t\t\t\t<\/div>\n\t\t\t\t<div data-premium-element-link=\"{&quot;type&quot;:&quot;url&quot;,&quot;link&quot;:{&quot;url&quot;:&quot;https:\\\/\\\/www.gwicgroup.com\\\/es\\\/proyectos\\\/escuela-seomara-da-costa-primo\\\/&quot;,&quot;is_external&quot;:&quot;&quot;,&quot;nofollow&quot;:&quot;&quot;,&quot;custom_attributes&quot;:&quot;&quot;},&quot;href&quot;:&quot;https:\\\/\\\/www.gwicgroup.com\\\/es\\\/proyectos\\\/escuela-seomara-da-costa-primo\\\/&quot;}\" style=\"cursor: pointer\" class=\"elementor-element elementor-element-71e76f7 elementor-align-left premium-wrapper-link-yes elementor-widget elementor-widget-button\" data-id=\"71e76f7\" data-element_type=\"widget\" data-e-type=\"widget\" data-widget_type=\"button.default\">\n\t\t\t\t\t\t\t\t\t\t<a class=\"elementor-button elementor-button-link elementor-size-sm\" href=\"https:\/\/www.gwicgroup.com\/es\/proyectos\/escuela-seomara-da-costa-primo\/\">\n\t\t\t\t\t\t<span class=\"elementor-button-content-wrapper\">\n\t\t\t\t\t\t<span class=\"elementor-button-icon\">\n\t\t\t\t<i aria-hidden=\"true\" class=\"jki jki-arrow-right-solid\"><\/i>\t\t\t<\/span>\n\t\t\t\t\t\t\t\t\t<span class=\"elementor-button-text\">saber m\u00e1s<\/span>\n\t\t\t\t\t<\/span>\n\t\t\t\t\t<\/a>\n\t\t\t\t\t\t\t\t<\/div>\n\t\t\t\t\t<\/div>\n\t\t\t\t<\/div>\n\t\t\t\t\t<\/div>\n\t\t\t\t<\/div>\n\t\t\t\t<\/div>\n\t\t\t\t<div data-elementor-type=\"loop-item\" data-elementor-id=\"8256\" class=\"elementor elementor-8256 elementor-3464 elementor-3464 e-loop-item e-loop-item-10429 post-10429 projeto type-projeto status-publish has-post-thumbnail hentry category-edificios-es tag-portugal-es\" data-elementor-post-type=\"elementor_library\" data-custom-edit-handle=\"1\">\n\t\t\t<div class=\"elementor-element elementor-element-95ae623 e-flex e-con-boxed wpr-particle-no wpr-jarallax-no wpr-parallax-no wpr-sticky-section-no wpr-equal-height-no e-con e-parent\" data-id=\"95ae623\" data-element_type=\"container\" data-e-type=\"container\" data-settings=\"{&quot;animation&quot;:&quot;none&quot;}\">\n\t\t\t\t\t<div class=\"e-con-inner\">\n\t\t\t\t<div class=\"elementor-element elementor-element-b3675fd elementor-widget elementor-widget-image\" data-id=\"b3675fd\" data-element_type=\"widget\" data-e-type=\"widget\" data-widget_type=\"image.default\">\n\t\t\t\t\t\t\t\t\t\t\t\t\t\t\t\t<a href=\"https:\/\/www.gwicgroup.com\/es\/proyectos\/escuela-secundaria-d-joao-v\/\">\n\t\t\t\t\t\t\t<img decoding=\"async\" src=\"https:\/\/www.gwicgroup.com\/wp-content\/uploads\/elementor\/thumbs\/ESCOLA_joao_v_1-qx91qsk2lacb1t4c7b64bmstu7kgi2hf6icjk4f17u.jpg\" title=\"Escuela Secundaria D. Jo\u00e3o V &#8211; GWIC \/ Proyectos\" alt=\"Escuela Secundaria D. Jo\u00e3o V - GWIC \/ Proyectos\" class=\"elementor-animation-grow\" loading=\"lazy\" \/>\t\t\t\t\t\t\t\t<\/a>\n\t\t\t\t\t\t\t\t\t\t\t\t\t\t\t<\/div>\n\t\t<div class=\"elementor-element elementor-element-1e7a7dd e-flex e-con-boxed wpr-particle-no wpr-jarallax-no wpr-parallax-no wpr-sticky-section-no wpr-equal-height-no e-con e-child\" data-id=\"1e7a7dd\" data-element_type=\"container\" data-e-type=\"container\" data-settings=\"{&quot;background_background&quot;:&quot;gradient&quot;}\">\n\t\t\t\t\t<div class=\"e-con-inner\">\n\t\t\t\t<div class=\"elementor-element elementor-element-e4360dd elementor-widget elementor-widget-heading\" data-id=\"e4360dd\" data-element_type=\"widget\" data-e-type=\"widget\" data-widget_type=\"heading.default\">\n\t\t\t\t\t<h2 class=\"elementor-heading-title elementor-size-default\">Escuela Secundaria D. Jo\u00e3o V<\/h2>\t\t\t\t<\/div>\n\t\t\t\t<div data-premium-element-link=\"{&quot;type&quot;:&quot;url&quot;,&quot;link&quot;:{&quot;url&quot;:&quot;https:\\\/\\\/www.gwicgroup.com\\\/es\\\/proyectos\\\/escuela-secundaria-d-joao-v\\\/&quot;,&quot;is_external&quot;:&quot;&quot;,&quot;nofollow&quot;:&quot;&quot;,&quot;custom_attributes&quot;:&quot;&quot;},&quot;href&quot;:&quot;https:\\\/\\\/www.gwicgroup.com\\\/es\\\/proyectos\\\/escuela-secundaria-d-joao-v\\\/&quot;}\" style=\"cursor: pointer\" class=\"elementor-element elementor-element-71e76f7 elementor-align-left premium-wrapper-link-yes elementor-widget elementor-widget-button\" data-id=\"71e76f7\" data-element_type=\"widget\" data-e-type=\"widget\" data-widget_type=\"button.default\">\n\t\t\t\t\t\t\t\t\t\t<a class=\"elementor-button elementor-button-link elementor-size-sm\" href=\"https:\/\/www.gwicgroup.com\/es\/proyectos\/escuela-secundaria-d-joao-v\/\">\n\t\t\t\t\t\t<span class=\"elementor-button-content-wrapper\">\n\t\t\t\t\t\t<span class=\"elementor-button-icon\">\n\t\t\t\t<i aria-hidden=\"true\" class=\"jki jki-arrow-right-solid\"><\/i>\t\t\t<\/span>\n\t\t\t\t\t\t\t\t\t<span class=\"elementor-button-text\">saber m\u00e1s<\/span>\n\t\t\t\t\t<\/span>\n\t\t\t\t\t<\/a>\n\t\t\t\t\t\t\t\t<\/div>\n\t\t\t\t\t<\/div>\n\t\t\t\t<\/div>\n\t\t\t\t\t<\/div>\n\t\t\t\t<\/div>\n\t\t\t\t<\/div>\n\t\t\t\t<div data-elementor-type=\"loop-item\" data-elementor-id=\"8256\" class=\"elementor elementor-8256 elementor-3464 elementor-3464 e-loop-item e-loop-item-10423 post-10423 projeto type-projeto status-publish has-post-thumbnail hentry category-edificios-es tag-angola-es\" data-elementor-post-type=\"elementor_library\" data-custom-edit-handle=\"1\">\n\t\t\t<div class=\"elementor-element elementor-element-95ae623 e-flex e-con-boxed wpr-particle-no wpr-jarallax-no wpr-parallax-no wpr-sticky-section-no wpr-equal-height-no e-con e-parent\" data-id=\"95ae623\" data-element_type=\"container\" data-e-type=\"container\" data-settings=\"{&quot;animation&quot;:&quot;none&quot;}\">\n\t\t\t\t\t<div class=\"e-con-inner\">\n\t\t\t\t<div class=\"elementor-element elementor-element-b3675fd elementor-widget elementor-widget-image\" data-id=\"b3675fd\" data-element_type=\"widget\" data-e-type=\"widget\" data-widget_type=\"image.default\">\n\t\t\t\t\t\t\t\t\t\t\t\t\t\t\t\t<a href=\"https:\/\/www.gwicgroup.com\/es\/proyectos\/escuela-internacional-de-luanda\/\">\n\t\t\t\t\t\t\t<img decoding=\"async\" src=\"https:\/\/www.gwicgroup.com\/wp-content\/uploads\/elementor\/thumbs\/Luanda-International-School-1-qx91q28l9xca0q6kgzskdtfx7f66ijkxqw2y4di222.jpg\" title=\"Escuela Internacional de Luanda &#8211; GWIC \/ Proyectos\" alt=\"Escuela Internacional de Luanda - GWIC \/ Proyectos\" class=\"elementor-animation-grow\" loading=\"lazy\" \/>\t\t\t\t\t\t\t\t<\/a>\n\t\t\t\t\t\t\t\t\t\t\t\t\t\t\t<\/div>\n\t\t<div class=\"elementor-element elementor-element-1e7a7dd e-flex e-con-boxed wpr-particle-no wpr-jarallax-no wpr-parallax-no wpr-sticky-section-no wpr-equal-height-no e-con e-child\" data-id=\"1e7a7dd\" data-element_type=\"container\" data-e-type=\"container\" data-settings=\"{&quot;background_background&quot;:&quot;gradient&quot;}\">\n\t\t\t\t\t<div class=\"e-con-inner\">\n\t\t\t\t<div class=\"elementor-element elementor-element-e4360dd elementor-widget elementor-widget-heading\" data-id=\"e4360dd\" data-element_type=\"widget\" data-e-type=\"widget\" data-widget_type=\"heading.default\">\n\t\t\t\t\t<h2 class=\"elementor-heading-title elementor-size-default\">Escuela Internacional de Luanda<\/h2>\t\t\t\t<\/div>\n\t\t\t\t<div data-premium-element-link=\"{&quot;type&quot;:&quot;url&quot;,&quot;link&quot;:{&quot;url&quot;:&quot;https:\\\/\\\/www.gwicgroup.com\\\/es\\\/proyectos\\\/escuela-internacional-de-luanda\\\/&quot;,&quot;is_external&quot;:&quot;&quot;,&quot;nofollow&quot;:&quot;&quot;,&quot;custom_attributes&quot;:&quot;&quot;},&quot;href&quot;:&quot;https:\\\/\\\/www.gwicgroup.com\\\/es\\\/proyectos\\\/escuela-internacional-de-luanda\\\/&quot;}\" style=\"cursor: pointer\" class=\"elementor-element elementor-element-71e76f7 elementor-align-left premium-wrapper-link-yes elementor-widget elementor-widget-button\" data-id=\"71e76f7\" data-element_type=\"widget\" data-e-type=\"widget\" data-widget_type=\"button.default\">\n\t\t\t\t\t\t\t\t\t\t<a class=\"elementor-button elementor-button-link elementor-size-sm\" href=\"https:\/\/www.gwicgroup.com\/es\/proyectos\/escuela-internacional-de-luanda\/\">\n\t\t\t\t\t\t<span class=\"elementor-button-content-wrapper\">\n\t\t\t\t\t\t<span class=\"elementor-button-icon\">\n\t\t\t\t<i aria-hidden=\"true\" class=\"jki jki-arrow-right-solid\"><\/i>\t\t\t<\/span>\n\t\t\t\t\t\t\t\t\t<span class=\"elementor-button-text\">saber m\u00e1s<\/span>\n\t\t\t\t\t<\/span>\n\t\t\t\t\t<\/a>\n\t\t\t\t\t\t\t\t<\/div>\n\t\t\t\t\t<\/div>\n\t\t\t\t<\/div>\n\t\t\t\t\t<\/div>\n\t\t\t\t<\/div>\n\t\t\t\t<\/div>\n\t\t\t\t<div data-elementor-type=\"loop-item\" data-elementor-id=\"8256\" class=\"elementor elementor-8256 elementor-3464 elementor-3464 e-loop-item e-loop-item-10674 post-10674 projeto type-projeto status-publish has-post-thumbnail hentry category-infraestructura tag-portugal-es\" data-elementor-post-type=\"elementor_library\" data-custom-edit-handle=\"1\">\n\t\t\t<div class=\"elementor-element elementor-element-95ae623 e-flex e-con-boxed wpr-particle-no wpr-jarallax-no wpr-parallax-no wpr-sticky-section-no wpr-equal-height-no e-con e-parent\" data-id=\"95ae623\" data-element_type=\"container\" data-e-type=\"container\" data-settings=\"{&quot;animation&quot;:&quot;none&quot;}\">\n\t\t\t\t\t<div class=\"e-con-inner\">\n\t\t\t\t<div class=\"elementor-element elementor-element-b3675fd elementor-widget elementor-widget-image\" data-id=\"b3675fd\" data-element_type=\"widget\" data-e-type=\"widget\" data-widget_type=\"image.default\">\n\t\t\t\t\t\t\t\t\t\t\t\t\t\t\t\t<a href=\"https:\/\/www.gwicgroup.com\/es\/proyectos\/proyecto-quatro-aguas-en-tavira\/\">\n\t\t\t\t\t\t\t<img decoding=\"async\" src=\"https:\/\/www.gwicgroup.com\/wp-content\/uploads\/elementor\/thumbs\/Tavira-1-qx91qvdl5sg60n08que01437md6k55sm6wazzyaup6.jpg\" title=\"Proyecto Quatro \u00c1guas en Tavira &#8211; GWIC \/ Proyectos\" alt=\"Proyecto Quatro \u00c1guas en Tavira - GWIC \/ Proyectos\" class=\"elementor-animation-grow\" loading=\"lazy\" \/>\t\t\t\t\t\t\t\t<\/a>\n\t\t\t\t\t\t\t\t\t\t\t\t\t\t\t<\/div>\n\t\t<div class=\"elementor-element elementor-element-1e7a7dd e-flex e-con-boxed wpr-particle-no wpr-jarallax-no wpr-parallax-no wpr-sticky-section-no wpr-equal-height-no e-con e-child\" data-id=\"1e7a7dd\" data-element_type=\"container\" data-e-type=\"container\" data-settings=\"{&quot;background_background&quot;:&quot;gradient&quot;}\">\n\t\t\t\t\t<div class=\"e-con-inner\">\n\t\t\t\t<div class=\"elementor-element elementor-element-e4360dd elementor-widget elementor-widget-heading\" data-id=\"e4360dd\" data-element_type=\"widget\" data-e-type=\"widget\" data-widget_type=\"heading.default\">\n\t\t\t\t\t<h2 class=\"elementor-heading-title elementor-size-default\">Proyecto Quatro \u00c1guas en Tavira<\/h2>\t\t\t\t<\/div>\n\t\t\t\t<div data-premium-element-link=\"{&quot;type&quot;:&quot;url&quot;,&quot;link&quot;:{&quot;url&quot;:&quot;https:\\\/\\\/www.gwicgroup.com\\\/es\\\/proyectos\\\/proyecto-quatro-aguas-en-tavira\\\/&quot;,&quot;is_external&quot;:&quot;&quot;,&quot;nofollow&quot;:&quot;&quot;,&quot;custom_attributes&quot;:&quot;&quot;},&quot;href&quot;:&quot;https:\\\/\\\/www.gwicgroup.com\\\/es\\\/proyectos\\\/proyecto-quatro-aguas-en-tavira\\\/&quot;}\" style=\"cursor: pointer\" class=\"elementor-element elementor-element-71e76f7 elementor-align-left premium-wrapper-link-yes elementor-widget elementor-widget-button\" data-id=\"71e76f7\" data-element_type=\"widget\" data-e-type=\"widget\" data-widget_type=\"button.default\">\n\t\t\t\t\t\t\t\t\t\t<a class=\"elementor-button elementor-button-link elementor-size-sm\" href=\"https:\/\/www.gwicgroup.com\/es\/proyectos\/proyecto-quatro-aguas-en-tavira\/\">\n\t\t\t\t\t\t<span class=\"elementor-button-content-wrapper\">\n\t\t\t\t\t\t<span class=\"elementor-button-icon\">\n\t\t\t\t<i aria-hidden=\"true\" class=\"jki jki-arrow-right-solid\"><\/i>\t\t\t<\/span>\n\t\t\t\t\t\t\t\t\t<span class=\"elementor-button-text\">saber m\u00e1s<\/span>\n\t\t\t\t\t<\/span>\n\t\t\t\t\t<\/a>\n\t\t\t\t\t\t\t\t<\/div>\n\t\t\t\t\t<\/div>\n\t\t\t\t<\/div>\n\t\t\t\t\t<\/div>\n\t\t\t\t<\/div>\n\t\t\t\t<\/div>\n\t\t\t\t<div data-elementor-type=\"loop-item\" data-elementor-id=\"8256\" class=\"elementor elementor-8256 elementor-3464 elementor-3464 e-loop-item e-loop-item-10653 post-10653 projeto type-projeto status-publish has-post-thumbnail hentry category-infraestructura tag-angola-es\" data-elementor-post-type=\"elementor_library\" data-custom-edit-handle=\"1\">\n\t\t\t<div class=\"elementor-element elementor-element-95ae623 e-flex e-con-boxed wpr-particle-no wpr-jarallax-no wpr-parallax-no wpr-sticky-section-no wpr-equal-height-no e-con e-parent\" data-id=\"95ae623\" data-element_type=\"container\" data-e-type=\"container\" data-settings=\"{&quot;animation&quot;:&quot;none&quot;}\">\n\t\t\t\t\t<div class=\"e-con-inner\">\n\t\t\t\t<div class=\"elementor-element elementor-element-b3675fd elementor-widget elementor-widget-image\" data-id=\"b3675fd\" data-element_type=\"widget\" data-e-type=\"widget\" data-widget_type=\"image.default\">\n\t\t\t\t\t\t\t\t\t\t\t\t\t\t\t\t<a href=\"https:\/\/www.gwicgroup.com\/es\/proyectos\/parque-industrial-algoa-de-malembo\/\">\n\t\t\t\t\t\t\t<img decoding=\"async\" src=\"https:\/\/www.gwicgroup.com\/wp-content\/uploads\/elementor\/thumbs\/ALGOA-1-qx91qsk2lacb1t4c7b64bmstu7kgi2hf6icjk4f17u.jpg\" title=\"Parque Industrial ALGOA en Malembo &#8211; GWIC \/ Proyectos\" alt=\"Parque Industrial ALGOA en Malembo - GWIC \/ Proyectos\" class=\"elementor-animation-grow\" loading=\"lazy\" \/>\t\t\t\t\t\t\t\t<\/a>\n\t\t\t\t\t\t\t\t\t\t\t\t\t\t\t<\/div>\n\t\t<div class=\"elementor-element elementor-element-1e7a7dd e-flex e-con-boxed wpr-particle-no wpr-jarallax-no wpr-parallax-no wpr-sticky-section-no wpr-equal-height-no e-con e-child\" data-id=\"1e7a7dd\" data-element_type=\"container\" data-e-type=\"container\" data-settings=\"{&quot;background_background&quot;:&quot;gradient&quot;}\">\n\t\t\t\t\t<div class=\"e-con-inner\">\n\t\t\t\t<div class=\"elementor-element elementor-element-e4360dd elementor-widget elementor-widget-heading\" data-id=\"e4360dd\" data-element_type=\"widget\" data-e-type=\"widget\" data-widget_type=\"heading.default\">\n\t\t\t\t\t<h2 class=\"elementor-heading-title elementor-size-default\">Parque Industrial ALGOA de Malembo<\/h2>\t\t\t\t<\/div>\n\t\t\t\t<div data-premium-element-link=\"{&quot;type&quot;:&quot;url&quot;,&quot;link&quot;:{&quot;url&quot;:&quot;https:\\\/\\\/www.gwicgroup.com\\\/es\\\/proyectos\\\/parque-industrial-algoa-de-malembo\\\/&quot;,&quot;is_external&quot;:&quot;&quot;,&quot;nofollow&quot;:&quot;&quot;,&quot;custom_attributes&quot;:&quot;&quot;},&quot;href&quot;:&quot;https:\\\/\\\/www.gwicgroup.com\\\/es\\\/proyectos\\\/parque-industrial-algoa-de-malembo\\\/&quot;}\" style=\"cursor: pointer\" class=\"elementor-element elementor-element-71e76f7 elementor-align-left premium-wrapper-link-yes elementor-widget elementor-widget-button\" data-id=\"71e76f7\" data-element_type=\"widget\" data-e-type=\"widget\" data-widget_type=\"button.default\">\n\t\t\t\t\t\t\t\t\t\t<a class=\"elementor-button elementor-button-link elementor-size-sm\" href=\"https:\/\/www.gwicgroup.com\/es\/proyectos\/parque-industrial-algoa-de-malembo\/\">\n\t\t\t\t\t\t<span class=\"elementor-button-content-wrapper\">\n\t\t\t\t\t\t<span class=\"elementor-button-icon\">\n\t\t\t\t<i aria-hidden=\"true\" class=\"jki jki-arrow-right-solid\"><\/i>\t\t\t<\/span>\n\t\t\t\t\t\t\t\t\t<span class=\"elementor-button-text\">saber m\u00e1s<\/span>\n\t\t\t\t\t<\/span>\n\t\t\t\t\t<\/a>\n\t\t\t\t\t\t\t\t<\/div>\n\t\t\t\t\t<\/div>\n\t\t\t\t<\/div>\n\t\t\t\t\t<\/div>\n\t\t\t\t<\/div>\n\t\t\t\t<\/div>\n\t\t\t\t<div data-elementor-type=\"loop-item\" data-elementor-id=\"8256\" class=\"elementor elementor-8256 elementor-3464 elementor-3464 e-loop-item e-loop-item-8233 post-8233 projeto type-projeto status-publish has-post-thumbnail hentry category-edificios-es tag-portugal-es\" data-elementor-post-type=\"elementor_library\" data-custom-edit-handle=\"1\">\n\t\t\t<div class=\"elementor-element elementor-element-95ae623 e-flex e-con-boxed wpr-particle-no wpr-jarallax-no wpr-parallax-no wpr-sticky-section-no wpr-equal-height-no e-con e-parent\" data-id=\"95ae623\" data-element_type=\"container\" data-e-type=\"container\" data-settings=\"{&quot;animation&quot;:&quot;none&quot;}\">\n\t\t\t\t\t<div class=\"e-con-inner\">\n\t\t\t\t<div class=\"elementor-element elementor-element-b3675fd elementor-widget elementor-widget-image\" data-id=\"b3675fd\" data-element_type=\"widget\" data-e-type=\"widget\" data-widget_type=\"image.default\">\n\t\t\t\t\t\t\t\t\t\t\t\t\t\t\t\t<a href=\"https:\/\/www.gwicgroup.com\/es\/proyectos\/concesionario-citroen-portugal\/\">\n\t\t\t\t\t\t\t<img decoding=\"async\" src=\"https:\/\/www.gwicgroup.com\/wp-content\/uploads\/elementor\/thumbs\/Citroen-1-qx91q1ar33azp47xmhdxtbogm1atauh7erfgn3jg8a.jpg\" title=\"Concesionario Citro\u00ebn Portugal &#8211; GWIC \/ Proyectos\" alt=\"Concesionario Citro\u00ebn Portugal - GWIC \/ Proyectos\" class=\"elementor-animation-grow\" loading=\"lazy\" \/>\t\t\t\t\t\t\t\t<\/a>\n\t\t\t\t\t\t\t\t\t\t\t\t\t\t\t<\/div>\n\t\t<div class=\"elementor-element elementor-element-1e7a7dd e-flex e-con-boxed wpr-particle-no wpr-jarallax-no wpr-parallax-no wpr-sticky-section-no wpr-equal-height-no e-con e-child\" data-id=\"1e7a7dd\" data-element_type=\"container\" data-e-type=\"container\" data-settings=\"{&quot;background_background&quot;:&quot;gradient&quot;}\">\n\t\t\t\t\t<div class=\"e-con-inner\">\n\t\t\t\t<div class=\"elementor-element elementor-element-e4360dd elementor-widget elementor-widget-heading\" data-id=\"e4360dd\" data-element_type=\"widget\" data-e-type=\"widget\" data-widget_type=\"heading.default\">\n\t\t\t\t\t<h2 class=\"elementor-heading-title elementor-size-default\">Concesionario Citro\u00ebn Portugal<\/h2>\t\t\t\t<\/div>\n\t\t\t\t<div data-premium-element-link=\"{&quot;type&quot;:&quot;url&quot;,&quot;link&quot;:{&quot;url&quot;:&quot;https:\\\/\\\/www.gwicgroup.com\\\/es\\\/proyectos\\\/concesionario-citroen-portugal\\\/&quot;,&quot;is_external&quot;:&quot;&quot;,&quot;nofollow&quot;:&quot;&quot;,&quot;custom_attributes&quot;:&quot;&quot;},&quot;href&quot;:&quot;https:\\\/\\\/www.gwicgroup.com\\\/es\\\/proyectos\\\/concesionario-citroen-portugal\\\/&quot;}\" style=\"cursor: pointer\" class=\"elementor-element elementor-element-71e76f7 elementor-align-left premium-wrapper-link-yes elementor-widget elementor-widget-button\" data-id=\"71e76f7\" data-element_type=\"widget\" data-e-type=\"widget\" data-widget_type=\"button.default\">\n\t\t\t\t\t\t\t\t\t\t<a class=\"elementor-button elementor-button-link elementor-size-sm\" href=\"https:\/\/www.gwicgroup.com\/es\/proyectos\/concesionario-citroen-portugal\/\">\n\t\t\t\t\t\t<span class=\"elementor-button-content-wrapper\">\n\t\t\t\t\t\t<span class=\"elementor-button-icon\">\n\t\t\t\t<i aria-hidden=\"true\" class=\"jki jki-arrow-right-solid\"><\/i>\t\t\t<\/span>\n\t\t\t\t\t\t\t\t\t<span class=\"elementor-button-text\">saber m\u00e1s<\/span>\n\t\t\t\t\t<\/span>\n\t\t\t\t\t<\/a>\n\t\t\t\t\t\t\t\t<\/div>\n\t\t\t\t\t<\/div>\n\t\t\t\t<\/div>\n\t\t\t\t\t<\/div>\n\t\t\t\t<\/div>\n\t\t\t\t<\/div>\n\t\t\t\t<div data-elementor-type=\"loop-item\" data-elementor-id=\"8256\" class=\"elementor elementor-8256 elementor-3464 elementor-3464 e-loop-item e-loop-item-10705 post-10705 projeto type-projeto status-publish has-post-thumbnail hentry category-edificios-es tag-angola-es\" data-elementor-post-type=\"elementor_library\" data-custom-edit-handle=\"1\">\n\t\t\t<div class=\"elementor-element elementor-element-95ae623 e-flex e-con-boxed wpr-particle-no wpr-jarallax-no wpr-parallax-no wpr-sticky-section-no wpr-equal-height-no e-con e-parent\" data-id=\"95ae623\" data-element_type=\"container\" data-e-type=\"container\" data-settings=\"{&quot;animation&quot;:&quot;none&quot;}\">\n\t\t\t\t\t<div class=\"e-con-inner\">\n\t\t\t\t<div class=\"elementor-element elementor-element-b3675fd elementor-widget elementor-widget-image\" data-id=\"b3675fd\" data-element_type=\"widget\" data-e-type=\"widget\" data-widget_type=\"image.default\">\n\t\t\t\t\t\t\t\t\t\t\t\t\t\t\t\t<a href=\"https:\/\/www.gwicgroup.com\/es\/proyectos\/sede-de-toyota-angola\/\">\n\t\t\t\t\t\t\t<img decoding=\"async\" src=\"https:\/\/www.gwicgroup.com\/wp-content\/uploads\/elementor\/thumbs\/Toyota-2-qx91q1ar33azp47xmhdxtbogm1atauh7erfgn3jg8a.jpg\" title=\"Sede de Toyota Angola &#8211; GWIC \/ Proyectos\" alt=\"Sede de Toyota Angola - GWIC \/ Proyectos\" class=\"elementor-animation-grow\" loading=\"lazy\" \/>\t\t\t\t\t\t\t\t<\/a>\n\t\t\t\t\t\t\t\t\t\t\t\t\t\t\t<\/div>\n\t\t<div class=\"elementor-element elementor-element-1e7a7dd e-flex e-con-boxed wpr-particle-no wpr-jarallax-no wpr-parallax-no wpr-sticky-section-no wpr-equal-height-no e-con e-child\" data-id=\"1e7a7dd\" data-element_type=\"container\" data-e-type=\"container\" data-settings=\"{&quot;background_background&quot;:&quot;gradient&quot;}\">\n\t\t\t\t\t<div class=\"e-con-inner\">\n\t\t\t\t<div class=\"elementor-element elementor-element-e4360dd elementor-widget elementor-widget-heading\" data-id=\"e4360dd\" data-element_type=\"widget\" data-e-type=\"widget\" data-widget_type=\"heading.default\">\n\t\t\t\t\t<h2 class=\"elementor-heading-title elementor-size-default\">Sede de Toyota Angola<\/h2>\t\t\t\t<\/div>\n\t\t\t\t<div data-premium-element-link=\"{&quot;type&quot;:&quot;url&quot;,&quot;link&quot;:{&quot;url&quot;:&quot;https:\\\/\\\/www.gwicgroup.com\\\/es\\\/proyectos\\\/sede-de-toyota-angola\\\/&quot;,&quot;is_external&quot;:&quot;&quot;,&quot;nofollow&quot;:&quot;&quot;,&quot;custom_attributes&quot;:&quot;&quot;},&quot;href&quot;:&quot;https:\\\/\\\/www.gwicgroup.com\\\/es\\\/proyectos\\\/sede-de-toyota-angola\\\/&quot;}\" style=\"cursor: pointer\" class=\"elementor-element elementor-element-71e76f7 elementor-align-left premium-wrapper-link-yes elementor-widget elementor-widget-button\" data-id=\"71e76f7\" data-element_type=\"widget\" data-e-type=\"widget\" data-widget_type=\"button.default\">\n\t\t\t\t\t\t\t\t\t\t<a class=\"elementor-button elementor-button-link elementor-size-sm\" href=\"https:\/\/www.gwicgroup.com\/es\/proyectos\/sede-de-toyota-angola\/\">\n\t\t\t\t\t\t<span class=\"elementor-button-content-wrapper\">\n\t\t\t\t\t\t<span class=\"elementor-button-icon\">\n\t\t\t\t<i aria-hidden=\"true\" class=\"jki jki-arrow-right-solid\"><\/i>\t\t\t<\/span>\n\t\t\t\t\t\t\t\t\t<span class=\"elementor-button-text\">saber m\u00e1s<\/span>\n\t\t\t\t\t<\/span>\n\t\t\t\t\t<\/a>\n\t\t\t\t\t\t\t\t<\/div>\n\t\t\t\t\t<\/div>\n\t\t\t\t<\/div>\n\t\t\t\t\t<\/div>\n\t\t\t\t<\/div>\n\t\t\t\t<\/div>\n\t\t\t\t<div data-elementor-type=\"loop-item\" data-elementor-id=\"8256\" class=\"elementor elementor-8256 elementor-3464 elementor-3464 e-loop-item e-loop-item-10739 post-10739 projeto type-projeto status-publish has-post-thumbnail hentry category-edificios-es tag-portugal-es\" data-elementor-post-type=\"elementor_library\" data-custom-edit-handle=\"1\">\n\t\t\t<div class=\"elementor-element elementor-element-95ae623 e-flex e-con-boxed wpr-particle-no wpr-jarallax-no wpr-parallax-no wpr-sticky-section-no wpr-equal-height-no e-con e-parent\" data-id=\"95ae623\" data-element_type=\"container\" data-e-type=\"container\" data-settings=\"{&quot;animation&quot;:&quot;none&quot;}\">\n\t\t\t\t\t<div class=\"e-con-inner\">\n\t\t\t\t<div class=\"elementor-element elementor-element-b3675fd elementor-widget elementor-widget-image\" data-id=\"b3675fd\" data-element_type=\"widget\" data-e-type=\"widget\" data-widget_type=\"image.default\">\n\t\t\t\t\t\t\t\t\t\t\t\t\t\t\t\t<a href=\"https:\/\/www.gwicgroup.com\/es\/proyectos\/sobreiras-country-hotel\/\">\n\t\t\t\t\t\t\t<img decoding=\"async\" src=\"https:\/\/www.gwicgroup.com\/wp-content\/uploads\/elementor\/thumbs\/SOBREIRAS_HOTEL_foto_3-qx91qthws4dldf2z1tkqw4kaflftprl5in011edn1m.jpg\" title=\"Hotel das Sobreiras &#8211; GWIC \/ Proyectos\" alt=\"Hotel das Sobreiras - GWIC \/ Proyectos\" class=\"elementor-animation-grow\" loading=\"lazy\" \/>\t\t\t\t\t\t\t\t<\/a>\n\t\t\t\t\t\t\t\t\t\t\t\t\t\t\t<\/div>\n\t\t<div class=\"elementor-element elementor-element-1e7a7dd e-flex e-con-boxed wpr-particle-no wpr-jarallax-no wpr-parallax-no wpr-sticky-section-no wpr-equal-height-no e-con e-child\" data-id=\"1e7a7dd\" data-element_type=\"container\" data-e-type=\"container\" data-settings=\"{&quot;background_background&quot;:&quot;gradient&quot;}\">\n\t\t\t\t\t<div class=\"e-con-inner\">\n\t\t\t\t<div class=\"elementor-element elementor-element-e4360dd elementor-widget elementor-widget-heading\" data-id=\"e4360dd\" data-element_type=\"widget\" data-e-type=\"widget\" data-widget_type=\"heading.default\">\n\t\t\t\t\t<h2 class=\"elementor-heading-title elementor-size-default\">Sobreiras Country Hotel<\/h2>\t\t\t\t<\/div>\n\t\t\t\t<div data-premium-element-link=\"{&quot;type&quot;:&quot;url&quot;,&quot;link&quot;:{&quot;url&quot;:&quot;https:\\\/\\\/www.gwicgroup.com\\\/es\\\/proyectos\\\/sobreiras-country-hotel\\\/&quot;,&quot;is_external&quot;:&quot;&quot;,&quot;nofollow&quot;:&quot;&quot;,&quot;custom_attributes&quot;:&quot;&quot;},&quot;href&quot;:&quot;https:\\\/\\\/www.gwicgroup.com\\\/es\\\/proyectos\\\/sobreiras-country-hotel\\\/&quot;}\" style=\"cursor: pointer\" class=\"elementor-element elementor-element-71e76f7 elementor-align-left premium-wrapper-link-yes elementor-widget elementor-widget-button\" data-id=\"71e76f7\" data-element_type=\"widget\" data-e-type=\"widget\" data-widget_type=\"button.default\">\n\t\t\t\t\t\t\t\t\t\t<a class=\"elementor-button elementor-button-link elementor-size-sm\" href=\"https:\/\/www.gwicgroup.com\/es\/proyectos\/sobreiras-country-hotel\/\">\n\t\t\t\t\t\t<span class=\"elementor-button-content-wrapper\">\n\t\t\t\t\t\t<span class=\"elementor-button-icon\">\n\t\t\t\t<i aria-hidden=\"true\" class=\"jki jki-arrow-right-solid\"><\/i>\t\t\t<\/span>\n\t\t\t\t\t\t\t\t\t<span class=\"elementor-button-text\">saber m\u00e1s<\/span>\n\t\t\t\t\t<\/span>\n\t\t\t\t\t<\/a>\n\t\t\t\t\t\t\t\t<\/div>\n\t\t\t\t\t<\/div>\n\t\t\t\t<\/div>\n\t\t\t\t\t<\/div>\n\t\t\t\t<\/div>\n\t\t\t\t<\/div>\n\t\t\t\t<div data-elementor-type=\"loop-item\" data-elementor-id=\"8256\" class=\"elementor elementor-8256 elementor-3464 elementor-3464 e-loop-item e-loop-item-8324 post-8324 projeto type-projeto status-publish has-post-thumbnail hentry category-edificios-es tag-portugal-es\" data-elementor-post-type=\"elementor_library\" data-custom-edit-handle=\"1\">\n\t\t\t<div class=\"elementor-element elementor-element-95ae623 e-flex e-con-boxed wpr-particle-no wpr-jarallax-no wpr-parallax-no wpr-sticky-section-no wpr-equal-height-no e-con e-parent\" data-id=\"95ae623\" data-element_type=\"container\" data-e-type=\"container\" data-settings=\"{&quot;animation&quot;:&quot;none&quot;}\">\n\t\t\t\t\t<div class=\"e-con-inner\">\n\t\t\t\t<div class=\"elementor-element elementor-element-b3675fd elementor-widget elementor-widget-image\" data-id=\"b3675fd\" data-element_type=\"widget\" data-e-type=\"widget\" data-widget_type=\"image.default\">\n\t\t\t\t\t\t\t\t\t\t\t\t\t\t\t\t<a href=\"https:\/\/www.gwicgroup.com\/es\/proyectos\/edificio-multifamiliar-adelphi-con-comercio\/\">\n\t\t\t\t\t\t\t<img decoding=\"async\" src=\"https:\/\/www.gwicgroup.com\/wp-content\/uploads\/elementor\/thumbs\/Adelphi-2-qx91qsk2lacb1t4c7b64bmstu7kgi2hf6icjk4f17u.jpg\" title=\"Edificio Multifamiliar Adelphi con Comercio &#8211; GWIC \/ Proyectos\" alt=\"Edificio Multifamiliar Adelphi con Comercio - GWIC \/ Proyectos\" class=\"elementor-animation-grow\" loading=\"lazy\" \/>\t\t\t\t\t\t\t\t<\/a>\n\t\t\t\t\t\t\t\t\t\t\t\t\t\t\t<\/div>\n\t\t<div class=\"elementor-element elementor-element-1e7a7dd e-flex e-con-boxed wpr-particle-no wpr-jarallax-no wpr-parallax-no wpr-sticky-section-no wpr-equal-height-no e-con e-child\" data-id=\"1e7a7dd\" data-element_type=\"container\" data-e-type=\"container\" data-settings=\"{&quot;background_background&quot;:&quot;gradient&quot;}\">\n\t\t\t\t\t<div class=\"e-con-inner\">\n\t\t\t\t<div class=\"elementor-element elementor-element-e4360dd elementor-widget elementor-widget-heading\" data-id=\"e4360dd\" data-element_type=\"widget\" data-e-type=\"widget\" data-widget_type=\"heading.default\">\n\t\t\t\t\t<h2 class=\"elementor-heading-title elementor-size-default\">Edificio Multifamiliar Adelphi con Comercio<\/h2>\t\t\t\t<\/div>\n\t\t\t\t<div data-premium-element-link=\"{&quot;type&quot;:&quot;url&quot;,&quot;link&quot;:{&quot;url&quot;:&quot;https:\\\/\\\/www.gwicgroup.com\\\/es\\\/proyectos\\\/edificio-multifamiliar-adelphi-con-comercio\\\/&quot;,&quot;is_external&quot;:&quot;&quot;,&quot;nofollow&quot;:&quot;&quot;,&quot;custom_attributes&quot;:&quot;&quot;},&quot;href&quot;:&quot;https:\\\/\\\/www.gwicgroup.com\\\/es\\\/proyectos\\\/edificio-multifamiliar-adelphi-con-comercio\\\/&quot;}\" style=\"cursor: pointer\" class=\"elementor-element elementor-element-71e76f7 elementor-align-left premium-wrapper-link-yes elementor-widget elementor-widget-button\" data-id=\"71e76f7\" data-element_type=\"widget\" data-e-type=\"widget\" data-widget_type=\"button.default\">\n\t\t\t\t\t\t\t\t\t\t<a class=\"elementor-button elementor-button-link elementor-size-sm\" href=\"https:\/\/www.gwicgroup.com\/es\/proyectos\/edificio-multifamiliar-adelphi-con-comercio\/\">\n\t\t\t\t\t\t<span class=\"elementor-button-content-wrapper\">\n\t\t\t\t\t\t<span class=\"elementor-button-icon\">\n\t\t\t\t<i aria-hidden=\"true\" class=\"jki jki-arrow-right-solid\"><\/i>\t\t\t<\/span>\n\t\t\t\t\t\t\t\t\t<span class=\"elementor-button-text\">saber m\u00e1s<\/span>\n\t\t\t\t\t<\/span>\n\t\t\t\t\t<\/a>\n\t\t\t\t\t\t\t\t<\/div>\n\t\t\t\t\t<\/div>\n\t\t\t\t<\/div>\n\t\t\t\t\t<\/div>\n\t\t\t\t<\/div>\n\t\t\t\t<\/div>\n\t\t\t\t<div data-elementor-type=\"loop-item\" data-elementor-id=\"8256\" class=\"elementor elementor-8256 elementor-3464 elementor-3464 e-loop-item e-loop-item-7931 post-7931 projeto type-projeto status-publish has-post-thumbnail hentry category-infraestructura tag-angola-es\" data-elementor-post-type=\"elementor_library\" data-custom-edit-handle=\"1\">\n\t\t\t<div class=\"elementor-element elementor-element-95ae623 e-flex e-con-boxed wpr-particle-no wpr-jarallax-no wpr-parallax-no wpr-sticky-section-no wpr-equal-height-no e-con e-parent\" data-id=\"95ae623\" data-element_type=\"container\" data-e-type=\"container\" data-settings=\"{&quot;animation&quot;:&quot;none&quot;}\">\n\t\t\t\t\t<div class=\"e-con-inner\">\n\t\t\t\t<div class=\"elementor-element elementor-element-b3675fd elementor-widget elementor-widget-image\" data-id=\"b3675fd\" data-element_type=\"widget\" data-e-type=\"widget\" data-widget_type=\"image.default\">\n\t\t\t\t\t\t\t\t\t\t\t\t\t\t\t\t<a href=\"https:\/\/www.gwicgroup.com\/es\/proyectos\/central-termica-de-malange\/\">\n\t\t\t\t\t\t\t<img decoding=\"async\" src=\"https:\/\/www.gwicgroup.com\/wp-content\/uploads\/elementor\/thumbs\/central_termica_malange_1-1-qx91qsk2lacb1t4c7b64bmstu7kgi2hf6icjk4f17u.jpg\" title=\"Central T\u00e9rmica de Malange &#8211; GWIC\" alt=\"Central T\u00e9rmica de Malange - GWIC\" class=\"elementor-animation-grow\" loading=\"lazy\" \/>\t\t\t\t\t\t\t\t<\/a>\n\t\t\t\t\t\t\t\t\t\t\t\t\t\t\t<\/div>\n\t\t<div class=\"elementor-element elementor-element-1e7a7dd e-flex e-con-boxed wpr-particle-no wpr-jarallax-no wpr-parallax-no wpr-sticky-section-no wpr-equal-height-no e-con e-child\" data-id=\"1e7a7dd\" data-element_type=\"container\" data-e-type=\"container\" data-settings=\"{&quot;background_background&quot;:&quot;gradient&quot;}\">\n\t\t\t\t\t<div class=\"e-con-inner\">\n\t\t\t\t<div class=\"elementor-element elementor-element-e4360dd elementor-widget elementor-widget-heading\" data-id=\"e4360dd\" data-element_type=\"widget\" data-e-type=\"widget\" data-widget_type=\"heading.default\">\n\t\t\t\t\t<h2 class=\"elementor-heading-title elementor-size-default\">Central T\u00e9rmica de Malange<\/h2>\t\t\t\t<\/div>\n\t\t\t\t<div data-premium-element-link=\"{&quot;type&quot;:&quot;url&quot;,&quot;link&quot;:{&quot;url&quot;:&quot;https:\\\/\\\/www.gwicgroup.com\\\/es\\\/proyectos\\\/central-termica-de-malange\\\/&quot;,&quot;is_external&quot;:&quot;&quot;,&quot;nofollow&quot;:&quot;&quot;,&quot;custom_attributes&quot;:&quot;&quot;},&quot;href&quot;:&quot;https:\\\/\\\/www.gwicgroup.com\\\/es\\\/proyectos\\\/central-termica-de-malange\\\/&quot;}\" style=\"cursor: pointer\" class=\"elementor-element elementor-element-71e76f7 elementor-align-left premium-wrapper-link-yes elementor-widget elementor-widget-button\" data-id=\"71e76f7\" data-element_type=\"widget\" data-e-type=\"widget\" data-widget_type=\"button.default\">\n\t\t\t\t\t\t\t\t\t\t<a class=\"elementor-button elementor-button-link elementor-size-sm\" href=\"https:\/\/www.gwicgroup.com\/es\/proyectos\/central-termica-de-malange\/\">\n\t\t\t\t\t\t<span class=\"elementor-button-content-wrapper\">\n\t\t\t\t\t\t<span class=\"elementor-button-icon\">\n\t\t\t\t<i aria-hidden=\"true\" class=\"jki jki-arrow-right-solid\"><\/i>\t\t\t<\/span>\n\t\t\t\t\t\t\t\t\t<span class=\"elementor-button-text\">saber m\u00e1s<\/span>\n\t\t\t\t\t<\/span>\n\t\t\t\t\t<\/a>\n\t\t\t\t\t\t\t\t<\/div>\n\t\t\t\t\t<\/div>\n\t\t\t\t<\/div>\n\t\t\t\t\t<\/div>\n\t\t\t\t<\/div>\n\t\t\t\t<\/div>\n\t\t\t\t<div data-elementor-type=\"loop-item\" data-elementor-id=\"8256\" class=\"elementor elementor-8256 elementor-3464 elementor-3464 e-loop-item e-loop-item-10554 post-10554 projeto type-projeto status-publish has-post-thumbnail hentry category-infraestructura tag-angola-es\" data-elementor-post-type=\"elementor_library\" data-custom-edit-handle=\"1\">\n\t\t\t<div class=\"elementor-element elementor-element-95ae623 e-flex e-con-boxed wpr-particle-no wpr-jarallax-no wpr-parallax-no wpr-sticky-section-no wpr-equal-height-no e-con e-parent\" data-id=\"95ae623\" data-element_type=\"container\" data-e-type=\"container\" data-settings=\"{&quot;animation&quot;:&quot;none&quot;}\">\n\t\t\t\t\t<div class=\"e-con-inner\">\n\t\t\t\t<div class=\"elementor-element elementor-element-b3675fd elementor-widget elementor-widget-image\" data-id=\"b3675fd\" data-element_type=\"widget\" data-e-type=\"widget\" data-widget_type=\"image.default\">\n\t\t\t\t\t\t\t\t\t\t\t\t\t\t\t\t<a href=\"https:\/\/www.gwicgroup.com\/es\/proyectos\/infraestructuras-de-la-ciudad-de-muxima\/\">\n\t\t\t\t\t\t\t<img decoding=\"async\" src=\"https:\/\/www.gwicgroup.com\/wp-content\/uploads\/elementor\/thumbs\/MUXIMA-qx91qj5ooxzftphzq73ump67wcusd3g3t7torcsyy2.jpg\" title=\"Infraestructuras de la Ciudad de Muxima &#8211; GWIC \/ Proyectos\" alt=\"Infraestructuras de la Ciudad de Muxima - GWIC \/ Proyectos\" class=\"elementor-animation-grow\" loading=\"lazy\" \/>\t\t\t\t\t\t\t\t<\/a>\n\t\t\t\t\t\t\t\t\t\t\t\t\t\t\t<\/div>\n\t\t<div class=\"elementor-element elementor-element-1e7a7dd e-flex e-con-boxed wpr-particle-no wpr-jarallax-no wpr-parallax-no wpr-sticky-section-no wpr-equal-height-no e-con e-child\" data-id=\"1e7a7dd\" data-element_type=\"container\" data-e-type=\"container\" data-settings=\"{&quot;background_background&quot;:&quot;gradient&quot;}\">\n\t\t\t\t\t<div class=\"e-con-inner\">\n\t\t\t\t<div class=\"elementor-element elementor-element-e4360dd elementor-widget elementor-widget-heading\" data-id=\"e4360dd\" data-element_type=\"widget\" data-e-type=\"widget\" data-widget_type=\"heading.default\">\n\t\t\t\t\t<h2 class=\"elementor-heading-title elementor-size-default\">Infraestructuras de la Ciudad de Muxima<\/h2>\t\t\t\t<\/div>\n\t\t\t\t<div data-premium-element-link=\"{&quot;type&quot;:&quot;url&quot;,&quot;link&quot;:{&quot;url&quot;:&quot;https:\\\/\\\/www.gwicgroup.com\\\/es\\\/proyectos\\\/infraestructuras-de-la-ciudad-de-muxima\\\/&quot;,&quot;is_external&quot;:&quot;&quot;,&quot;nofollow&quot;:&quot;&quot;,&quot;custom_attributes&quot;:&quot;&quot;},&quot;href&quot;:&quot;https:\\\/\\\/www.gwicgroup.com\\\/es\\\/proyectos\\\/infraestructuras-de-la-ciudad-de-muxima\\\/&quot;}\" style=\"cursor: pointer\" class=\"elementor-element elementor-element-71e76f7 elementor-align-left premium-wrapper-link-yes elementor-widget elementor-widget-button\" data-id=\"71e76f7\" data-element_type=\"widget\" data-e-type=\"widget\" data-widget_type=\"button.default\">\n\t\t\t\t\t\t\t\t\t\t<a class=\"elementor-button elementor-button-link elementor-size-sm\" href=\"https:\/\/www.gwicgroup.com\/es\/proyectos\/infraestructuras-de-la-ciudad-de-muxima\/\">\n\t\t\t\t\t\t<span class=\"elementor-button-content-wrapper\">\n\t\t\t\t\t\t<span class=\"elementor-button-icon\">\n\t\t\t\t<i aria-hidden=\"true\" class=\"jki jki-arrow-right-solid\"><\/i>\t\t\t<\/span>\n\t\t\t\t\t\t\t\t\t<span class=\"elementor-button-text\">saber m\u00e1s<\/span>\n\t\t\t\t\t<\/span>\n\t\t\t\t\t<\/a>\n\t\t\t\t\t\t\t\t<\/div>\n\t\t\t\t\t<\/div>\n\t\t\t\t<\/div>\n\t\t\t\t\t<\/div>\n\t\t\t\t<\/div>\n\t\t\t\t<\/div>\n\t\t\t\t<div data-elementor-type=\"loop-item\" data-elementor-id=\"8256\" class=\"elementor elementor-8256 elementor-3464 elementor-3464 e-loop-item e-loop-item-7863 post-7863 projeto type-projeto status-publish has-post-thumbnail hentry category-infraestructura tag-angola-es\" data-elementor-post-type=\"elementor_library\" data-custom-edit-handle=\"1\">\n\t\t\t<div class=\"elementor-element elementor-element-95ae623 e-flex e-con-boxed wpr-particle-no wpr-jarallax-no wpr-parallax-no wpr-sticky-section-no wpr-equal-height-no e-con e-parent\" data-id=\"95ae623\" data-element_type=\"container\" data-e-type=\"container\" data-settings=\"{&quot;animation&quot;:&quot;none&quot;}\">\n\t\t\t\t\t<div class=\"e-con-inner\">\n\t\t\t\t<div class=\"elementor-element elementor-element-b3675fd elementor-widget elementor-widget-image\" data-id=\"b3675fd\" data-element_type=\"widget\" data-e-type=\"widget\" data-widget_type=\"image.default\">\n\t\t\t\t\t\t\t\t\t\t\t\t\t\t\t\t<a href=\"https:\/\/www.gwicgroup.com\/es\/proyectos\/barrio-de-sambizanga\/\">\n\t\t\t\t\t\t\t<img decoding=\"async\" src=\"https:\/\/www.gwicgroup.com\/wp-content\/uploads\/elementor\/thumbs\/Sambizanga-1-qx91qj5ooxzftphzq73ump67wcusd3g3t7torcsyy2.jpg\" title=\"Barrio de Sambizanga &#8211; GWIC \/ Proyectos\" alt=\"Barrio de Sambizanga - GWIC \/ Proyectos\" class=\"elementor-animation-grow\" loading=\"lazy\" \/>\t\t\t\t\t\t\t\t<\/a>\n\t\t\t\t\t\t\t\t\t\t\t\t\t\t\t<\/div>\n\t\t<div class=\"elementor-element elementor-element-1e7a7dd e-flex e-con-boxed wpr-particle-no wpr-jarallax-no wpr-parallax-no wpr-sticky-section-no wpr-equal-height-no e-con e-child\" data-id=\"1e7a7dd\" data-element_type=\"container\" data-e-type=\"container\" data-settings=\"{&quot;background_background&quot;:&quot;gradient&quot;}\">\n\t\t\t\t\t<div class=\"e-con-inner\">\n\t\t\t\t<div class=\"elementor-element elementor-element-e4360dd elementor-widget elementor-widget-heading\" data-id=\"e4360dd\" data-element_type=\"widget\" data-e-type=\"widget\" data-widget_type=\"heading.default\">\n\t\t\t\t\t<h2 class=\"elementor-heading-title elementor-size-default\">Barrio de Sambizanga<\/h2>\t\t\t\t<\/div>\n\t\t\t\t<div data-premium-element-link=\"{&quot;type&quot;:&quot;url&quot;,&quot;link&quot;:{&quot;url&quot;:&quot;https:\\\/\\\/www.gwicgroup.com\\\/es\\\/proyectos\\\/barrio-de-sambizanga\\\/&quot;,&quot;is_external&quot;:&quot;&quot;,&quot;nofollow&quot;:&quot;&quot;,&quot;custom_attributes&quot;:&quot;&quot;},&quot;href&quot;:&quot;https:\\\/\\\/www.gwicgroup.com\\\/es\\\/proyectos\\\/barrio-de-sambizanga\\\/&quot;}\" style=\"cursor: pointer\" class=\"elementor-element elementor-element-71e76f7 elementor-align-left premium-wrapper-link-yes elementor-widget elementor-widget-button\" data-id=\"71e76f7\" data-element_type=\"widget\" data-e-type=\"widget\" data-widget_type=\"button.default\">\n\t\t\t\t\t\t\t\t\t\t<a class=\"elementor-button elementor-button-link elementor-size-sm\" href=\"https:\/\/www.gwicgroup.com\/es\/proyectos\/barrio-de-sambizanga\/\">\n\t\t\t\t\t\t<span class=\"elementor-button-content-wrapper\">\n\t\t\t\t\t\t<span class=\"elementor-button-icon\">\n\t\t\t\t<i aria-hidden=\"true\" class=\"jki jki-arrow-right-solid\"><\/i>\t\t\t<\/span>\n\t\t\t\t\t\t\t\t\t<span class=\"elementor-button-text\">saber m\u00e1s<\/span>\n\t\t\t\t\t<\/span>\n\t\t\t\t\t<\/a>\n\t\t\t\t\t\t\t\t<\/div>\n\t\t\t\t\t<\/div>\n\t\t\t\t<\/div>\n\t\t\t\t\t<\/div>\n\t\t\t\t<\/div>\n\t\t\t\t<\/div>\n\t\t\t\t<div data-elementor-type=\"loop-item\" data-elementor-id=\"8256\" class=\"elementor elementor-8256 elementor-3464 elementor-3464 e-loop-item e-loop-item-10511 post-10511 projeto type-projeto status-publish has-post-thumbnail hentry category-edificios-es tag-costa-rica-es\" data-elementor-post-type=\"elementor_library\" data-custom-edit-handle=\"1\">\n\t\t\t<div class=\"elementor-element elementor-element-95ae623 e-flex e-con-boxed wpr-particle-no wpr-jarallax-no wpr-parallax-no wpr-sticky-section-no wpr-equal-height-no e-con e-parent\" data-id=\"95ae623\" data-element_type=\"container\" data-e-type=\"container\" data-settings=\"{&quot;animation&quot;:&quot;none&quot;}\">\n\t\t\t\t\t<div class=\"e-con-inner\">\n\t\t\t\t<div class=\"elementor-element elementor-element-b3675fd elementor-widget elementor-widget-image\" data-id=\"b3675fd\" data-element_type=\"widget\" data-e-type=\"widget\" data-widget_type=\"image.default\">\n\t\t\t\t\t\t\t\t\t\t\t\t\t\t\t\t<a href=\"https:\/\/www.gwicgroup.com\/es\/proyectos\/ferreteria-macaya\/\">\n\t\t\t\t\t\t\t<img decoding=\"async\" src=\"https:\/\/www.gwicgroup.com\/wp-content\/uploads\/elementor\/thumbs\/MAcAYA-1-qx91q1ar33azp47xmhdxtbogm1atauh7erfgn3jg8a.jpg\" title=\"Ferreter\u00eda Macaya &#8211; GWIC \/ Proyectos\" alt=\"Ferreter\u00eda Macaya - GWIC \/ Proyectos\" class=\"elementor-animation-grow\" loading=\"lazy\" \/>\t\t\t\t\t\t\t\t<\/a>\n\t\t\t\t\t\t\t\t\t\t\t\t\t\t\t<\/div>\n\t\t<div class=\"elementor-element elementor-element-1e7a7dd e-flex e-con-boxed wpr-particle-no wpr-jarallax-no wpr-parallax-no wpr-sticky-section-no wpr-equal-height-no e-con e-child\" data-id=\"1e7a7dd\" data-element_type=\"container\" data-e-type=\"container\" data-settings=\"{&quot;background_background&quot;:&quot;gradient&quot;}\">\n\t\t\t\t\t<div class=\"e-con-inner\">\n\t\t\t\t<div class=\"elementor-element elementor-element-e4360dd elementor-widget elementor-widget-heading\" data-id=\"e4360dd\" data-element_type=\"widget\" data-e-type=\"widget\" data-widget_type=\"heading.default\">\n\t\t\t\t\t<h2 class=\"elementor-heading-title elementor-size-default\">Ferreter\u00eda Macaya<\/h2>\t\t\t\t<\/div>\n\t\t\t\t<div data-premium-element-link=\"{&quot;type&quot;:&quot;url&quot;,&quot;link&quot;:{&quot;url&quot;:&quot;https:\\\/\\\/www.gwicgroup.com\\\/es\\\/proyectos\\\/ferreteria-macaya\\\/&quot;,&quot;is_external&quot;:&quot;&quot;,&quot;nofollow&quot;:&quot;&quot;,&quot;custom_attributes&quot;:&quot;&quot;},&quot;href&quot;:&quot;https:\\\/\\\/www.gwicgroup.com\\\/es\\\/proyectos\\\/ferreteria-macaya\\\/&quot;}\" style=\"cursor: pointer\" class=\"elementor-element elementor-element-71e76f7 elementor-align-left premium-wrapper-link-yes elementor-widget elementor-widget-button\" data-id=\"71e76f7\" data-element_type=\"widget\" data-e-type=\"widget\" data-widget_type=\"button.default\">\n\t\t\t\t\t\t\t\t\t\t<a class=\"elementor-button elementor-button-link elementor-size-sm\" href=\"https:\/\/www.gwicgroup.com\/es\/proyectos\/ferreteria-macaya\/\">\n\t\t\t\t\t\t<span class=\"elementor-button-content-wrapper\">\n\t\t\t\t\t\t<span class=\"elementor-button-icon\">\n\t\t\t\t<i aria-hidden=\"true\" class=\"jki jki-arrow-right-solid\"><\/i>\t\t\t<\/span>\n\t\t\t\t\t\t\t\t\t<span class=\"elementor-button-text\">saber m\u00e1s<\/span>\n\t\t\t\t\t<\/span>\n\t\t\t\t\t<\/a>\n\t\t\t\t\t\t\t\t<\/div>\n\t\t\t\t\t<\/div>\n\t\t\t\t<\/div>\n\t\t\t\t\t<\/div>\n\t\t\t\t<\/div>\n\t\t\t\t<\/div>\n\t\t\t\t<div data-elementor-type=\"loop-item\" data-elementor-id=\"8256\" class=\"elementor elementor-8256 elementor-3464 elementor-3464 e-loop-item e-loop-item-10647 post-10647 projeto type-projeto status-publish has-post-thumbnail hentry category-edificios-es tag-costa-rica-es\" data-elementor-post-type=\"elementor_library\" data-custom-edit-handle=\"1\">\n\t\t\t<div class=\"elementor-element elementor-element-95ae623 e-flex e-con-boxed wpr-particle-no wpr-jarallax-no wpr-parallax-no wpr-sticky-section-no wpr-equal-height-no e-con e-parent\" data-id=\"95ae623\" data-element_type=\"container\" data-e-type=\"container\" data-settings=\"{&quot;animation&quot;:&quot;none&quot;}\">\n\t\t\t\t\t<div class=\"e-con-inner\">\n\t\t\t\t<div class=\"elementor-element elementor-element-b3675fd elementor-widget elementor-widget-image\" data-id=\"b3675fd\" data-element_type=\"widget\" data-e-type=\"widget\" data-widget_type=\"image.default\">\n\t\t\t\t\t\t\t\t\t\t\t\t\t\t\t\t<a href=\"https:\/\/www.gwicgroup.com\/es\/proyectos\/parque-comercial-comercio-justo\/\">\n\t\t\t\t\t\t\t<img decoding=\"async\" src=\"https:\/\/www.gwicgroup.com\/wp-content\/uploads\/elementor\/thumbs\/Justo-Retail-2-qx91q1ar33azp47xmhdxtbogm1atauh7erfgn3jg8a.jpg\" title=\"Parque Comercial Comercio Justo &#8211; GWIC \/ Proyectos\" alt=\"Parque Comercial Comercio Justo - GWIC \/ Proyectos\" class=\"elementor-animation-grow\" loading=\"lazy\" \/>\t\t\t\t\t\t\t\t<\/a>\n\t\t\t\t\t\t\t\t\t\t\t\t\t\t\t<\/div>\n\t\t<div class=\"elementor-element elementor-element-1e7a7dd e-flex e-con-boxed wpr-particle-no wpr-jarallax-no wpr-parallax-no wpr-sticky-section-no wpr-equal-height-no e-con e-child\" data-id=\"1e7a7dd\" data-element_type=\"container\" data-e-type=\"container\" data-settings=\"{&quot;background_background&quot;:&quot;gradient&quot;}\">\n\t\t\t\t\t<div class=\"e-con-inner\">\n\t\t\t\t<div class=\"elementor-element elementor-element-e4360dd elementor-widget elementor-widget-heading\" data-id=\"e4360dd\" data-element_type=\"widget\" data-e-type=\"widget\" data-widget_type=\"heading.default\">\n\t\t\t\t\t<h2 class=\"elementor-heading-title elementor-size-default\">Parque Comercial Comercio Justo<\/h2>\t\t\t\t<\/div>\n\t\t\t\t<div data-premium-element-link=\"{&quot;type&quot;:&quot;url&quot;,&quot;link&quot;:{&quot;url&quot;:&quot;https:\\\/\\\/www.gwicgroup.com\\\/es\\\/proyectos\\\/parque-comercial-comercio-justo\\\/&quot;,&quot;is_external&quot;:&quot;&quot;,&quot;nofollow&quot;:&quot;&quot;,&quot;custom_attributes&quot;:&quot;&quot;},&quot;href&quot;:&quot;https:\\\/\\\/www.gwicgroup.com\\\/es\\\/proyectos\\\/parque-comercial-comercio-justo\\\/&quot;}\" style=\"cursor: pointer\" class=\"elementor-element elementor-element-71e76f7 elementor-align-left premium-wrapper-link-yes elementor-widget elementor-widget-button\" data-id=\"71e76f7\" data-element_type=\"widget\" data-e-type=\"widget\" data-widget_type=\"button.default\">\n\t\t\t\t\t\t\t\t\t\t<a class=\"elementor-button elementor-button-link elementor-size-sm\" href=\"https:\/\/www.gwicgroup.com\/es\/proyectos\/parque-comercial-comercio-justo\/\">\n\t\t\t\t\t\t<span class=\"elementor-button-content-wrapper\">\n\t\t\t\t\t\t<span class=\"elementor-button-icon\">\n\t\t\t\t<i aria-hidden=\"true\" class=\"jki jki-arrow-right-solid\"><\/i>\t\t\t<\/span>\n\t\t\t\t\t\t\t\t\t<span class=\"elementor-button-text\">saber m\u00e1s<\/span>\n\t\t\t\t\t<\/span>\n\t\t\t\t\t<\/a>\n\t\t\t\t\t\t\t\t<\/div>\n\t\t\t\t\t<\/div>\n\t\t\t\t<\/div>\n\t\t\t\t\t<\/div>\n\t\t\t\t<\/div>\n\t\t\t\t<\/div>\n\t\t\t\t<div data-elementor-type=\"loop-item\" data-elementor-id=\"8256\" class=\"elementor elementor-8256 elementor-3464 elementor-3464 e-loop-item e-loop-item-10564 post-10564 projeto type-projeto status-publish has-post-thumbnail hentry category-edificios-es tag-sao-tome-y-principe\" data-elementor-post-type=\"elementor_library\" data-custom-edit-handle=\"1\">\n\t\t\t<div class=\"elementor-element elementor-element-95ae623 e-flex e-con-boxed wpr-particle-no wpr-jarallax-no wpr-parallax-no wpr-sticky-section-no wpr-equal-height-no e-con e-parent\" data-id=\"95ae623\" data-element_type=\"container\" data-e-type=\"container\" data-settings=\"{&quot;animation&quot;:&quot;none&quot;}\">\n\t\t\t\t\t<div class=\"e-con-inner\">\n\t\t\t\t<div class=\"elementor-element elementor-element-b3675fd elementor-widget elementor-widget-image\" data-id=\"b3675fd\" data-element_type=\"widget\" data-e-type=\"widget\" data-widget_type=\"image.default\">\n\t\t\t\t\t\t\t\t\t\t\t\t\t\t\t\t<a href=\"https:\/\/www.gwicgroup.com\/es\/proyectos\/infraestructuras-de-apoyo-a-la-pesca\/\">\n\t\t\t\t\t\t\t<img decoding=\"async\" src=\"https:\/\/www.gwicgroup.com\/wp-content\/uploads\/elementor\/thumbs\/IApoioPesca-1-qx91qsk2lacb1t4c7b64bmstu7kgi2hf6icjk4f17u.jpg\" title=\"Infraestructuras de Apoyo a la Pesca &#8211; GWIC \/ Proyectos\" alt=\"Infraestructuras de Apoyo a la Pesca - GWIC \/ Proyectos\" class=\"elementor-animation-grow\" loading=\"lazy\" \/>\t\t\t\t\t\t\t\t<\/a>\n\t\t\t\t\t\t\t\t\t\t\t\t\t\t\t<\/div>\n\t\t<div class=\"elementor-element elementor-element-1e7a7dd e-flex e-con-boxed wpr-particle-no wpr-jarallax-no wpr-parallax-no wpr-sticky-section-no wpr-equal-height-no e-con e-child\" data-id=\"1e7a7dd\" data-element_type=\"container\" data-e-type=\"container\" data-settings=\"{&quot;background_background&quot;:&quot;gradient&quot;}\">\n\t\t\t\t\t<div class=\"e-con-inner\">\n\t\t\t\t<div class=\"elementor-element elementor-element-e4360dd elementor-widget elementor-widget-heading\" data-id=\"e4360dd\" data-element_type=\"widget\" data-e-type=\"widget\" data-widget_type=\"heading.default\">\n\t\t\t\t\t<h2 class=\"elementor-heading-title elementor-size-default\">Infraestructuras de Apoyo a la Pesca<\/h2>\t\t\t\t<\/div>\n\t\t\t\t<div data-premium-element-link=\"{&quot;type&quot;:&quot;url&quot;,&quot;link&quot;:{&quot;url&quot;:&quot;https:\\\/\\\/www.gwicgroup.com\\\/es\\\/proyectos\\\/infraestructuras-de-apoyo-a-la-pesca\\\/&quot;,&quot;is_external&quot;:&quot;&quot;,&quot;nofollow&quot;:&quot;&quot;,&quot;custom_attributes&quot;:&quot;&quot;},&quot;href&quot;:&quot;https:\\\/\\\/www.gwicgroup.com\\\/es\\\/proyectos\\\/infraestructuras-de-apoyo-a-la-pesca\\\/&quot;}\" style=\"cursor: pointer\" class=\"elementor-element elementor-element-71e76f7 elementor-align-left premium-wrapper-link-yes elementor-widget elementor-widget-button\" data-id=\"71e76f7\" data-element_type=\"widget\" data-e-type=\"widget\" data-widget_type=\"button.default\">\n\t\t\t\t\t\t\t\t\t\t<a class=\"elementor-button elementor-button-link elementor-size-sm\" href=\"https:\/\/www.gwicgroup.com\/es\/proyectos\/infraestructuras-de-apoyo-a-la-pesca\/\">\n\t\t\t\t\t\t<span class=\"elementor-button-content-wrapper\">\n\t\t\t\t\t\t<span class=\"elementor-button-icon\">\n\t\t\t\t<i aria-hidden=\"true\" class=\"jki jki-arrow-right-solid\"><\/i>\t\t\t<\/span>\n\t\t\t\t\t\t\t\t\t<span class=\"elementor-button-text\">saber m\u00e1s<\/span>\n\t\t\t\t\t<\/span>\n\t\t\t\t\t<\/a>\n\t\t\t\t\t\t\t\t<\/div>\n\t\t\t\t\t<\/div>\n\t\t\t\t<\/div>\n\t\t\t\t\t<\/div>\n\t\t\t\t<\/div>\n\t\t\t\t<\/div>\n\t\t\t\t<div data-elementor-type=\"loop-item\" data-elementor-id=\"8256\" class=\"elementor elementor-8256 elementor-3464 elementor-3464 e-loop-item e-loop-item-10464 post-10464 projeto type-projeto status-publish has-post-thumbnail hentry category-infraestructura tag-angola-es\" data-elementor-post-type=\"elementor_library\" data-custom-edit-handle=\"1\">\n\t\t\t<div class=\"elementor-element elementor-element-95ae623 e-flex e-con-boxed wpr-particle-no wpr-jarallax-no wpr-parallax-no wpr-sticky-section-no wpr-equal-height-no e-con e-parent\" data-id=\"95ae623\" data-element_type=\"container\" data-e-type=\"container\" data-settings=\"{&quot;animation&quot;:&quot;none&quot;}\">\n\t\t\t\t\t<div class=\"e-con-inner\">\n\t\t\t\t<div class=\"elementor-element elementor-element-b3675fd elementor-widget elementor-widget-image\" data-id=\"b3675fd\" data-element_type=\"widget\" data-e-type=\"widget\" data-widget_type=\"image.default\">\n\t\t\t\t\t\t\t\t\t\t\t\t\t\t\t\t<a href=\"https:\/\/www.gwicgroup.com\/es\/proyectos\/caminos-rurales-en-la-provincia-de-bie\/\">\n\t\t\t\t\t\t\t<img decoding=\"async\" src=\"https:\/\/www.gwicgroup.com\/wp-content\/uploads\/elementor\/thumbs\/Bridge-1-qx91qsk2lacb1t4c7b64bmstu7kgi2hf6icjk4f17u.jpg\" title=\"Caminos Rurales en la Provincia de Bi\u00e9 &#8211; GWIC \/ Proyectos\" alt=\"Caminos Rurales en la Provincia de Bi\u00e9 - GWIC \/ Proyectos\" class=\"elementor-animation-grow\" loading=\"lazy\" \/>\t\t\t\t\t\t\t\t<\/a>\n\t\t\t\t\t\t\t\t\t\t\t\t\t\t\t<\/div>\n\t\t<div class=\"elementor-element elementor-element-1e7a7dd e-flex e-con-boxed wpr-particle-no wpr-jarallax-no wpr-parallax-no wpr-sticky-section-no wpr-equal-height-no e-con e-child\" data-id=\"1e7a7dd\" data-element_type=\"container\" data-e-type=\"container\" data-settings=\"{&quot;background_background&quot;:&quot;gradient&quot;}\">\n\t\t\t\t\t<div class=\"e-con-inner\">\n\t\t\t\t<div class=\"elementor-element elementor-element-e4360dd elementor-widget elementor-widget-heading\" data-id=\"e4360dd\" data-element_type=\"widget\" data-e-type=\"widget\" data-widget_type=\"heading.default\">\n\t\t\t\t\t<h2 class=\"elementor-heading-title elementor-size-default\">Caminos Rurales en la Provincia de Bi\u00e9<\/h2>\t\t\t\t<\/div>\n\t\t\t\t<div data-premium-element-link=\"{&quot;type&quot;:&quot;url&quot;,&quot;link&quot;:{&quot;url&quot;:&quot;https:\\\/\\\/www.gwicgroup.com\\\/es\\\/proyectos\\\/caminos-rurales-en-la-provincia-de-bie\\\/&quot;,&quot;is_external&quot;:&quot;&quot;,&quot;nofollow&quot;:&quot;&quot;,&quot;custom_attributes&quot;:&quot;&quot;},&quot;href&quot;:&quot;https:\\\/\\\/www.gwicgroup.com\\\/es\\\/proyectos\\\/caminos-rurales-en-la-provincia-de-bie\\\/&quot;}\" style=\"cursor: pointer\" class=\"elementor-element elementor-element-71e76f7 elementor-align-left premium-wrapper-link-yes elementor-widget elementor-widget-button\" data-id=\"71e76f7\" data-element_type=\"widget\" data-e-type=\"widget\" data-widget_type=\"button.default\">\n\t\t\t\t\t\t\t\t\t\t<a class=\"elementor-button elementor-button-link elementor-size-sm\" href=\"https:\/\/www.gwicgroup.com\/es\/proyectos\/caminos-rurales-en-la-provincia-de-bie\/\">\n\t\t\t\t\t\t<span class=\"elementor-button-content-wrapper\">\n\t\t\t\t\t\t<span class=\"elementor-button-icon\">\n\t\t\t\t<i aria-hidden=\"true\" class=\"jki jki-arrow-right-solid\"><\/i>\t\t\t<\/span>\n\t\t\t\t\t\t\t\t\t<span class=\"elementor-button-text\">saber m\u00e1s<\/span>\n\t\t\t\t\t<\/span>\n\t\t\t\t\t<\/a>\n\t\t\t\t\t\t\t\t<\/div>\n\t\t\t\t\t<\/div>\n\t\t\t\t<\/div>\n\t\t\t\t\t<\/div>\n\t\t\t\t<\/div>\n\t\t\t\t<\/div>\n\t\t\t\t<div data-elementor-type=\"loop-item\" data-elementor-id=\"8256\" class=\"elementor elementor-8256 elementor-3464 elementor-3464 e-loop-item e-loop-item-8239 post-8239 projeto type-projeto status-publish has-post-thumbnail hentry category-edificios-es tag-costa-rica-es\" data-elementor-post-type=\"elementor_library\" data-custom-edit-handle=\"1\">\n\t\t\t<div class=\"elementor-element elementor-element-95ae623 e-flex e-con-boxed wpr-particle-no wpr-jarallax-no wpr-parallax-no wpr-sticky-section-no wpr-equal-height-no e-con e-parent\" data-id=\"95ae623\" data-element_type=\"container\" data-e-type=\"container\" data-settings=\"{&quot;animation&quot;:&quot;none&quot;}\">\n\t\t\t\t\t<div class=\"e-con-inner\">\n\t\t\t\t<div class=\"elementor-element elementor-element-b3675fd elementor-widget elementor-widget-image\" data-id=\"b3675fd\" data-element_type=\"widget\" data-e-type=\"widget\" data-widget_type=\"image.default\">\n\t\t\t\t\t\t\t\t\t\t\t\t\t\t\t\t<a href=\"https:\/\/www.gwicgroup.com\/es\/proyectos\/condominio-palace\/\">\n\t\t\t\t\t\t\t<img decoding=\"async\" src=\"https:\/\/www.gwicgroup.com\/wp-content\/uploads\/elementor\/thumbs\/Palacio-2-qx91qrm8egb0q75pcsrhr51d8tp3addoudp22ugfe2.jpg\" title=\"Condominio Palace &#8211; GWIC \/ Proyectos\" alt=\"Condominio Palace - GWIC \/ Proyectos\" class=\"elementor-animation-grow\" loading=\"lazy\" \/>\t\t\t\t\t\t\t\t<\/a>\n\t\t\t\t\t\t\t\t\t\t\t\t\t\t\t<\/div>\n\t\t<div class=\"elementor-element elementor-element-1e7a7dd e-flex e-con-boxed wpr-particle-no wpr-jarallax-no wpr-parallax-no wpr-sticky-section-no wpr-equal-height-no e-con e-child\" data-id=\"1e7a7dd\" data-element_type=\"container\" data-e-type=\"container\" data-settings=\"{&quot;background_background&quot;:&quot;gradient&quot;}\">\n\t\t\t\t\t<div class=\"e-con-inner\">\n\t\t\t\t<div class=\"elementor-element elementor-element-e4360dd elementor-widget elementor-widget-heading\" data-id=\"e4360dd\" data-element_type=\"widget\" data-e-type=\"widget\" data-widget_type=\"heading.default\">\n\t\t\t\t\t<h2 class=\"elementor-heading-title elementor-size-default\">Condominio Palace<\/h2>\t\t\t\t<\/div>\n\t\t\t\t<div data-premium-element-link=\"{&quot;type&quot;:&quot;url&quot;,&quot;link&quot;:{&quot;url&quot;:&quot;https:\\\/\\\/www.gwicgroup.com\\\/es\\\/proyectos\\\/condominio-palace\\\/&quot;,&quot;is_external&quot;:&quot;&quot;,&quot;nofollow&quot;:&quot;&quot;,&quot;custom_attributes&quot;:&quot;&quot;},&quot;href&quot;:&quot;https:\\\/\\\/www.gwicgroup.com\\\/es\\\/proyectos\\\/condominio-palace\\\/&quot;}\" style=\"cursor: pointer\" class=\"elementor-element elementor-element-71e76f7 elementor-align-left premium-wrapper-link-yes elementor-widget elementor-widget-button\" data-id=\"71e76f7\" data-element_type=\"widget\" data-e-type=\"widget\" data-widget_type=\"button.default\">\n\t\t\t\t\t\t\t\t\t\t<a class=\"elementor-button elementor-button-link elementor-size-sm\" href=\"https:\/\/www.gwicgroup.com\/es\/proyectos\/condominio-palace\/\">\n\t\t\t\t\t\t<span class=\"elementor-button-content-wrapper\">\n\t\t\t\t\t\t<span class=\"elementor-button-icon\">\n\t\t\t\t<i aria-hidden=\"true\" class=\"jki jki-arrow-right-solid\"><\/i>\t\t\t<\/span>\n\t\t\t\t\t\t\t\t\t<span class=\"elementor-button-text\">saber m\u00e1s<\/span>\n\t\t\t\t\t<\/span>\n\t\t\t\t\t<\/a>\n\t\t\t\t\t\t\t\t<\/div>\n\t\t\t\t\t<\/div>\n\t\t\t\t<\/div>\n\t\t\t\t\t<\/div>\n\t\t\t\t<\/div>\n\t\t\t\t<\/div>\n\t\t\t\t<div data-elementor-type=\"loop-item\" data-elementor-id=\"8256\" class=\"elementor elementor-8256 elementor-3464 elementor-3464 e-loop-item e-loop-item-7953 post-7953 projeto type-projeto status-publish has-post-thumbnail hentry category-infraestructura tag-angola-es\" data-elementor-post-type=\"elementor_library\" data-custom-edit-handle=\"1\">\n\t\t\t<div class=\"elementor-element elementor-element-95ae623 e-flex e-con-boxed wpr-particle-no wpr-jarallax-no wpr-parallax-no wpr-sticky-section-no wpr-equal-height-no e-con e-parent\" data-id=\"95ae623\" data-element_type=\"container\" data-e-type=\"container\" data-settings=\"{&quot;animation&quot;:&quot;none&quot;}\">\n\t\t\t\t\t<div class=\"e-con-inner\">\n\t\t\t\t<div class=\"elementor-element elementor-element-b3675fd elementor-widget elementor-widget-image\" data-id=\"b3675fd\" data-element_type=\"widget\" data-e-type=\"widget\" data-widget_type=\"image.default\">\n\t\t\t\t\t\t\t\t\t\t\t\t\t\t\t\t<a href=\"https:\/\/www.gwicgroup.com\/es\/proyectos\/centro-de-desarrollo-malembo\/\">\n\t\t\t\t\t\t\t<img decoding=\"async\" src=\"https:\/\/www.gwicgroup.com\/wp-content\/uploads\/elementor\/thumbs\/MALEMBO-1-qx91q36fgrdkcc57bi76yb7dst1jq8oo30qflngnvu.jpg\" title=\"Centro de Desarrollo Malembo &#8211; GWIC \/ Proyectos\" alt=\"Centro de Desarrollo Malembo - GWIC \/ Proyectos\" class=\"elementor-animation-grow\" loading=\"lazy\" \/>\t\t\t\t\t\t\t\t<\/a>\n\t\t\t\t\t\t\t\t\t\t\t\t\t\t\t<\/div>\n\t\t<div class=\"elementor-element elementor-element-1e7a7dd e-flex e-con-boxed wpr-particle-no wpr-jarallax-no wpr-parallax-no wpr-sticky-section-no wpr-equal-height-no e-con e-child\" data-id=\"1e7a7dd\" data-element_type=\"container\" data-e-type=\"container\" data-settings=\"{&quot;background_background&quot;:&quot;gradient&quot;}\">\n\t\t\t\t\t<div class=\"e-con-inner\">\n\t\t\t\t<div class=\"elementor-element elementor-element-e4360dd elementor-widget elementor-widget-heading\" data-id=\"e4360dd\" data-element_type=\"widget\" data-e-type=\"widget\" data-widget_type=\"heading.default\">\n\t\t\t\t\t<h2 class=\"elementor-heading-title elementor-size-default\">Centro de Desarrollo Malembo<\/h2>\t\t\t\t<\/div>\n\t\t\t\t<div data-premium-element-link=\"{&quot;type&quot;:&quot;url&quot;,&quot;link&quot;:{&quot;url&quot;:&quot;https:\\\/\\\/www.gwicgroup.com\\\/es\\\/proyectos\\\/centro-de-desarrollo-malembo\\\/&quot;,&quot;is_external&quot;:&quot;&quot;,&quot;nofollow&quot;:&quot;&quot;,&quot;custom_attributes&quot;:&quot;&quot;},&quot;href&quot;:&quot;https:\\\/\\\/www.gwicgroup.com\\\/es\\\/proyectos\\\/centro-de-desarrollo-malembo\\\/&quot;}\" style=\"cursor: pointer\" class=\"elementor-element elementor-element-71e76f7 elementor-align-left premium-wrapper-link-yes elementor-widget elementor-widget-button\" data-id=\"71e76f7\" data-element_type=\"widget\" data-e-type=\"widget\" data-widget_type=\"button.default\">\n\t\t\t\t\t\t\t\t\t\t<a class=\"elementor-button elementor-button-link elementor-size-sm\" href=\"https:\/\/www.gwicgroup.com\/es\/proyectos\/centro-de-desarrollo-malembo\/\">\n\t\t\t\t\t\t<span class=\"elementor-button-content-wrapper\">\n\t\t\t\t\t\t<span class=\"elementor-button-icon\">\n\t\t\t\t<i aria-hidden=\"true\" class=\"jki jki-arrow-right-solid\"><\/i>\t\t\t<\/span>\n\t\t\t\t\t\t\t\t\t<span class=\"elementor-button-text\">saber m\u00e1s<\/span>\n\t\t\t\t\t<\/span>\n\t\t\t\t\t<\/a>\n\t\t\t\t\t\t\t\t<\/div>\n\t\t\t\t\t<\/div>\n\t\t\t\t<\/div>\n\t\t\t\t\t<\/div>\n\t\t\t\t<\/div>\n\t\t\t\t<\/div>\n\t\t\t\t<div data-elementor-type=\"loop-item\" data-elementor-id=\"8256\" class=\"elementor elementor-8256 elementor-3464 elementor-3464 e-loop-item e-loop-item-10754 post-10754 projeto type-projeto status-publish has-post-thumbnail hentry category-edificios-es tag-mozambique-es\" data-elementor-post-type=\"elementor_library\" data-custom-edit-handle=\"1\">\n\t\t\t<div class=\"elementor-element elementor-element-95ae623 e-flex e-con-boxed wpr-particle-no wpr-jarallax-no wpr-parallax-no wpr-sticky-section-no wpr-equal-height-no e-con e-parent\" data-id=\"95ae623\" data-element_type=\"container\" data-e-type=\"container\" data-settings=\"{&quot;animation&quot;:&quot;none&quot;}\">\n\t\t\t\t\t<div class=\"e-con-inner\">\n\t\t\t\t<div class=\"elementor-element elementor-element-b3675fd elementor-widget elementor-widget-image\" data-id=\"b3675fd\" data-element_type=\"widget\" data-e-type=\"widget\" data-widget_type=\"image.default\">\n\t\t\t\t\t\t\t\t\t\t\t\t\t\t\t\t<a href=\"https:\/\/www.gwicgroup.com\/es\/proyectos\/torres-de-maputo\/\">\n\t\t\t\t\t\t\t<img decoding=\"async\" src=\"https:\/\/www.gwicgroup.com\/wp-content\/uploads\/elementor\/thumbs\/MAPUTO-2-qx91q36fgrdkcc57bi76yb7dst1jq8oo30qflngnvu.jpg\" title=\"Torres Maputo &#8211; GWIC \/ Proyectos\" alt=\"Torres Maputo - GWIC \/ Proyectos\" class=\"elementor-animation-grow\" loading=\"lazy\" \/>\t\t\t\t\t\t\t\t<\/a>\n\t\t\t\t\t\t\t\t\t\t\t\t\t\t\t<\/div>\n\t\t<div class=\"elementor-element elementor-element-1e7a7dd e-flex e-con-boxed wpr-particle-no wpr-jarallax-no wpr-parallax-no wpr-sticky-section-no wpr-equal-height-no e-con e-child\" data-id=\"1e7a7dd\" data-element_type=\"container\" data-e-type=\"container\" data-settings=\"{&quot;background_background&quot;:&quot;gradient&quot;}\">\n\t\t\t\t\t<div class=\"e-con-inner\">\n\t\t\t\t<div class=\"elementor-element elementor-element-e4360dd elementor-widget elementor-widget-heading\" data-id=\"e4360dd\" data-element_type=\"widget\" data-e-type=\"widget\" data-widget_type=\"heading.default\">\n\t\t\t\t\t<h2 class=\"elementor-heading-title elementor-size-default\">Torres de Maputo<\/h2>\t\t\t\t<\/div>\n\t\t\t\t<div data-premium-element-link=\"{&quot;type&quot;:&quot;url&quot;,&quot;link&quot;:{&quot;url&quot;:&quot;https:\\\/\\\/www.gwicgroup.com\\\/es\\\/proyectos\\\/torres-de-maputo\\\/&quot;,&quot;is_external&quot;:&quot;&quot;,&quot;nofollow&quot;:&quot;&quot;,&quot;custom_attributes&quot;:&quot;&quot;},&quot;href&quot;:&quot;https:\\\/\\\/www.gwicgroup.com\\\/es\\\/proyectos\\\/torres-de-maputo\\\/&quot;}\" style=\"cursor: pointer\" class=\"elementor-element elementor-element-71e76f7 elementor-align-left premium-wrapper-link-yes elementor-widget elementor-widget-button\" data-id=\"71e76f7\" data-element_type=\"widget\" data-e-type=\"widget\" data-widget_type=\"button.default\">\n\t\t\t\t\t\t\t\t\t\t<a class=\"elementor-button elementor-button-link elementor-size-sm\" href=\"https:\/\/www.gwicgroup.com\/es\/proyectos\/torres-de-maputo\/\">\n\t\t\t\t\t\t<span class=\"elementor-button-content-wrapper\">\n\t\t\t\t\t\t<span class=\"elementor-button-icon\">\n\t\t\t\t<i aria-hidden=\"true\" class=\"jki jki-arrow-right-solid\"><\/i>\t\t\t<\/span>\n\t\t\t\t\t\t\t\t\t<span class=\"elementor-button-text\">saber m\u00e1s<\/span>\n\t\t\t\t\t<\/span>\n\t\t\t\t\t<\/a>\n\t\t\t\t\t\t\t\t<\/div>\n\t\t\t\t\t<\/div>\n\t\t\t\t<\/div>\n\t\t\t\t\t<\/div>\n\t\t\t\t<\/div>\n\t\t\t\t<\/div>\n\t\t\t\t<div data-elementor-type=\"loop-item\" data-elementor-id=\"8256\" class=\"elementor elementor-8256 elementor-3464 elementor-3464 e-loop-item e-loop-item-10761 post-10761 projeto type-projeto status-publish has-post-thumbnail hentry category-edificios-es tag-portugal-es\" data-elementor-post-type=\"elementor_library\" data-custom-edit-handle=\"1\">\n\t\t\t<div class=\"elementor-element elementor-element-95ae623 e-flex e-con-boxed wpr-particle-no wpr-jarallax-no wpr-parallax-no wpr-sticky-section-no wpr-equal-height-no e-con e-parent\" data-id=\"95ae623\" data-element_type=\"container\" data-e-type=\"container\" data-settings=\"{&quot;animation&quot;:&quot;none&quot;}\">\n\t\t\t\t\t<div class=\"e-con-inner\">\n\t\t\t\t<div class=\"elementor-element elementor-element-b3675fd elementor-widget elementor-widget-image\" data-id=\"b3675fd\" data-element_type=\"widget\" data-e-type=\"widget\" data-widget_type=\"image.default\">\n\t\t\t\t\t\t\t\t\t\t\t\t\t\t\t\t<a href=\"https:\/\/www.gwicgroup.com\/es\/proyectos\/unidad-de-cuidados-intensivos\/\">\n\t\t\t\t\t\t\t<img decoding=\"async\" src=\"https:\/\/www.gwicgroup.com\/wp-content\/uploads\/elementor\/thumbs\/UCC-qx91q28l9xca0q6kgzskdtfx7f66ijkxqw2y4di222.jpg\" title=\"Unidad de Cuidados Intensivos &#8211; GWIC \/ Proyectos\" alt=\"Unidad de Cuidados Intensivos - GWIC \/ Proyectos\" class=\"elementor-animation-grow\" loading=\"lazy\" \/>\t\t\t\t\t\t\t\t<\/a>\n\t\t\t\t\t\t\t\t\t\t\t\t\t\t\t<\/div>\n\t\t<div class=\"elementor-element elementor-element-1e7a7dd e-flex e-con-boxed wpr-particle-no wpr-jarallax-no wpr-parallax-no wpr-sticky-section-no wpr-equal-height-no e-con e-child\" data-id=\"1e7a7dd\" data-element_type=\"container\" data-e-type=\"container\" data-settings=\"{&quot;background_background&quot;:&quot;gradient&quot;}\">\n\t\t\t\t\t<div class=\"e-con-inner\">\n\t\t\t\t<div class=\"elementor-element elementor-element-e4360dd elementor-widget elementor-widget-heading\" data-id=\"e4360dd\" data-element_type=\"widget\" data-e-type=\"widget\" data-widget_type=\"heading.default\">\n\t\t\t\t\t<h2 class=\"elementor-heading-title elementor-size-default\">Unidad de Cuidados Intensivos<\/h2>\t\t\t\t<\/div>\n\t\t\t\t<div data-premium-element-link=\"{&quot;type&quot;:&quot;url&quot;,&quot;link&quot;:{&quot;url&quot;:&quot;https:\\\/\\\/www.gwicgroup.com\\\/es\\\/proyectos\\\/unidad-de-cuidados-intensivos\\\/&quot;,&quot;is_external&quot;:&quot;&quot;,&quot;nofollow&quot;:&quot;&quot;,&quot;custom_attributes&quot;:&quot;&quot;},&quot;href&quot;:&quot;https:\\\/\\\/www.gwicgroup.com\\\/es\\\/proyectos\\\/unidad-de-cuidados-intensivos\\\/&quot;}\" style=\"cursor: pointer\" class=\"elementor-element elementor-element-71e76f7 elementor-align-left premium-wrapper-link-yes elementor-widget elementor-widget-button\" data-id=\"71e76f7\" data-element_type=\"widget\" data-e-type=\"widget\" data-widget_type=\"button.default\">\n\t\t\t\t\t\t\t\t\t\t<a class=\"elementor-button elementor-button-link elementor-size-sm\" href=\"https:\/\/www.gwicgroup.com\/es\/proyectos\/unidad-de-cuidados-intensivos\/\">\n\t\t\t\t\t\t<span class=\"elementor-button-content-wrapper\">\n\t\t\t\t\t\t<span class=\"elementor-button-icon\">\n\t\t\t\t<i aria-hidden=\"true\" class=\"jki jki-arrow-right-solid\"><\/i>\t\t\t<\/span>\n\t\t\t\t\t\t\t\t\t<span class=\"elementor-button-text\">saber m\u00e1s<\/span>\n\t\t\t\t\t<\/span>\n\t\t\t\t\t<\/a>\n\t\t\t\t\t\t\t\t<\/div>\n\t\t\t\t\t<\/div>\n\t\t\t\t<\/div>\n\t\t\t\t\t<\/div>\n\t\t\t\t<\/div>\n\t\t\t\t<\/div>\n\t\t\t\t<div data-elementor-type=\"loop-item\" data-elementor-id=\"8256\" class=\"elementor elementor-8256 elementor-3464 elementor-3464 e-loop-item e-loop-item-10629 post-10629 projeto type-projeto status-publish has-post-thumbnail hentry category-edificios-es tag-angola-es\" data-elementor-post-type=\"elementor_library\" data-custom-edit-handle=\"1\">\n\t\t\t<div class=\"elementor-element elementor-element-95ae623 e-flex e-con-boxed wpr-particle-no wpr-jarallax-no wpr-parallax-no wpr-sticky-section-no wpr-equal-height-no e-con e-parent\" data-id=\"95ae623\" data-element_type=\"container\" data-e-type=\"container\" data-settings=\"{&quot;animation&quot;:&quot;none&quot;}\">\n\t\t\t\t\t<div class=\"e-con-inner\">\n\t\t\t\t<div class=\"elementor-element elementor-element-b3675fd elementor-widget elementor-widget-image\" data-id=\"b3675fd\" data-element_type=\"widget\" data-e-type=\"widget\" data-widget_type=\"image.default\">\n\t\t\t\t\t\t\t\t\t\t\t\t\t\t\t\t<a href=\"https:\/\/www.gwicgroup.com\/es\/proyectos\/nueva-basilica-de-muxima\/\">\n\t\t\t\t\t\t\t<img decoding=\"async\" src=\"https:\/\/www.gwicgroup.com\/wp-content\/uploads\/elementor\/thumbs\/MUXIMA-BASILICA-2-qx91q36fgrdkcc57bi76yb7dst1jq8oo30qflngnvu.jpg\" title=\"Nueva Bas\u00edlica de Muxima &#8211; GWIC \/ Proyectos\" alt=\"Nueva Bas\u00edlica de Muxima - GWIC \/ Proyectos\" class=\"elementor-animation-grow\" loading=\"lazy\" \/>\t\t\t\t\t\t\t\t<\/a>\n\t\t\t\t\t\t\t\t\t\t\t\t\t\t\t<\/div>\n\t\t<div class=\"elementor-element elementor-element-1e7a7dd e-flex e-con-boxed wpr-particle-no wpr-jarallax-no wpr-parallax-no wpr-sticky-section-no wpr-equal-height-no e-con e-child\" data-id=\"1e7a7dd\" data-element_type=\"container\" data-e-type=\"container\" data-settings=\"{&quot;background_background&quot;:&quot;gradient&quot;}\">\n\t\t\t\t\t<div class=\"e-con-inner\">\n\t\t\t\t<div class=\"elementor-element elementor-element-e4360dd elementor-widget elementor-widget-heading\" data-id=\"e4360dd\" data-element_type=\"widget\" data-e-type=\"widget\" data-widget_type=\"heading.default\">\n\t\t\t\t\t<h2 class=\"elementor-heading-title elementor-size-default\">Nueva Bas\u00edlica de Muxima<\/h2>\t\t\t\t<\/div>\n\t\t\t\t<div data-premium-element-link=\"{&quot;type&quot;:&quot;url&quot;,&quot;link&quot;:{&quot;url&quot;:&quot;https:\\\/\\\/www.gwicgroup.com\\\/es\\\/proyectos\\\/nueva-basilica-de-muxima\\\/&quot;,&quot;is_external&quot;:&quot;&quot;,&quot;nofollow&quot;:&quot;&quot;,&quot;custom_attributes&quot;:&quot;&quot;},&quot;href&quot;:&quot;https:\\\/\\\/www.gwicgroup.com\\\/es\\\/proyectos\\\/nueva-basilica-de-muxima\\\/&quot;}\" style=\"cursor: pointer\" class=\"elementor-element elementor-element-71e76f7 elementor-align-left premium-wrapper-link-yes elementor-widget elementor-widget-button\" data-id=\"71e76f7\" data-element_type=\"widget\" data-e-type=\"widget\" data-widget_type=\"button.default\">\n\t\t\t\t\t\t\t\t\t\t<a class=\"elementor-button elementor-button-link elementor-size-sm\" href=\"https:\/\/www.gwicgroup.com\/es\/proyectos\/nueva-basilica-de-muxima\/\">\n\t\t\t\t\t\t<span class=\"elementor-button-content-wrapper\">\n\t\t\t\t\t\t<span class=\"elementor-button-icon\">\n\t\t\t\t<i aria-hidden=\"true\" class=\"jki jki-arrow-right-solid\"><\/i>\t\t\t<\/span>\n\t\t\t\t\t\t\t\t\t<span class=\"elementor-button-text\">saber m\u00e1s<\/span>\n\t\t\t\t\t<\/span>\n\t\t\t\t\t<\/a>\n\t\t\t\t\t\t\t\t<\/div>\n\t\t\t\t\t<\/div>\n\t\t\t\t<\/div>\n\t\t\t\t\t<\/div>\n\t\t\t\t<\/div>\n\t\t\t\t<\/div>\n\t\t\t\t<\/div>\n\t\t\n\t\t\t\t\t\t<\/div>\n\t\t\t\t<\/div>\n\t\t\t\t<\/div>\n\t\t\t\t<\/div>\n\t\t","protected":false},"excerpt":{"rendered":"<p>Edificios Infraestructura Todos Angola Argelia Brasil Costa Rica Ecuador Mozambique Portugal S\u00e3o Tom\u00e9 y Pr\u00edncipe<\/p>\n","protected":false},"author":1,"featured_media":8241,"parent":0,"menu_order":3,"comment_status":"closed","ping_status":"closed","template":"","meta":{"_acf_changed":false,"footnotes":""},"categories":[],"class_list":["post-11265","page","type-page","status-publish","has-post-thumbnail","hentry"],"acf":[],"_links":{"self":[{"href":"https:\/\/www.gwicgroup.com\/es\/wp-json\/wp\/v2\/pages\/11265","targetHints":{"allow":["GET"]}}],"collection":[{"href":"https:\/\/www.gwicgroup.com\/es\/wp-json\/wp\/v2\/pages"}],"about":[{"href":"https:\/\/www.gwicgroup.com\/es\/wp-json\/wp\/v2\/types\/page"}],"author":[{"embeddable":true,"href":"https:\/\/www.gwicgroup.com\/es\/wp-json\/wp\/v2\/users\/1"}],"replies":[{"embeddable":true,"href":"https:\/\/www.gwicgroup.com\/es\/wp-json\/wp\/v2\/comments?post=11265"}],"version-history":[{"count":4,"href":"https:\/\/www.gwicgroup.com\/es\/wp-json\/wp\/v2\/pages\/11265\/revisions"}],"predecessor-version":[{"id":11360,"href":"https:\/\/www.gwicgroup.com\/es\/wp-json\/wp\/v2\/pages\/11265\/revisions\/11360"}],"wp:featuredmedia":[{"embeddable":true,"href":"https:\/\/www.gwicgroup.com\/es\/wp-json\/wp\/v2\/media\/8241"}],"wp:attachment":[{"href":"https:\/\/www.gwicgroup.com\/es\/wp-json\/wp\/v2\/media?parent=11265"}],"wp:term":[{"taxonomy":"category","embeddable":true,"href":"https:\/\/www.gwicgroup.com\/es\/wp-json\/wp\/v2\/categories?post=11265"}],"curies":[{"name":"wp","href":"https:\/\/api.w.org\/{rel}","templated":true}]}}